{"id":11521,"date":"2021-04-20T18:27:36","date_gmt":"2021-04-20T16:27:36","guid":{"rendered":"https:\/\/secondsouffle.co\/?page_id=11521"},"modified":"2021-08-05T09:40:25","modified_gmt":"2021-08-05T07:40:25","slug":"deco-tendance","status":"publish","type":"page","link":"https:\/\/secondsouffle.co\/index.php\/deco-tendance\/","title":{"rendered":"D\u00e9co et tendance"},"content":{"rendered":"\t\t<div data-elementor-type=\"wp-page\" data-elementor-id=\"11521\" class=\"elementor elementor-11521\" data-elementor-settings=\"{&quot;ha_cmc_init_switcher&quot;:&quot;no&quot;}\" data-elementor-post-type=\"page\">\n\t\t\t\t\t\t<section class=\"elementor-section elementor-top-section elementor-element elementor-element-2099032 elementor-section-content-middle elementor-section-boxed elementor-section-height-default elementor-section-height-default\" data-id=\"2099032\" data-element_type=\"section\" data-e-type=\"section\" data-settings=\"{&quot;background_background&quot;:&quot;gradient&quot;,&quot;_ha_eqh_enable&quot;:false}\">\n\t\t\t\t\t\t<div class=\"elementor-container elementor-column-gap-no\">\n\t\t\t\t\t<div class=\"elementor-column elementor-col-100 elementor-top-column elementor-element elementor-element-e6d47f2\" data-id=\"e6d47f2\" data-element_type=\"column\" data-e-type=\"column\">\n\t\t\t<div class=\"elementor-widget-wrap elementor-element-populated\">\n\t\t\t\t\t\t<div class=\"elementor-element elementor-element-54df924 elementor-headline--style-rotate ha-has-bg-overlay elementor-widget elementor-widget-animated-headline\" data-id=\"54df924\" data-element_type=\"widget\" data-e-type=\"widget\" data-settings=\"{&quot;headline_style&quot;:&quot;rotate&quot;,&quot;animation_type&quot;:&quot;typing&quot;,&quot;loop&quot;:&quot;yes&quot;,&quot;rotate_iteration_delay&quot;:2500}\" data-widget_type=\"animated-headline.default\">\n\t\t\t\t<div class=\"elementor-widget-container\">\n\t\t\t\t\t\t\t<h1 class=\"elementor-headline elementor-headline-animation-type-typing elementor-headline-letters\">\n\t\t\t\t\t<span class=\"elementor-headline-plain-text elementor-headline-text-wrapper\">Nos inspirations d\u00e9co &amp; tendances<\/span>\n\t\t\t\t<span class=\"elementor-headline-dynamic-wrapper elementor-headline-text-wrapper\">\n\t\t\t\t<\/span>\n\t\t\t\t<\/h1>\n\t\t\t\t\t\t<\/div>\n\t\t\t\t<\/div>\n\t\t\t\t<div class=\"elementor-element elementor-element-2f2a803 elementor-widget elementor-widget-text-editor\" data-id=\"2f2a803\" data-element_type=\"widget\" data-e-type=\"widget\" data-widget_type=\"text-editor.default\">\n\t\t\t\t<div class=\"elementor-widget-container\">\n\t\t\t\t\t\t\t\t\t<p>Nouveaut\u00e9s, tendances et inspirations\u2026 Retrouvez toute l\u2019actualit\u00e9 sur l\u2019am\u00e9nagement int\u00e9rieur !<\/p>\t\t\t\t\t\t\t\t<\/div>\n\t\t\t\t<\/div>\n\t\t\t\t\t<\/div>\n\t\t<\/div>\n\t\t\t\t\t<\/div>\n\t\t<\/section>\n\t\t\t\t<section class=\"elementor-section elementor-top-section elementor-element elementor-element-6f966d3 elementor-section-boxed elementor-section-height-default elementor-section-height-default\" data-id=\"6f966d3\" data-element_type=\"section\" data-e-type=\"section\" data-settings=\"{&quot;_ha_eqh_enable&quot;:false}\">\n\t\t\t\t\t\t<div class=\"elementor-container elementor-column-gap-default\">\n\t\t\t\t\t<div class=\"elementor-column elementor-col-100 elementor-top-column elementor-element elementor-element-6609a47\" data-id=\"6609a47\" data-element_type=\"column\" data-e-type=\"column\">\n\t\t\t<div class=\"elementor-widget-wrap elementor-element-populated\">\n\t\t\t\t\t\t<div class=\"elementor-element elementor-element-10b4461 elementor-search-form--icon-arrow elementor-search-form--skin-classic elementor-search-form--button-type-icon elementor-widget elementor-widget-search-form\" data-id=\"10b4461\" data-element_type=\"widget\" data-e-type=\"widget\" data-settings=\"{&quot;skin&quot;:&quot;classic&quot;}\" data-widget_type=\"search-form.default\">\n\t\t\t\t<div class=\"elementor-widget-container\">\n\t\t\t\t\t\t\t<search role=\"search\">\n\t\t\t<form class=\"elementor-search-form\" action=\"https:\/\/secondsouffle.co\" method=\"get\">\n\t\t\t\t\t\t\t\t\t\t\t\t<div class=\"elementor-search-form__container\">\n\t\t\t\t\t<label class=\"elementor-screen-only\" for=\"elementor-search-form-10b4461\">Rechercher <\/label>\n\n\t\t\t\t\t\n\t\t\t\t\t<input id=\"elementor-search-form-10b4461\" placeholder=\"Rechercher ...\" class=\"elementor-search-form__input\" type=\"search\" name=\"s\" value=\"\">\n\t\t\t\t\t\n\t\t\t\t\t\t\t\t\t\t\t<button class=\"elementor-search-form__submit\" type=\"submit\" aria-label=\"Rechercher \">\n\t\t\t\t\t\t\t\t\t\t\t\t\t\t\t<div class=\"e-font-icon-svg-container\"><svg class=\"fa fa-arrow-right e-font-icon-svg e-fas-arrow-right\" viewBox=\"0 0 448 512\" xmlns=\"http:\/\/www.w3.org\/2000\/svg\"><path d=\"M190.5 66.9l22.2-22.2c9.4-9.4 24.6-9.4 33.9 0L441 239c9.4 9.4 9.4 24.6 0 33.9L246.6 467.3c-9.4 9.4-24.6 9.4-33.9 0l-22.2-22.2c-9.5-9.5-9.3-25 .4-34.3L311.4 296H24c-13.3 0-24-10.7-24-24v-32c0-13.3 10.7-24 24-24h287.4L190.9 101.2c-9.8-9.3-10-24.8-.4-34.3z\"><\/path><\/svg><\/div>\t\t\t\t\t\t\t\t\t\t\t\t\t<\/button>\n\t\t\t\t\t\n\t\t\t\t\t\t\t\t\t<\/div>\n\t\t\t<\/form>\n\t\t<\/search>\n\t\t\t\t\t\t<\/div>\n\t\t\t\t<\/div>\n\t\t\t\t<div class=\"elementor-element elementor-element-4759229 elementor-grid-3 elementor-grid-tablet-2 elementor-grid-mobile-1 elementor-posts--thumbnail-top elementor-card-shadow-yes elementor-posts__hover-gradient elementor-widget elementor-widget-posts\" data-id=\"4759229\" data-element_type=\"widget\" data-e-type=\"widget\" data-settings=\"{&quot;pagination_type&quot;:&quot;numbers_and_prev_next&quot;,&quot;cards_columns&quot;:&quot;3&quot;,&quot;cards_columns_tablet&quot;:&quot;2&quot;,&quot;cards_columns_mobile&quot;:&quot;1&quot;,&quot;cards_row_gap&quot;:{&quot;unit&quot;:&quot;px&quot;,&quot;size&quot;:35,&quot;sizes&quot;:[]},&quot;cards_row_gap_tablet&quot;:{&quot;unit&quot;:&quot;px&quot;,&quot;size&quot;:&quot;&quot;,&quot;sizes&quot;:[]},&quot;cards_row_gap_mobile&quot;:{&quot;unit&quot;:&quot;px&quot;,&quot;size&quot;:&quot;&quot;,&quot;sizes&quot;:[]}}\" data-widget_type=\"posts.cards\">\n\t\t\t\t<div class=\"elementor-widget-container\">\n\t\t\t\t\t\t\t<div class=\"elementor-posts-container elementor-posts elementor-posts--skin-cards elementor-grid\" role=\"list\">\n\t\t\t\t<article class=\"elementor-post elementor-grid-item post-17126 post type-post status-publish format-standard has-post-thumbnail hentry category-deco-et-tendance\" role=\"listitem\">\n\t\t\t<div class=\"elementor-post__card\">\n\t\t\t\t<a class=\"elementor-post__thumbnail__link\" href=\"https:\/\/secondsouffle.co\/index.php\/2023\/08\/07\/le-design-recycle-un-second-souffle-pour-lindustrie-du-design\/\" tabindex=\"-1\" target=\"_blank\"><div class=\"elementor-post__thumbnail\"><img fetchpriority=\"high\" decoding=\"async\" width=\"768\" height=\"512\" src=\"https:\/\/secondsouffle.co\/wp-content\/uploads\/2023\/08\/DESIGN-RECYCLE-768x512.jpg\" class=\"attachment-medium_large size-medium_large wp-image-17127\" alt=\"\" srcset=\"https:\/\/secondsouffle.co\/wp-content\/uploads\/2023\/08\/DESIGN-RECYCLE-768x512.jpg 768w, https:\/\/secondsouffle.co\/wp-content\/uploads\/2023\/08\/DESIGN-RECYCLE-300x200.jpg 300w, https:\/\/secondsouffle.co\/wp-content\/uploads\/2023\/08\/DESIGN-RECYCLE-1024x683.jpg 1024w, https:\/\/secondsouffle.co\/wp-content\/uploads\/2023\/08\/DESIGN-RECYCLE-1536x1024.jpg 1536w, https:\/\/secondsouffle.co\/wp-content\/uploads\/2023\/08\/DESIGN-RECYCLE-2048x1365.jpg 2048w\" sizes=\"(max-width: 768px) 100vw, 768px\" \/><\/div><\/a>\n\t\t\t\t<div class=\"elementor-post__badge\">D\u00e9co et tendance<\/div>\n\t\t\t\t<div class=\"elementor-post__text\">\n\t\t\t\t<h3 class=\"elementor-post__title\">\n\t\t\t<a href=\"https:\/\/secondsouffle.co\/index.php\/2023\/08\/07\/le-design-recycle-un-second-souffle-pour-lindustrie-du-design\/\" target=&quot;_blank&quot;>\n\t\t\t\tLe Design Recycl\u00e9 : Un Second Souffle pour l&rsquo;Industrie du Design\t\t\t<\/a>\n\t\t<\/h3>\n\t\t\t\t<div class=\"elementor-post__excerpt\">\n\t\t\t<p>Dans cet article, nous explorerons l&rsquo;art du design recycl\u00e9, ses avantages et comment il est en train de r\u00e9volutionner l&rsquo;industrie du design.<\/p>\n\t\t<\/div>\n\t\t\n\t\t<a class=\"elementor-post__read-more\" href=\"https:\/\/secondsouffle.co\/index.php\/2023\/08\/07\/le-design-recycle-un-second-souffle-pour-lindustrie-du-design\/\" aria-label=\"En savoir plus sur Le Design Recycl\u00e9 : Un Second Souffle pour l&rsquo;Industrie du Design\" tabindex=\"-1\" target=\"_blank\">\n\t\t\tLire plus \u00bb\t\t<\/a>\n\n\t\t\t\t<\/div>\n\t\t\t\t<div class=\"elementor-post__meta-data\">\n\t\t\t\t\t<span class=\"elementor-post-author\">\n\t\t\tCamille Caire\t\t<\/span>\n\t\t\t\t<span class=\"elementor-post-date\">\n\t\t\t7 ao\u00fbt 2023\t\t<\/span>\n\t\t\t\t<\/div>\n\t\t\t\t\t<\/div>\n\t\t<\/article>\n\t\t\t\t<article class=\"elementor-post elementor-grid-item post-16787 post type-post status-publish format-standard has-post-thumbnail hentry category-deco-et-tendance\" role=\"listitem\">\n\t\t\t<div class=\"elementor-post__card\">\n\t\t\t\t<a class=\"elementor-post__thumbnail__link\" href=\"https:\/\/secondsouffle.co\/index.php\/2022\/10\/11\/faire-de-la-deco-avec-tres-petit-budget\/\" tabindex=\"-1\" target=\"_blank\"><div class=\"elementor-post__thumbnail\"><img decoding=\"async\" width=\"768\" height=\"518\" src=\"https:\/\/secondsouffle.co\/wp-content\/uploads\/2022\/10\/c25b4af32d85b01557c8c73f8c35bdc8-768x518.jpg\" class=\"attachment-medium_large size-medium_large wp-image-16788\" alt=\"\" srcset=\"https:\/\/secondsouffle.co\/wp-content\/uploads\/2022\/10\/c25b4af32d85b01557c8c73f8c35bdc8-768x518.jpg 768w, https:\/\/secondsouffle.co\/wp-content\/uploads\/2022\/10\/c25b4af32d85b01557c8c73f8c35bdc8-300x203.jpg 300w, https:\/\/secondsouffle.co\/wp-content\/uploads\/2022\/10\/c25b4af32d85b01557c8c73f8c35bdc8-1024x691.jpg 1024w, https:\/\/secondsouffle.co\/wp-content\/uploads\/2022\/10\/c25b4af32d85b01557c8c73f8c35bdc8.jpg 1280w\" sizes=\"(max-width: 768px) 100vw, 768px\" \/><\/div><\/a>\n\t\t\t\t<div class=\"elementor-post__badge\">D\u00e9co et tendance<\/div>\n\t\t\t\t<div class=\"elementor-post__text\">\n\t\t\t\t<h3 class=\"elementor-post__title\">\n\t\t\t<a href=\"https:\/\/secondsouffle.co\/index.php\/2022\/10\/11\/faire-de-la-deco-avec-tres-petit-budget\/\" target=&quot;_blank&quot;>\n\t\t\t\tFaire de la d\u00e9co avec tr\u00e8s petit budget\t\t\t<\/a>\n\t\t<\/h3>\n\t\t\t\t<div class=\"elementor-post__excerpt\">\n\t\t\t<p>Voici des conseils, des astuces et des informations qui pourront vous aider \u00e0 \u00e9tablir votre budget d\u00e9co <\/p>\n\t\t<\/div>\n\t\t\n\t\t<a class=\"elementor-post__read-more\" href=\"https:\/\/secondsouffle.co\/index.php\/2022\/10\/11\/faire-de-la-deco-avec-tres-petit-budget\/\" aria-label=\"En savoir plus sur Faire de la d\u00e9co avec tr\u00e8s petit budget\" tabindex=\"-1\" target=\"_blank\">\n\t\t\tLire plus \u00bb\t\t<\/a>\n\n\t\t\t\t<\/div>\n\t\t\t\t<div class=\"elementor-post__meta-data\">\n\t\t\t\t\t<span class=\"elementor-post-author\">\n\t\t\tCamille Caire\t\t<\/span>\n\t\t\t\t<span class=\"elementor-post-date\">\n\t\t\t11 octobre 2022\t\t<\/span>\n\t\t\t\t<\/div>\n\t\t\t\t\t<\/div>\n\t\t<\/article>\n\t\t\t\t<article class=\"elementor-post elementor-grid-item post-16778 post type-post status-publish format-standard has-post-thumbnail hentry category-deco-et-tendance\" role=\"listitem\">\n\t\t\t<div class=\"elementor-post__card\">\n\t\t\t\t<a class=\"elementor-post__thumbnail__link\" href=\"https:\/\/secondsouffle.co\/index.php\/2022\/10\/08\/comment-amenager-un-salon-moderne\/\" tabindex=\"-1\" target=\"_blank\"><div class=\"elementor-post__thumbnail\"><img decoding=\"async\" width=\"768\" height=\"576\" src=\"https:\/\/secondsouffle.co\/wp-content\/uploads\/2022\/10\/8c2edb07117f1a89091ec2a481c29726-768x576.jpg\" class=\"attachment-medium_large size-medium_large wp-image-16779\" alt=\"\" srcset=\"https:\/\/secondsouffle.co\/wp-content\/uploads\/2022\/10\/8c2edb07117f1a89091ec2a481c29726-768x576.jpg 768w, https:\/\/secondsouffle.co\/wp-content\/uploads\/2022\/10\/8c2edb07117f1a89091ec2a481c29726-300x225.jpg 300w, https:\/\/secondsouffle.co\/wp-content\/uploads\/2022\/10\/8c2edb07117f1a89091ec2a481c29726-1024x768.jpg 1024w, https:\/\/secondsouffle.co\/wp-content\/uploads\/2022\/10\/8c2edb07117f1a89091ec2a481c29726.jpg 1280w\" sizes=\"(max-width: 768px) 100vw, 768px\" \/><\/div><\/a>\n\t\t\t\t<div class=\"elementor-post__badge\">D\u00e9co et tendance<\/div>\n\t\t\t\t<div class=\"elementor-post__text\">\n\t\t\t\t<h3 class=\"elementor-post__title\">\n\t\t\t<a href=\"https:\/\/secondsouffle.co\/index.php\/2022\/10\/08\/comment-amenager-un-salon-moderne\/\" target=&quot;_blank&quot;>\n\t\t\t\tComment am\u00e9nager un\u00a0salon moderne\u00a0?\t\t\t<\/a>\n\t\t<\/h3>\n\t\t\t\t<div class=\"elementor-post__excerpt\">\n\t\t\t<p>C&rsquo;est un espace o\u00f9 vous pouvez profiter de votre \u00e9mission de t\u00e9l\u00e9vision pr\u00e9f\u00e9r\u00e9e, lire un livre ou simplement discuter avec des amis. La premi\u00e8re chose \u00e0 faire avant de concevoir votre salon est de d\u00e9terminer quels meubles vous voulez y mettre.<\/p>\n\t\t<\/div>\n\t\t\n\t\t<a class=\"elementor-post__read-more\" href=\"https:\/\/secondsouffle.co\/index.php\/2022\/10\/08\/comment-amenager-un-salon-moderne\/\" aria-label=\"En savoir plus sur Comment am\u00e9nager un\u00a0salon moderne\u00a0?\" tabindex=\"-1\" target=\"_blank\">\n\t\t\tLire plus \u00bb\t\t<\/a>\n\n\t\t\t\t<\/div>\n\t\t\t\t<div class=\"elementor-post__meta-data\">\n\t\t\t\t\t<span class=\"elementor-post-author\">\n\t\t\tCamille Caire\t\t<\/span>\n\t\t\t\t<span class=\"elementor-post-date\">\n\t\t\t8 octobre 2022\t\t<\/span>\n\t\t\t\t<\/div>\n\t\t\t\t\t<\/div>\n\t\t<\/article>\n\t\t\t\t<article class=\"elementor-post elementor-grid-item post-16591 post type-post status-publish format-standard has-post-thumbnail hentry category-deco-et-tendance\" role=\"listitem\">\n\t\t\t<div class=\"elementor-post__card\">\n\t\t\t\t<a class=\"elementor-post__thumbnail__link\" href=\"https:\/\/secondsouffle.co\/index.php\/2022\/08\/04\/trouvez-votre-meilleur-abri-de-jardin-en-2-etapes\/\" tabindex=\"-1\" target=\"_blank\"><div class=\"elementor-post__thumbnail\"><img loading=\"lazy\" decoding=\"async\" width=\"768\" height=\"512\" src=\"https:\/\/secondsouffle.co\/wp-content\/uploads\/2022\/08\/abri-de-jardin-768x512.jpg\" class=\"attachment-medium_large size-medium_large wp-image-16592\" alt=\"\" srcset=\"https:\/\/secondsouffle.co\/wp-content\/uploads\/2022\/08\/abri-de-jardin-768x512.jpg 768w, https:\/\/secondsouffle.co\/wp-content\/uploads\/2022\/08\/abri-de-jardin-300x200.jpg 300w, https:\/\/secondsouffle.co\/wp-content\/uploads\/2022\/08\/abri-de-jardin.jpg 848w\" sizes=\"(max-width: 768px) 100vw, 768px\" \/><\/div><\/a>\n\t\t\t\t<div class=\"elementor-post__badge\">D\u00e9co et tendance<\/div>\n\t\t\t\t<div class=\"elementor-post__text\">\n\t\t\t\t<h3 class=\"elementor-post__title\">\n\t\t\t<a href=\"https:\/\/secondsouffle.co\/index.php\/2022\/08\/04\/trouvez-votre-meilleur-abri-de-jardin-en-2-etapes\/\" target=&quot;_blank&quot;>\n\t\t\t\tTrouvez votre meilleur abri de jardin en 2 \u00e9tapes\u2009!\t\t\t<\/a>\n\t\t<\/h3>\n\t\t\t\t<div class=\"elementor-post__excerpt\">\n\t\t\t<p>L\u2019abri de jardin est d\u00e9fini comme un local am\u00e9nag\u00e9 dans votre jardin, servant comme une extension de la surface int\u00e9rieure exploitable. Il est tr\u00e8s appr\u00e9ci\u00e9 puisque cet espace int\u00e9rieur suppl\u00e9mentaire peut \u00eatre utilis\u00e9 de bien des mani\u00e8res. Vous souhaitez vous faire installer un abri de jardin et ne savez pas par o\u00f9 commencer ? D\u00e9couvrez dans le pr\u00e9sent article un court guide en 2 \u00e9tapes pour effectuer un bon choix.<\/p>\n\t\t<\/div>\n\t\t\n\t\t<a class=\"elementor-post__read-more\" href=\"https:\/\/secondsouffle.co\/index.php\/2022\/08\/04\/trouvez-votre-meilleur-abri-de-jardin-en-2-etapes\/\" aria-label=\"En savoir plus sur Trouvez votre meilleur abri de jardin en 2 \u00e9tapes\u2009!\" tabindex=\"-1\" target=\"_blank\">\n\t\t\tLire plus \u00bb\t\t<\/a>\n\n\t\t\t\t<\/div>\n\t\t\t\t<div class=\"elementor-post__meta-data\">\n\t\t\t\t\t<span class=\"elementor-post-author\">\n\t\t\tCamille Caire\t\t<\/span>\n\t\t\t\t<span class=\"elementor-post-date\">\n\t\t\t4 ao\u00fbt 2022\t\t<\/span>\n\t\t\t\t<\/div>\n\t\t\t\t\t<\/div>\n\t\t<\/article>\n\t\t\t\t<article class=\"elementor-post elementor-grid-item post-16580 post type-post status-publish format-standard has-post-thumbnail hentry category-deco-et-tendance\" role=\"listitem\">\n\t\t\t<div class=\"elementor-post__card\">\n\t\t\t\t<a class=\"elementor-post__thumbnail__link\" href=\"https:\/\/secondsouffle.co\/index.php\/2022\/07\/27\/ventes-privees-meubles-et-deco-les-8-meilleurs-sites\/\" tabindex=\"-1\" target=\"_blank\"><div class=\"elementor-post__thumbnail\"><img loading=\"lazy\" decoding=\"async\" width=\"768\" height=\"455\" src=\"https:\/\/secondsouffle.co\/wp-content\/uploads\/2022\/07\/ventes-privees-deco-et-meuble-768x455.jpg\" class=\"attachment-medium_large size-medium_large wp-image-16581\" alt=\"\" srcset=\"https:\/\/secondsouffle.co\/wp-content\/uploads\/2022\/07\/ventes-privees-deco-et-meuble-768x455.jpg 768w, https:\/\/secondsouffle.co\/wp-content\/uploads\/2022\/07\/ventes-privees-deco-et-meuble-300x178.jpg 300w, https:\/\/secondsouffle.co\/wp-content\/uploads\/2022\/07\/ventes-privees-deco-et-meuble-1024x606.jpg 1024w, https:\/\/secondsouffle.co\/wp-content\/uploads\/2022\/07\/ventes-privees-deco-et-meuble-1536x909.jpg 1536w, https:\/\/secondsouffle.co\/wp-content\/uploads\/2022\/07\/ventes-privees-deco-et-meuble-2048x1212.jpg 2048w\" sizes=\"(max-width: 768px) 100vw, 768px\" \/><\/div><\/a>\n\t\t\t\t<div class=\"elementor-post__badge\">D\u00e9co et tendance<\/div>\n\t\t\t\t<div class=\"elementor-post__text\">\n\t\t\t\t<h3 class=\"elementor-post__title\">\n\t\t\t<a href=\"https:\/\/secondsouffle.co\/index.php\/2022\/07\/27\/ventes-privees-meubles-et-deco-les-8-meilleurs-sites\/\" target=&quot;_blank&quot;>\n\t\t\t\tVentes priv\u00e9es meubles et d\u00e9co : les 8 meilleurs sites\t\t\t<\/a>\n\t\t<\/h3>\n\t\t\t\t<div class=\"elementor-post__excerpt\">\n\t\t\t<p>La vente des meubles et d\u00e9co en ligne est l\u2019une des activit\u00e9s les plus rentables aujourd\u2019hui. Il existe \u00e0 cet effet une panoplie de site qui permettent de b\u00e9n\u00e9ficier des r\u00e9ductions importantes sur les diff\u00e9rents articles. Pour profiter des meilleures offres, vous devez faire le choix d\u2019un bon site. Cependant, cela peut \u00eatre tr\u00e8s difficile, compte tenu des multiples offres sur le march\u00e9. Pour vous aider, voici les 8 meilleurs sites de ventes priv\u00e9es meubles et d\u00e9co.<\/p>\n\t\t<\/div>\n\t\t\n\t\t<a class=\"elementor-post__read-more\" href=\"https:\/\/secondsouffle.co\/index.php\/2022\/07\/27\/ventes-privees-meubles-et-deco-les-8-meilleurs-sites\/\" aria-label=\"En savoir plus sur Ventes priv\u00e9es meubles et d\u00e9co : les 8 meilleurs sites\" tabindex=\"-1\" target=\"_blank\">\n\t\t\tLire plus \u00bb\t\t<\/a>\n\n\t\t\t\t<\/div>\n\t\t\t\t<div class=\"elementor-post__meta-data\">\n\t\t\t\t\t<span class=\"elementor-post-author\">\n\t\t\tCamille Caire\t\t<\/span>\n\t\t\t\t<span class=\"elementor-post-date\">\n\t\t\t27 juillet 2022\t\t<\/span>\n\t\t\t\t<\/div>\n\t\t\t\t\t<\/div>\n\t\t<\/article>\n\t\t\t\t<article class=\"elementor-post elementor-grid-item post-16515 post type-post status-publish format-standard has-post-thumbnail hentry category-deco-et-tendance\" role=\"listitem\">\n\t\t\t<div class=\"elementor-post__card\">\n\t\t\t\t<a class=\"elementor-post__thumbnail__link\" href=\"https:\/\/secondsouffle.co\/index.php\/2022\/07\/12\/comment-reussir-la-decoration-de-sa-colocation\/\" tabindex=\"-1\" target=\"_blank\"><div class=\"elementor-post__thumbnail\"><img loading=\"lazy\" decoding=\"async\" width=\"768\" height=\"512\" src=\"https:\/\/secondsouffle.co\/wp-content\/uploads\/2022\/07\/reussir-decoration-colocation-768x512.jpg\" class=\"attachment-medium_large size-medium_large wp-image-16516\" alt=\"reussir-decoration-colocation\" srcset=\"https:\/\/secondsouffle.co\/wp-content\/uploads\/2022\/07\/reussir-decoration-colocation-768x512.jpg 768w, https:\/\/secondsouffle.co\/wp-content\/uploads\/2022\/07\/reussir-decoration-colocation-300x200.jpg 300w, https:\/\/secondsouffle.co\/wp-content\/uploads\/2022\/07\/reussir-decoration-colocation-1024x683.jpg 1024w, https:\/\/secondsouffle.co\/wp-content\/uploads\/2022\/07\/reussir-decoration-colocation-1536x1024.jpg 1536w, https:\/\/secondsouffle.co\/wp-content\/uploads\/2022\/07\/reussir-decoration-colocation-2048x1365.jpg 2048w\" sizes=\"(max-width: 768px) 100vw, 768px\" \/><\/div><\/a>\n\t\t\t\t<div class=\"elementor-post__badge\">D\u00e9co et tendance<\/div>\n\t\t\t\t<div class=\"elementor-post__text\">\n\t\t\t\t<h3 class=\"elementor-post__title\">\n\t\t\t<a href=\"https:\/\/secondsouffle.co\/index.php\/2022\/07\/12\/comment-reussir-la-decoration-de-sa-colocation\/\" target=&quot;_blank&quot;>\n\t\t\t\tComment r\u00e9ussir la d\u00e9coration de sa colocation ?\t\t\t<\/a>\n\t\t<\/h3>\n\t\t\t\t<div class=\"elementor-post__excerpt\">\n\t\t\t<p>La colocation repr\u00e9sente un mode de location qui gagne de plus en plus le terrain. En r\u00e9alit\u00e9, un grand nombre de personnes sont s\u00e9duites par ce type de logement. C&rsquo;est en effet la meilleure option pour r\u00e9aliser des \u00e9conomies tout en vivant avec plus de convivialit\u00e9. Elle permet aux occupants de r\u00e9duire leurs charges locatives avec un maximum d\u2019espace. Toutefois, ce type d&rsquo;habitation peut pr\u00e9senter des inconv\u00e9nients. Les colocataires ont souvent des pr\u00e9f\u00e9rences de couleurs diff\u00e9rentes. Ainsi, il convient de consid\u00e9rer les go\u00fbts de chacun pour une vie en communaut\u00e9 plus agr\u00e9able. <\/p>\n\t\t<\/div>\n\t\t\n\t\t<a class=\"elementor-post__read-more\" href=\"https:\/\/secondsouffle.co\/index.php\/2022\/07\/12\/comment-reussir-la-decoration-de-sa-colocation\/\" aria-label=\"En savoir plus sur Comment r\u00e9ussir la d\u00e9coration de sa colocation ?\" tabindex=\"-1\" target=\"_blank\">\n\t\t\tLire plus \u00bb\t\t<\/a>\n\n\t\t\t\t<\/div>\n\t\t\t\t<div class=\"elementor-post__meta-data\">\n\t\t\t\t\t<span class=\"elementor-post-author\">\n\t\t\tCamille Caire\t\t<\/span>\n\t\t\t\t<span class=\"elementor-post-date\">\n\t\t\t12 juillet 2022\t\t<\/span>\n\t\t\t\t<\/div>\n\t\t\t\t\t<\/div>\n\t\t<\/article>\n\t\t\t\t<article class=\"elementor-post elementor-grid-item post-16496 post type-post status-publish format-standard has-post-thumbnail hentry category-deco-et-tendance\" role=\"listitem\">\n\t\t\t<div class=\"elementor-post__card\">\n\t\t\t\t<a class=\"elementor-post__thumbnail__link\" href=\"https:\/\/secondsouffle.co\/index.php\/2022\/06\/27\/quel-eclairage-choisir-pour-son-interieur\/\" tabindex=\"-1\" target=\"_blank\"><div class=\"elementor-post__thumbnail\"><img loading=\"lazy\" decoding=\"async\" width=\"768\" height=\"512\" src=\"https:\/\/secondsouffle.co\/wp-content\/uploads\/2022\/06\/Quel-eclairage-choisir-pour-son-interieur-768x512.jpg\" class=\"attachment-medium_large size-medium_large wp-image-16497\" alt=\"Quel \u00e9clairage choisir pour son int\u00e9rieur\" srcset=\"https:\/\/secondsouffle.co\/wp-content\/uploads\/2022\/06\/Quel-eclairage-choisir-pour-son-interieur-768x512.jpg 768w, https:\/\/secondsouffle.co\/wp-content\/uploads\/2022\/06\/Quel-eclairage-choisir-pour-son-interieur-300x200.jpg 300w, https:\/\/secondsouffle.co\/wp-content\/uploads\/2022\/06\/Quel-eclairage-choisir-pour-son-interieur-1024x683.jpg 1024w, https:\/\/secondsouffle.co\/wp-content\/uploads\/2022\/06\/Quel-eclairage-choisir-pour-son-interieur-1536x1024.jpg 1536w, https:\/\/secondsouffle.co\/wp-content\/uploads\/2022\/06\/Quel-eclairage-choisir-pour-son-interieur-2048x1365.jpg 2048w\" sizes=\"(max-width: 768px) 100vw, 768px\" \/><\/div><\/a>\n\t\t\t\t<div class=\"elementor-post__badge\">D\u00e9co et tendance<\/div>\n\t\t\t\t<div class=\"elementor-post__text\">\n\t\t\t\t<h3 class=\"elementor-post__title\">\n\t\t\t<a href=\"https:\/\/secondsouffle.co\/index.php\/2022\/06\/27\/quel-eclairage-choisir-pour-son-interieur\/\" target=&quot;_blank&quot;>\n\t\t\t\tQuel \u00e9clairage choisir pour son int\u00e9rieur ?\t\t\t<\/a>\n\t\t<\/h3>\n\t\t\t\t<div class=\"elementor-post__excerpt\">\n\t\t\t<p>Si vous souhaitez am\u00e9nager l&rsquo;int\u00e9rieur d&rsquo;un appartement ou d&rsquo;un logement, sachez que l\u2019\u00e9clairage constitue un aspect \u00e0 ne pas n\u00e9gliger. Pour une parfaite r\u00e9ussite des travaux, il est crucial d\u2019opter pour un \u00e9clairage appropri\u00e9 \u00e0 chaque pi\u00e8ce. Cependant, avec l\u2019\u00e9volution de la technologie, de multiples sources de lumi\u00e8re ont vu le jour de sorte qu\u2019il est parfois difficile de trouver le plus convenable. \u00c0 cet effet, voici un guide pratique qui vous renseigne sur les diff\u00e9rents types d\u2019\u00e9clairages avec lesquels vous pourrez sublimer votre int\u00e9rieur ! <\/p>\n\t\t<\/div>\n\t\t\n\t\t<a class=\"elementor-post__read-more\" href=\"https:\/\/secondsouffle.co\/index.php\/2022\/06\/27\/quel-eclairage-choisir-pour-son-interieur\/\" aria-label=\"En savoir plus sur Quel \u00e9clairage choisir pour son int\u00e9rieur ?\" tabindex=\"-1\" target=\"_blank\">\n\t\t\tLire plus \u00bb\t\t<\/a>\n\n\t\t\t\t<\/div>\n\t\t\t\t<div class=\"elementor-post__meta-data\">\n\t\t\t\t\t<span class=\"elementor-post-author\">\n\t\t\tCamille Caire\t\t<\/span>\n\t\t\t\t<span class=\"elementor-post-date\">\n\t\t\t27 juin 2022\t\t<\/span>\n\t\t\t\t<\/div>\n\t\t\t\t\t<\/div>\n\t\t<\/article>\n\t\t\t\t<article class=\"elementor-post elementor-grid-item post-16360 post type-post status-publish format-standard has-post-thumbnail hentry category-deco-et-tendance\" role=\"listitem\">\n\t\t\t<div class=\"elementor-post__card\">\n\t\t\t\t<a class=\"elementor-post__thumbnail__link\" href=\"https:\/\/secondsouffle.co\/index.php\/2022\/05\/02\/comment-decorer-son-appartement-lorsque-lon-est-locataire\/\" tabindex=\"-1\" target=\"_blank\"><div class=\"elementor-post__thumbnail\"><img loading=\"lazy\" decoding=\"async\" width=\"768\" height=\"512\" src=\"https:\/\/secondsouffle.co\/wp-content\/uploads\/2022\/05\/decorer-son-appartement-768x512.jpg\" class=\"attachment-medium_large size-medium_large wp-image-16361\" alt=\"\" srcset=\"https:\/\/secondsouffle.co\/wp-content\/uploads\/2022\/05\/decorer-son-appartement-768x512.jpg 768w, https:\/\/secondsouffle.co\/wp-content\/uploads\/2022\/05\/decorer-son-appartement-300x200.jpg 300w, https:\/\/secondsouffle.co\/wp-content\/uploads\/2022\/05\/decorer-son-appartement-1024x683.jpg 1024w, https:\/\/secondsouffle.co\/wp-content\/uploads\/2022\/05\/decorer-son-appartement-1536x1024.jpg 1536w, https:\/\/secondsouffle.co\/wp-content\/uploads\/2022\/05\/decorer-son-appartement-2048x1365.jpg 2048w\" sizes=\"(max-width: 768px) 100vw, 768px\" \/><\/div><\/a>\n\t\t\t\t<div class=\"elementor-post__badge\">D\u00e9co et tendance<\/div>\n\t\t\t\t<div class=\"elementor-post__text\">\n\t\t\t\t<h3 class=\"elementor-post__title\">\n\t\t\t<a href=\"https:\/\/secondsouffle.co\/index.php\/2022\/05\/02\/comment-decorer-son-appartement-lorsque-lon-est-locataire\/\" target=&quot;_blank&quot;>\n\t\t\t\tComment d\u00e9corer son appartement lorsque l&rsquo;on est locataire ?\t\t\t<\/a>\n\t\t<\/h3>\n\t\t\t\t<div class=\"elementor-post__excerpt\">\n\t\t\t<p>Si on est locataire, il est souvent difficile de d\u00e9corer son logement. Toutefois, il existe actuellement un large \u00e9ventail d\u2019am\u00e9nagements simples et pratiques pour effectuer un changement dans son appartement. Le plus important consiste \u00e0 conserver le meilleur \u00e9tat des lieux possible. Rien ne vous emp\u00eache donc d\u2019apporter quelques changements aux murs \u00e0 l\u2019aide de jolies couleurs, de cadres photos ou encore avec un papier peint \u00e0 motifs. Voici quelques id\u00e9es pour d\u00e9corer son appartement lorsqu\u2019on est locataire.<\/p>\n\t\t<\/div>\n\t\t\n\t\t<a class=\"elementor-post__read-more\" href=\"https:\/\/secondsouffle.co\/index.php\/2022\/05\/02\/comment-decorer-son-appartement-lorsque-lon-est-locataire\/\" aria-label=\"En savoir plus sur Comment d\u00e9corer son appartement lorsque l&rsquo;on est locataire ?\" tabindex=\"-1\" target=\"_blank\">\n\t\t\tLire plus \u00bb\t\t<\/a>\n\n\t\t\t\t<\/div>\n\t\t\t\t<div class=\"elementor-post__meta-data\">\n\t\t\t\t\t<span class=\"elementor-post-author\">\n\t\t\tCamille Caire\t\t<\/span>\n\t\t\t\t<span class=\"elementor-post-date\">\n\t\t\t2 mai 2022\t\t<\/span>\n\t\t\t\t<\/div>\n\t\t\t\t\t<\/div>\n\t\t<\/article>\n\t\t\t\t<article class=\"elementor-post elementor-grid-item post-16244 post type-post status-publish format-standard has-post-thumbnail hentry category-deco-et-tendance\" role=\"listitem\">\n\t\t\t<div class=\"elementor-post__card\">\n\t\t\t\t<a class=\"elementor-post__thumbnail__link\" href=\"https:\/\/secondsouffle.co\/index.php\/2022\/04\/08\/comment-personnaliser-la-decoration-de-votre-couloir\/\" tabindex=\"-1\" target=\"_blank\"><div class=\"elementor-post__thumbnail\"><img loading=\"lazy\" decoding=\"async\" width=\"768\" height=\"556\" src=\"https:\/\/secondsouffle.co\/wp-content\/uploads\/2022\/04\/personnaliser-deco-couloir-768x556.jpg\" class=\"attachment-medium_large size-medium_large wp-image-16245\" alt=\"\" srcset=\"https:\/\/secondsouffle.co\/wp-content\/uploads\/2022\/04\/personnaliser-deco-couloir-768x556.jpg 768w, https:\/\/secondsouffle.co\/wp-content\/uploads\/2022\/04\/personnaliser-deco-couloir-300x217.jpg 300w, https:\/\/secondsouffle.co\/wp-content\/uploads\/2022\/04\/personnaliser-deco-couloir-1024x742.jpg 1024w, https:\/\/secondsouffle.co\/wp-content\/uploads\/2022\/04\/personnaliser-deco-couloir-1536x1113.jpg 1536w, https:\/\/secondsouffle.co\/wp-content\/uploads\/2022\/04\/personnaliser-deco-couloir-2048x1484.jpg 2048w\" sizes=\"(max-width: 768px) 100vw, 768px\" \/><\/div><\/a>\n\t\t\t\t<div class=\"elementor-post__badge\">D\u00e9co et tendance<\/div>\n\t\t\t\t<div class=\"elementor-post__text\">\n\t\t\t\t<h3 class=\"elementor-post__title\">\n\t\t\t<a href=\"https:\/\/secondsouffle.co\/index.php\/2022\/04\/08\/comment-personnaliser-la-decoration-de-votre-couloir\/\" target=&quot;_blank&quot;>\n\t\t\t\tComment personnaliser la d\u00e9coration de votre couloir ?\t\t\t<\/a>\n\t\t<\/h3>\n\t\t\t\t<div class=\"elementor-post__excerpt\">\n\t\t\t<p>Le couloir est une pi\u00e8ce essentielle dans une habitation. Il permet non seulement de favoriser la circulation dans le logement, mais constitue aussi un espace \u00e0 part enti\u00e8re de la maison. D\u00e8s lors, votre couloir se doit d\u2019\u00eatre d\u00e9cor\u00e9 avec soin. Pour ce faire, vous pouvez opter pour une d\u00e9coration sur mesure. D\u00e9couvrez ici quelques astuces pour personnaliser la d\u00e9coration de votre couloir.<\/p>\n\t\t<\/div>\n\t\t\n\t\t<a class=\"elementor-post__read-more\" href=\"https:\/\/secondsouffle.co\/index.php\/2022\/04\/08\/comment-personnaliser-la-decoration-de-votre-couloir\/\" aria-label=\"En savoir plus sur Comment personnaliser la d\u00e9coration de votre couloir ?\" tabindex=\"-1\" target=\"_blank\">\n\t\t\tLire plus \u00bb\t\t<\/a>\n\n\t\t\t\t<\/div>\n\t\t\t\t<div class=\"elementor-post__meta-data\">\n\t\t\t\t\t<span class=\"elementor-post-author\">\n\t\t\tCamille Caire\t\t<\/span>\n\t\t\t\t<span class=\"elementor-post-date\">\n\t\t\t8 avril 2022\t\t<\/span>\n\t\t\t\t<\/div>\n\t\t\t\t\t<\/div>\n\t\t<\/article>\n\t\t\t\t<article class=\"elementor-post elementor-grid-item post-16213 post type-post status-publish format-standard has-post-thumbnail hentry category-deco-et-tendance\" role=\"listitem\">\n\t\t\t<div class=\"elementor-post__card\">\n\t\t\t\t<a class=\"elementor-post__thumbnail__link\" href=\"https:\/\/secondsouffle.co\/index.php\/2022\/03\/30\/quel-modele-de-pergola-choisir-pour-abriter-sa-terrasse\/\" tabindex=\"-1\" target=\"_blank\"><div class=\"elementor-post__thumbnail\"><img loading=\"lazy\" decoding=\"async\" width=\"768\" height=\"512\" src=\"https:\/\/secondsouffle.co\/wp-content\/uploads\/2022\/03\/quelle-pergola-choisir-768x512.jpg\" class=\"attachment-medium_large size-medium_large wp-image-16214\" alt=\"\" srcset=\"https:\/\/secondsouffle.co\/wp-content\/uploads\/2022\/03\/quelle-pergola-choisir-768x512.jpg 768w, https:\/\/secondsouffle.co\/wp-content\/uploads\/2022\/03\/quelle-pergola-choisir-300x200.jpg 300w, https:\/\/secondsouffle.co\/wp-content\/uploads\/2022\/03\/quelle-pergola-choisir-1024x682.jpg 1024w, https:\/\/secondsouffle.co\/wp-content\/uploads\/2022\/03\/quelle-pergola-choisir-1536x1024.jpg 1536w, https:\/\/secondsouffle.co\/wp-content\/uploads\/2022\/03\/quelle-pergola-choisir.jpg 2000w\" sizes=\"(max-width: 768px) 100vw, 768px\" \/><\/div><\/a>\n\t\t\t\t<div class=\"elementor-post__badge\">D\u00e9co et tendance<\/div>\n\t\t\t\t<div class=\"elementor-post__text\">\n\t\t\t\t<h3 class=\"elementor-post__title\">\n\t\t\t<a href=\"https:\/\/secondsouffle.co\/index.php\/2022\/03\/30\/quel-modele-de-pergola-choisir-pour-abriter-sa-terrasse\/\" target=&quot;_blank&quot;>\n\t\t\t\tQuel mod\u00e8le de pergola choisir pour abriter sa terrasse\u2009 ?\t\t\t<\/a>\n\t\t<\/h3>\n\t\t\t\t<div class=\"elementor-post__excerpt\">\n\t\t\t<p>Vous souhaitez apporter une plus-value \u00e0 votre propri\u00e9t\u00e9\u2009? Vous pensez \u00e0 installer une pergola pour abriter votre terrasse\u2009? Non seulement esth\u00e9tique, il s\u2019agit d\u2019une structure qui cr\u00e9\u00e9 un nouvel espace de vie entre le jardin et la maison. En effet, elle met votre terrasse \u00e0 l\u2019abri des intemp\u00e9ries et de la chaleur estivale. <\/p>\n\t\t<\/div>\n\t\t\n\t\t<a class=\"elementor-post__read-more\" href=\"https:\/\/secondsouffle.co\/index.php\/2022\/03\/30\/quel-modele-de-pergola-choisir-pour-abriter-sa-terrasse\/\" aria-label=\"En savoir plus sur Quel mod\u00e8le de pergola choisir pour abriter sa terrasse\u2009 ?\" tabindex=\"-1\" target=\"_blank\">\n\t\t\tLire plus \u00bb\t\t<\/a>\n\n\t\t\t\t<\/div>\n\t\t\t\t<div class=\"elementor-post__meta-data\">\n\t\t\t\t\t<span class=\"elementor-post-author\">\n\t\t\tCamille Caire\t\t<\/span>\n\t\t\t\t<span class=\"elementor-post-date\">\n\t\t\t30 mars 2022\t\t<\/span>\n\t\t\t\t<\/div>\n\t\t\t\t\t<\/div>\n\t\t<\/article>\n\t\t\t\t<article class=\"elementor-post elementor-grid-item post-15438 post type-post status-publish format-standard has-post-thumbnail hentry category-deco-et-tendance\" role=\"listitem\">\n\t\t\t<div class=\"elementor-post__card\">\n\t\t\t\t<a class=\"elementor-post__thumbnail__link\" href=\"https:\/\/secondsouffle.co\/index.php\/2021\/11\/29\/quelles-sont-les-tendances-deco-a-venir-pour-lannee-2022\/\" tabindex=\"-1\" target=\"_blank\"><div class=\"elementor-post__thumbnail\"><img loading=\"lazy\" decoding=\"async\" width=\"768\" height=\"450\" src=\"https:\/\/secondsouffle.co\/wp-content\/uploads\/2021\/11\/spacejoy-ml2RSaDME-k-unsplash-768x450.jpg\" class=\"attachment-medium_large size-medium_large wp-image-15439\" alt=\"\" srcset=\"https:\/\/secondsouffle.co\/wp-content\/uploads\/2021\/11\/spacejoy-ml2RSaDME-k-unsplash-768x450.jpg 768w, https:\/\/secondsouffle.co\/wp-content\/uploads\/2021\/11\/spacejoy-ml2RSaDME-k-unsplash-300x176.jpg 300w, https:\/\/secondsouffle.co\/wp-content\/uploads\/2021\/11\/spacejoy-ml2RSaDME-k-unsplash-1024x600.jpg 1024w, https:\/\/secondsouffle.co\/wp-content\/uploads\/2021\/11\/spacejoy-ml2RSaDME-k-unsplash-1536x900.jpg 1536w, https:\/\/secondsouffle.co\/wp-content\/uploads\/2021\/11\/spacejoy-ml2RSaDME-k-unsplash-2048x1200.jpg 2048w\" sizes=\"(max-width: 768px) 100vw, 768px\" \/><\/div><\/a>\n\t\t\t\t<div class=\"elementor-post__badge\">D\u00e9co et tendance<\/div>\n\t\t\t\t<div class=\"elementor-post__text\">\n\t\t\t\t<h3 class=\"elementor-post__title\">\n\t\t\t<a href=\"https:\/\/secondsouffle.co\/index.php\/2021\/11\/29\/quelles-sont-les-tendances-deco-a-venir-pour-lannee-2022\/\" target=&quot;_blank&quot;>\n\t\t\t\tQuelles sont les tendances d\u00e9co \u00e0 venir pour l&rsquo;ann\u00e9e 2022 ?\t\t\t<\/a>\n\t\t<\/h3>\n\t\t\t\t<div class=\"elementor-post__excerpt\">\n\t\t\t<p>Pour bien vivre chez soi, il faut qu\u2019on s\u2019y sente \u00e0 l\u2019aise. La d\u00e9coration intervient alors comme une fa\u00e7on d\u2019affirmer sa personnalit\u00e9. Il faut toutefois veiller \u00e0 suivre les tendances du moment, afin de ne pas trop para\u00eetre \u00e0 l\u2019\u00e9cart. Ici, sont expos\u00e9es quelques tendances de d\u00e9coration qui domineront tout le long de l\u2019ann\u00e9e 2022 !<\/p>\n\t\t<\/div>\n\t\t\n\t\t<a class=\"elementor-post__read-more\" href=\"https:\/\/secondsouffle.co\/index.php\/2021\/11\/29\/quelles-sont-les-tendances-deco-a-venir-pour-lannee-2022\/\" aria-label=\"En savoir plus sur Quelles sont les tendances d\u00e9co \u00e0 venir pour l&rsquo;ann\u00e9e 2022 ?\" tabindex=\"-1\" target=\"_blank\">\n\t\t\tLire plus \u00bb\t\t<\/a>\n\n\t\t\t\t<\/div>\n\t\t\t\t<div class=\"elementor-post__meta-data\">\n\t\t\t\t\t<span class=\"elementor-post-author\">\n\t\t\tCamille Caire\t\t<\/span>\n\t\t\t\t<span class=\"elementor-post-date\">\n\t\t\t29 novembre 2021\t\t<\/span>\n\t\t\t\t<\/div>\n\t\t\t\t\t<\/div>\n\t\t<\/article>\n\t\t\t\t<article class=\"elementor-post elementor-grid-item post-13130 post type-post status-publish format-standard has-post-thumbnail hentry category-architecture-et-amenagement-interieur category-deco-et-tendance\" role=\"listitem\">\n\t\t\t<div class=\"elementor-post__card\">\n\t\t\t\t<a class=\"elementor-post__thumbnail__link\" href=\"https:\/\/secondsouffle.co\/index.php\/2021\/07\/05\/evier-de-cuisine-quelle-matiere-choisir\/\" tabindex=\"-1\" target=\"_blank\"><div class=\"elementor-post__thumbnail\"><img loading=\"lazy\" decoding=\"async\" width=\"768\" height=\"1152\" src=\"https:\/\/secondsouffle.co\/wp-content\/uploads\/2021\/07\/evier-cuisine-quelle-matiere-choisir-768x1152.jpg\" class=\"attachment-medium_large size-medium_large wp-image-13131\" alt=\"\" srcset=\"https:\/\/secondsouffle.co\/wp-content\/uploads\/2021\/07\/evier-cuisine-quelle-matiere-choisir-768x1152.jpg 768w, https:\/\/secondsouffle.co\/wp-content\/uploads\/2021\/07\/evier-cuisine-quelle-matiere-choisir-200x300.jpg 200w, https:\/\/secondsouffle.co\/wp-content\/uploads\/2021\/07\/evier-cuisine-quelle-matiere-choisir-683x1024.jpg 683w, https:\/\/secondsouffle.co\/wp-content\/uploads\/2021\/07\/evier-cuisine-quelle-matiere-choisir-1024x1536.jpg 1024w, https:\/\/secondsouffle.co\/wp-content\/uploads\/2021\/07\/evier-cuisine-quelle-matiere-choisir-1365x2048.jpg 1365w\" sizes=\"(max-width: 768px) 100vw, 768px\" \/><\/div><\/a>\n\t\t\t\t<div class=\"elementor-post__badge\">Architecture et am\u00e9nagement d&#039;int\u00e9rieur<\/div>\n\t\t\t\t<div class=\"elementor-post__text\">\n\t\t\t\t<h3 class=\"elementor-post__title\">\n\t\t\t<a href=\"https:\/\/secondsouffle.co\/index.php\/2021\/07\/05\/evier-de-cuisine-quelle-matiere-choisir\/\" target=&quot;_blank&quot;>\n\t\t\t\tEvier de cuisine : quelle mati\u00e8re choisir ?\t\t\t<\/a>\n\t\t<\/h3>\n\t\t\t\t<div class=\"elementor-post__excerpt\">\n\t\t\t<p>Autrefois consid\u00e9r\u00e9 comme un simple \u00e9l\u00e9ment pratique de la cuisine, l\u2019\u00e9vier est aujourd\u2019hui un \u00e9l\u00e9ment d\u00e9coratif. Gr\u00e2ce \u00e0 ses diverses caract\u00e9ristiques, il devient un \u00e9quipement \u00e0 part enti\u00e8re de la cuisine. Entre la c\u00e9ramique, le granit, l\u2019inox ou le verre, le choix est vaste. D\u00e9couvrez ici la mati\u00e8re que vous pouvez choisir pour votre \u00e9vier de cuisine.<\/p>\n\t\t<\/div>\n\t\t\n\t\t<a class=\"elementor-post__read-more\" href=\"https:\/\/secondsouffle.co\/index.php\/2021\/07\/05\/evier-de-cuisine-quelle-matiere-choisir\/\" aria-label=\"En savoir plus sur Evier de cuisine : quelle mati\u00e8re choisir ?\" tabindex=\"-1\" target=\"_blank\">\n\t\t\tLire plus \u00bb\t\t<\/a>\n\n\t\t\t\t<\/div>\n\t\t\t\t<div class=\"elementor-post__meta-data\">\n\t\t\t\t\t<span class=\"elementor-post-author\">\n\t\t\tCamille Caire\t\t<\/span>\n\t\t\t\t<span class=\"elementor-post-date\">\n\t\t\t5 juillet 2021\t\t<\/span>\n\t\t\t\t<\/div>\n\t\t\t\t\t<\/div>\n\t\t<\/article>\n\t\t\t\t<article class=\"elementor-post elementor-grid-item post-9750 post type-post status-publish format-standard has-post-thumbnail hentry category-deco-et-tendance\" role=\"listitem\">\n\t\t\t<div class=\"elementor-post__card\">\n\t\t\t\t<a class=\"elementor-post__thumbnail__link\" href=\"https:\/\/secondsouffle.co\/index.php\/2021\/01\/12\/la-rebouble-la-redoute-lance-son-site-de-seconde-main\/\" tabindex=\"-1\" target=\"_blank\"><div class=\"elementor-post__thumbnail\"><img loading=\"lazy\" decoding=\"async\" width=\"768\" height=\"276\" src=\"https:\/\/secondsouffle.co\/wp-content\/uploads\/2021\/01\/La-reboucle-768x276.jpg\" class=\"attachment-medium_large size-medium_large wp-image-9751\" alt=\"\" srcset=\"https:\/\/secondsouffle.co\/wp-content\/uploads\/2021\/01\/La-reboucle-768x276.jpg 768w, https:\/\/secondsouffle.co\/wp-content\/uploads\/2021\/01\/La-reboucle-300x108.jpg 300w, https:\/\/secondsouffle.co\/wp-content\/uploads\/2021\/01\/La-reboucle-1024x368.jpg 1024w, https:\/\/secondsouffle.co\/wp-content\/uploads\/2021\/01\/La-reboucle.jpg 1280w\" sizes=\"(max-width: 768px) 100vw, 768px\" \/><\/div><\/a>\n\t\t\t\t<div class=\"elementor-post__badge\">D\u00e9co et tendance<\/div>\n\t\t\t\t<div class=\"elementor-post__text\">\n\t\t\t\t<h3 class=\"elementor-post__title\">\n\t\t\t<a href=\"https:\/\/secondsouffle.co\/index.php\/2021\/01\/12\/la-rebouble-la-redoute-lance-son-site-de-seconde-main\/\" target=&quot;_blank&quot;>\n\t\t\t\tLa Reboucle : La Redoute lance son site de seconde main\t\t\t<\/a>\n\t\t<\/h3>\n\t\t\t\t<div class=\"elementor-post__excerpt\">\n\t\t\t<p>Apr\u00e8s IKEA, l\u2019enseigne La Redoute se jette aussi dans le bain de la seconde main en cr\u00e9ant un nouveau site d\u00e9di\u00e9 \u00e0 la revente d\u2019objets d\u00e9co, de meubles et de v\u00eatements judicieusement appel\u00e9 La Reboucle. La seconde main est la nouvelle tendance du moment. Le principe ? Donner une seconde vie, un second souffle \u00e0 un produit qui a d\u00e9j\u00e0 \u00e9t\u00e9 utilis\u00e9.<\/p>\n\t\t<\/div>\n\t\t\n\t\t<a class=\"elementor-post__read-more\" href=\"https:\/\/secondsouffle.co\/index.php\/2021\/01\/12\/la-rebouble-la-redoute-lance-son-site-de-seconde-main\/\" aria-label=\"En savoir plus sur La Reboucle : La Redoute lance son site de seconde main\" tabindex=\"-1\" target=\"_blank\">\n\t\t\tLire plus \u00bb\t\t<\/a>\n\n\t\t\t\t<\/div>\n\t\t\t\t<div class=\"elementor-post__meta-data\">\n\t\t\t\t\t<span class=\"elementor-post-author\">\n\t\t\tCamille Caire\t\t<\/span>\n\t\t\t\t<span class=\"elementor-post-date\">\n\t\t\t12 janvier 2021\t\t<\/span>\n\t\t\t\t<\/div>\n\t\t\t\t\t<\/div>\n\t\t<\/article>\n\t\t\t\t<article class=\"elementor-post elementor-grid-item post-9340 post type-post status-publish format-standard has-post-thumbnail hentry category-deco-et-tendance\" role=\"listitem\">\n\t\t\t<div class=\"elementor-post__card\">\n\t\t\t\t<a class=\"elementor-post__thumbnail__link\" href=\"https:\/\/secondsouffle.co\/index.php\/2020\/12\/15\/leboncoin-lance-le-bon-gout-sa-boutique-vintage-ephemere-et-solidaire\/\" tabindex=\"-1\" target=\"_blank\"><div class=\"elementor-post__thumbnail\"><img loading=\"lazy\" decoding=\"async\" width=\"768\" height=\"512\" src=\"https:\/\/secondsouffle.co\/wp-content\/uploads\/2020\/12\/leboncoin-768x512.jpg\" class=\"attachment-medium_large size-medium_large wp-image-9341\" alt=\"\" srcset=\"https:\/\/secondsouffle.co\/wp-content\/uploads\/2020\/12\/leboncoin-768x512.jpg 768w, https:\/\/secondsouffle.co\/wp-content\/uploads\/2020\/12\/leboncoin-300x200.jpg 300w, https:\/\/secondsouffle.co\/wp-content\/uploads\/2020\/12\/leboncoin-1024x683.jpg 1024w, https:\/\/secondsouffle.co\/wp-content\/uploads\/2020\/12\/leboncoin.jpg 1199w\" sizes=\"(max-width: 768px) 100vw, 768px\" \/><\/div><\/a>\n\t\t\t\t<div class=\"elementor-post__badge\">D\u00e9co et tendance<\/div>\n\t\t\t\t<div class=\"elementor-post__text\">\n\t\t\t\t<h3 class=\"elementor-post__title\">\n\t\t\t<a href=\"https:\/\/secondsouffle.co\/index.php\/2020\/12\/15\/leboncoin-lance-le-bon-gout-sa-boutique-vintage-ephemere-et-solidaire\/\" target=&quot;_blank&quot;>\n\t\t\t\tLeboncoin lance \u201cLe bon go\u00fbt\u201d sa boutique vintage \u00e9ph\u00e9m\u00e8re et solidaire\t\t\t<\/a>\n\t\t<\/h3>\n\t\t\t\t<div class=\"elementor-post__excerpt\">\n\t\t\t<p>Chiner et \u00eatre solidaire en m\u00eame temps, c\u2019est possible ! Leboncoin, le c\u00e9l\u00e8bre site de petites annonces, vient de lancer \u201cLe bon go\u00fbt\u00a0\u00bb, sa boutique en ligne \u00e9ph\u00e9m\u00e8re et solidaire d\u2019objets singuliers en collaboration avec 3 passionn\u00e9s de vintage.<\/p>\n\t\t<\/div>\n\t\t\n\t\t<a class=\"elementor-post__read-more\" href=\"https:\/\/secondsouffle.co\/index.php\/2020\/12\/15\/leboncoin-lance-le-bon-gout-sa-boutique-vintage-ephemere-et-solidaire\/\" aria-label=\"En savoir plus sur Leboncoin lance \u201cLe bon go\u00fbt\u201d sa boutique vintage \u00e9ph\u00e9m\u00e8re et solidaire\" tabindex=\"-1\" target=\"_blank\">\n\t\t\tLire plus \u00bb\t\t<\/a>\n\n\t\t\t\t<\/div>\n\t\t\t\t<div class=\"elementor-post__meta-data\">\n\t\t\t\t\t<span class=\"elementor-post-author\">\n\t\t\tCamille Caire\t\t<\/span>\n\t\t\t\t<span class=\"elementor-post-date\">\n\t\t\t15 d\u00e9cembre 2020\t\t<\/span>\n\t\t\t\t<\/div>\n\t\t\t\t\t<\/div>\n\t\t<\/article>\n\t\t\t\t<article class=\"elementor-post elementor-grid-item post-9192 post type-post status-publish format-standard has-post-thumbnail hentry category-deco-et-tendance\" role=\"listitem\">\n\t\t\t<div class=\"elementor-post__card\">\n\t\t\t\t<a class=\"elementor-post__thumbnail__link\" href=\"https:\/\/secondsouffle.co\/index.php\/2020\/11\/30\/sostrene-grene-la-marque-lance-sa-boutique-en-ligne-et-cest-trop-bien\/\" tabindex=\"-1\" target=\"_blank\"><div class=\"elementor-post__thumbnail\"><img loading=\"lazy\" decoding=\"async\" width=\"768\" height=\"407\" src=\"https:\/\/secondsouffle.co\/wp-content\/uploads\/2020\/11\/sostrene-grene-768x407.jpg\" class=\"attachment-medium_large size-medium_large wp-image-9193\" alt=\"\" srcset=\"https:\/\/secondsouffle.co\/wp-content\/uploads\/2020\/11\/sostrene-grene-768x407.jpg 768w, https:\/\/secondsouffle.co\/wp-content\/uploads\/2020\/11\/sostrene-grene-300x159.jpg 300w, https:\/\/secondsouffle.co\/wp-content\/uploads\/2020\/11\/sostrene-grene-1024x543.jpg 1024w, https:\/\/secondsouffle.co\/wp-content\/uploads\/2020\/11\/sostrene-grene-1536x814.jpg 1536w, https:\/\/secondsouffle.co\/wp-content\/uploads\/2020\/11\/sostrene-grene.jpg 1600w\" sizes=\"(max-width: 768px) 100vw, 768px\" \/><\/div><\/a>\n\t\t\t\t<div class=\"elementor-post__badge\">D\u00e9co et tendance<\/div>\n\t\t\t\t<div class=\"elementor-post__text\">\n\t\t\t\t<h3 class=\"elementor-post__title\">\n\t\t\t<a href=\"https:\/\/secondsouffle.co\/index.php\/2020\/11\/30\/sostrene-grene-la-marque-lance-sa-boutique-en-ligne-et-cest-trop-bien\/\" target=&quot;_blank&quot;>\n\t\t\t\tSostrene Grene : La marque lance sa boutique en ligne ! (et c\u2019est trop bien)\t\t\t<\/a>\n\t\t<\/h3>\n\t\t\t\t<div class=\"elementor-post__excerpt\">\n\t\t\t<p>Belle surprise pour les f\u00eates ! Une nouvelle \u00e0 laquelle on ne s\u2019attendait pas, mais qui va en ravir plus d\u2019un ! Vous allez enfin pouvoir commander de la d\u00e9coration, des accessoires, des jouets sur le site Sostrene Grene. L\u2019achat en ligne sur le site de lifestyle danoise sera possible le mercredi 2 d\u00e9cembre 2020 \u00e0 13h08. Une occasion en or pour acheter des d\u00e9corations de no\u00ebl ou des cadeaux \u00e0 l\u2019approche des f\u00eates de fin d\u2019ann\u00e9e !<\/p>\n\t\t<\/div>\n\t\t\n\t\t<a class=\"elementor-post__read-more\" href=\"https:\/\/secondsouffle.co\/index.php\/2020\/11\/30\/sostrene-grene-la-marque-lance-sa-boutique-en-ligne-et-cest-trop-bien\/\" aria-label=\"En savoir plus sur Sostrene Grene : La marque lance sa boutique en ligne ! (et c\u2019est trop bien)\" tabindex=\"-1\" target=\"_blank\">\n\t\t\tLire plus \u00bb\t\t<\/a>\n\n\t\t\t\t<\/div>\n\t\t\t\t<div class=\"elementor-post__meta-data\">\n\t\t\t\t\t<span class=\"elementor-post-author\">\n\t\t\tCamille Caire\t\t<\/span>\n\t\t\t\t<span class=\"elementor-post-date\">\n\t\t\t30 novembre 2020\t\t<\/span>\n\t\t\t\t<\/div>\n\t\t\t\t\t<\/div>\n\t\t<\/article>\n\t\t\t\t<\/div>\n\t\t\n\t\t\t\t<div class=\"e-load-more-anchor\" data-page=\"1\" data-max-page=\"3\" data-next-page=\"https:\/\/secondsouffle.co\/index.php\/wp-json\/wp\/v2\/pages\/11521\/page\/2\/\"><\/div>\n\t\t\t\t<nav class=\"elementor-pagination\" aria-label=\"Pagination\">\n\t\t\t<span class=\"page-numbers prev\">&laquo; Pr\u00e9c\u00e9dent<\/span>\n<span aria-current=\"page\" class=\"page-numbers current\"><span class=\"elementor-screen-only\">Page<\/span>1<\/span>\n<a class=\"page-numbers\" href=\"https:\/\/secondsouffle.co\/index.php\/wp-json\/wp\/v2\/pages\/11521\/page\/2\/\"><span class=\"elementor-screen-only\">Page<\/span>2<\/a>\n<a class=\"page-numbers\" href=\"https:\/\/secondsouffle.co\/index.php\/wp-json\/wp\/v2\/pages\/11521\/page\/3\/\"><span class=\"elementor-screen-only\">Page<\/span>3<\/a>\n<a class=\"page-numbers next\" href=\"https:\/\/secondsouffle.co\/index.php\/wp-json\/wp\/v2\/pages\/11521\/page\/2\/\">Suivant &raquo;<\/a>\t\t<\/nav>\n\t\t\t\t\t\t<\/div>\n\t\t\t\t<\/div>\n\t\t\t\t\t<\/div>\n\t\t<\/div>\n\t\t\t\t\t<\/div>\n\t\t<\/section>\n\t\t\t\t<\/div>\n\t\t","protected":false},"excerpt":{"rendered":"<p>Nouveaut\u00e9s, tendances et inspirations\u2026 Retrouvez toute l\u2019actualit\u00e9 sur l\u2019am\u00e9nagement int\u00e9rieur !<\/p>\n","protected":false},"author":1,"featured_media":9751,"parent":0,"menu_order":0,"comment_status":"closed","ping_status":"closed","template":"","meta":{"_monsterinsights_skip_tracking":false,"_monsterinsights_sitenote_active":false,"_monsterinsights_sitenote_note":"","_monsterinsights_sitenote_category":0,"footnotes":""},"class_list":["post-11521","page","type-page","status-publish","has-post-thumbnail","hentry"],"aioseo_notices":[],"amp_enabled":true,"_links":{"self":[{"href":"https:\/\/secondsouffle.co\/index.php\/wp-json\/wp\/v2\/pages\/11521","targetHints":{"allow":["GET"]}}],"collection":[{"href":"https:\/\/secondsouffle.co\/index.php\/wp-json\/wp\/v2\/pages"}],"about":[{"href":"https:\/\/secondsouffle.co\/index.php\/wp-json\/wp\/v2\/types\/page"}],"author":[{"embeddable":true,"href":"https:\/\/secondsouffle.co\/index.php\/wp-json\/wp\/v2\/users\/1"}],"replies":[{"embeddable":true,"href":"https:\/\/secondsouffle.co\/index.php\/wp-json\/wp\/v2\/comments?post=11521"}],"version-history":[{"count":0,"href":"https:\/\/secondsouffle.co\/index.php\/wp-json\/wp\/v2\/pages\/11521\/revisions"}],"wp:featuredmedia":[{"embeddable":true,"href":"https:\/\/secondsouffle.co\/index.php\/wp-json\/wp\/v2\/media\/9751"}],"wp:attachment":[{"href":"https:\/\/secondsouffle.co\/index.php\/wp-json\/wp\/v2\/media?parent=11521"}],"curies":[{"name":"wp","href":"https:\/\/api.w.org\/{rel}","templated":true}]}}