{"id":11546,"date":"2021-04-20T18:34:54","date_gmt":"2021-04-20T16:34:54","guid":{"rendered":"https:\/\/secondsouffle.co\/?page_id=11546"},"modified":"2021-09-20T10:43:18","modified_gmt":"2021-09-20T08:43:18","slug":"architecture-et-amenagement-dinterieur","status":"publish","type":"page","link":"https:\/\/secondsouffle.co\/index.php\/architecture-et-amenagement-dinterieur\/","title":{"rendered":"Am\u00e9nagement d&rsquo;int\u00e9rieur"},"content":{"rendered":"\t\t<div data-elementor-type=\"wp-page\" data-elementor-id=\"11546\" class=\"elementor elementor-11546\" data-elementor-settings=\"{&quot;ha_cmc_init_switcher&quot;:&quot;no&quot;}\" data-elementor-post-type=\"page\">\n\t\t\t\t\t\t<section class=\"elementor-section elementor-top-section elementor-element elementor-element-2099032 elementor-section-content-middle elementor-section-boxed elementor-section-height-default elementor-section-height-default\" data-id=\"2099032\" data-element_type=\"section\" data-e-type=\"section\" data-settings=\"{&quot;background_background&quot;:&quot;gradient&quot;,&quot;_ha_eqh_enable&quot;:false}\">\n\t\t\t\t\t\t<div class=\"elementor-container elementor-column-gap-no\">\n\t\t\t\t\t<div class=\"elementor-column elementor-col-100 elementor-top-column elementor-element elementor-element-e6d47f2\" data-id=\"e6d47f2\" data-element_type=\"column\" data-e-type=\"column\">\n\t\t\t<div class=\"elementor-widget-wrap elementor-element-populated\">\n\t\t\t\t\t\t<div class=\"elementor-element elementor-element-54df924 elementor-headline--style-rotate ha-has-bg-overlay elementor-widget elementor-widget-animated-headline\" data-id=\"54df924\" data-element_type=\"widget\" data-e-type=\"widget\" data-settings=\"{&quot;headline_style&quot;:&quot;rotate&quot;,&quot;animation_type&quot;:&quot;typing&quot;,&quot;loop&quot;:&quot;yes&quot;,&quot;rotate_iteration_delay&quot;:2500}\" data-widget_type=\"animated-headline.default\">\n\t\t\t\t<div class=\"elementor-widget-container\">\n\t\t\t\t\t\t\t<h1 class=\"elementor-headline elementor-headline-animation-type-typing elementor-headline-letters\">\n\t\t\t\t\t<span class=\"elementor-headline-plain-text elementor-headline-text-wrapper\">L'am\u00e9nagement de votre int\u00e9rieur<\/span>\n\t\t\t\t<span class=\"elementor-headline-dynamic-wrapper elementor-headline-text-wrapper\">\n\t\t\t\t<\/span>\n\t\t\t\t<\/h1>\n\t\t\t\t\t\t<\/div>\n\t\t\t\t<\/div>\n\t\t\t\t<div class=\"elementor-element elementor-element-2f2a803 elementor-widget elementor-widget-text-editor\" data-id=\"2f2a803\" data-element_type=\"widget\" data-e-type=\"widget\" data-widget_type=\"text-editor.default\">\n\t\t\t\t<div class=\"elementor-widget-container\">\n\t\t\t\t\t\t\t\t\t<p>Pour am\u00e9nager une pi\u00e8ce ou votre logement entier, d\u00e9couvrez tous nos conseils pratiques et id\u00e9es !<\/p>\t\t\t\t\t\t\t\t<\/div>\n\t\t\t\t<\/div>\n\t\t\t\t\t<\/div>\n\t\t<\/div>\n\t\t\t\t\t<\/div>\n\t\t<\/section>\n\t\t\t\t<section class=\"elementor-section elementor-top-section elementor-element elementor-element-6f966d3 elementor-section-boxed elementor-section-height-default elementor-section-height-default\" data-id=\"6f966d3\" data-element_type=\"section\" data-e-type=\"section\" data-settings=\"{&quot;_ha_eqh_enable&quot;:false}\">\n\t\t\t\t\t\t<div class=\"elementor-container elementor-column-gap-default\">\n\t\t\t\t\t<div class=\"elementor-column elementor-col-100 elementor-top-column elementor-element elementor-element-6609a47\" data-id=\"6609a47\" data-element_type=\"column\" data-e-type=\"column\">\n\t\t\t<div class=\"elementor-widget-wrap elementor-element-populated\">\n\t\t\t\t\t\t<div class=\"elementor-element elementor-element-10b4461 elementor-search-form--icon-arrow elementor-search-form--skin-classic elementor-search-form--button-type-icon elementor-widget elementor-widget-search-form\" data-id=\"10b4461\" data-element_type=\"widget\" data-e-type=\"widget\" data-settings=\"{&quot;skin&quot;:&quot;classic&quot;}\" data-widget_type=\"search-form.default\">\n\t\t\t\t<div class=\"elementor-widget-container\">\n\t\t\t\t\t\t\t<search role=\"search\">\n\t\t\t<form class=\"elementor-search-form\" action=\"https:\/\/secondsouffle.co\" method=\"get\">\n\t\t\t\t\t\t\t\t\t\t\t\t<div class=\"elementor-search-form__container\">\n\t\t\t\t\t<label class=\"elementor-screen-only\" for=\"elementor-search-form-10b4461\">Rechercher <\/label>\n\n\t\t\t\t\t\n\t\t\t\t\t<input id=\"elementor-search-form-10b4461\" placeholder=\"Rechercher ...\" class=\"elementor-search-form__input\" type=\"search\" name=\"s\" value=\"\">\n\t\t\t\t\t\n\t\t\t\t\t\t\t\t\t\t\t<button class=\"elementor-search-form__submit\" type=\"submit\" aria-label=\"Rechercher \">\n\t\t\t\t\t\t\t\t\t\t\t\t\t\t\t<div class=\"e-font-icon-svg-container\"><svg class=\"fa fa-arrow-right e-font-icon-svg e-fas-arrow-right\" viewBox=\"0 0 448 512\" xmlns=\"http:\/\/www.w3.org\/2000\/svg\"><path d=\"M190.5 66.9l22.2-22.2c9.4-9.4 24.6-9.4 33.9 0L441 239c9.4 9.4 9.4 24.6 0 33.9L246.6 467.3c-9.4 9.4-24.6 9.4-33.9 0l-22.2-22.2c-9.5-9.5-9.3-25 .4-34.3L311.4 296H24c-13.3 0-24-10.7-24-24v-32c0-13.3 10.7-24 24-24h287.4L190.9 101.2c-9.8-9.3-10-24.8-.4-34.3z\"><\/path><\/svg><\/div>\t\t\t\t\t\t\t\t\t\t\t\t\t<\/button>\n\t\t\t\t\t\n\t\t\t\t\t\t\t\t\t<\/div>\n\t\t\t<\/form>\n\t\t<\/search>\n\t\t\t\t\t\t<\/div>\n\t\t\t\t<\/div>\n\t\t\t\t<div class=\"elementor-element elementor-element-4759229 elementor-grid-3 elementor-grid-tablet-2 elementor-grid-mobile-1 elementor-posts--thumbnail-top elementor-card-shadow-yes elementor-posts__hover-gradient elementor-widget elementor-widget-posts\" data-id=\"4759229\" data-element_type=\"widget\" data-e-type=\"widget\" data-settings=\"{&quot;pagination_type&quot;:&quot;numbers_and_prev_next&quot;,&quot;cards_columns&quot;:&quot;3&quot;,&quot;cards_columns_tablet&quot;:&quot;2&quot;,&quot;cards_columns_mobile&quot;:&quot;1&quot;,&quot;cards_row_gap&quot;:{&quot;unit&quot;:&quot;px&quot;,&quot;size&quot;:35,&quot;sizes&quot;:[]},&quot;cards_row_gap_tablet&quot;:{&quot;unit&quot;:&quot;px&quot;,&quot;size&quot;:&quot;&quot;,&quot;sizes&quot;:[]},&quot;cards_row_gap_mobile&quot;:{&quot;unit&quot;:&quot;px&quot;,&quot;size&quot;:&quot;&quot;,&quot;sizes&quot;:[]}}\" data-widget_type=\"posts.cards\">\n\t\t\t\t<div class=\"elementor-widget-container\">\n\t\t\t\t\t\t\t<div class=\"elementor-posts-container elementor-posts elementor-posts--skin-cards elementor-grid\" role=\"list\">\n\t\t\t\t<article class=\"elementor-post elementor-grid-item post-16703 post type-post status-publish format-standard has-post-thumbnail hentry category-architecture-et-amenagement-interieur\" role=\"listitem\">\n\t\t\t<div class=\"elementor-post__card\">\n\t\t\t\t<a class=\"elementor-post__thumbnail__link\" href=\"https:\/\/secondsouffle.co\/index.php\/2022\/09\/21\/comment-optimiser-intelligemment-lespace-de-sa-salle-de-bain\/\" tabindex=\"-1\" target=\"_blank\"><div class=\"elementor-post__thumbnail\"><img fetchpriority=\"high\" decoding=\"async\" width=\"640\" height=\"425\" src=\"https:\/\/secondsouffle.co\/wp-content\/uploads\/2022\/09\/salle-de-bain.jpg\" class=\"attachment-medium_large size-medium_large wp-image-16704\" alt=\"\" srcset=\"https:\/\/secondsouffle.co\/wp-content\/uploads\/2022\/09\/salle-de-bain.jpg 640w, https:\/\/secondsouffle.co\/wp-content\/uploads\/2022\/09\/salle-de-bain-300x199.jpg 300w\" sizes=\"(max-width: 640px) 100vw, 640px\" \/><\/div><\/a>\n\t\t\t\t<div class=\"elementor-post__badge\">Architecture et am\u00e9nagement d&#039;int\u00e9rieur<\/div>\n\t\t\t\t<div class=\"elementor-post__text\">\n\t\t\t\t<h3 class=\"elementor-post__title\">\n\t\t\t<a href=\"https:\/\/secondsouffle.co\/index.php\/2022\/09\/21\/comment-optimiser-intelligemment-lespace-de-sa-salle-de-bain\/\" target=&quot;_blank&quot;>\n\t\t\t\tComment optimiser intelligemment l\u2019espace de sa salle de bain ?\t\t\t<\/a>\n\t\t<\/h3>\n\t\t\t\t<div class=\"elementor-post__excerpt\">\n\t\t\t<p>La salle de bain est un endroit tr\u00e8s fr\u00e9quent\u00e9 de la maison. En plus, m\u00eame si d\u2019autres pi\u00e8ces comme la cuisine sont aussi souvent utilis\u00e9es, la salle de bain a de l\u2019avance puisqu\u2019on utilise beaucoup plus les \u00e9l\u00e9ments de la pi\u00e8ce. Par ailleurs, c\u2019est un endroit o\u00f9 on vient chercher le calme et la relaxation, ce qui fait que l\u2019on doit s\u2019y sentir bien, qu\u2019on y sente la chaleur et la tranquillit\u00e9 en m\u00eame temps. De cela vient l\u2019importance d\u2019une bonne r\u00e9novation. <\/p>\n\t\t<\/div>\n\t\t\n\t\t<a class=\"elementor-post__read-more\" href=\"https:\/\/secondsouffle.co\/index.php\/2022\/09\/21\/comment-optimiser-intelligemment-lespace-de-sa-salle-de-bain\/\" aria-label=\"En savoir plus sur Comment optimiser intelligemment l\u2019espace de sa salle de bain ?\" tabindex=\"-1\" target=\"_blank\">\n\t\t\tLire plus \u00bb\t\t<\/a>\n\n\t\t\t\t<\/div>\n\t\t\t\t<div class=\"elementor-post__meta-data\">\n\t\t\t\t\t<span class=\"elementor-post-author\">\n\t\t\tCamille Caire\t\t<\/span>\n\t\t\t\t<span class=\"elementor-post-date\">\n\t\t\t21 septembre 2022\t\t<\/span>\n\t\t\t\t<\/div>\n\t\t\t\t\t<\/div>\n\t\t<\/article>\n\t\t\t\t<article class=\"elementor-post elementor-grid-item post-16679 post type-post status-publish format-standard has-post-thumbnail hentry category-architecture-et-amenagement-interieur\" role=\"listitem\">\n\t\t\t<div class=\"elementor-post__card\">\n\t\t\t\t<a class=\"elementor-post__thumbnail__link\" href=\"https:\/\/secondsouffle.co\/index.php\/2022\/09\/07\/10-couleurs-de-peinture-a-utiliser-pour-bien-dormir-dans-sa-chambre\/\" tabindex=\"-1\" target=\"_blank\"><div class=\"elementor-post__thumbnail\"><img decoding=\"async\" width=\"768\" height=\"512\" src=\"https:\/\/secondsouffle.co\/wp-content\/uploads\/2022\/09\/peinture-chambre-768x512.jpg\" class=\"attachment-medium_large size-medium_large wp-image-16680\" alt=\"\" srcset=\"https:\/\/secondsouffle.co\/wp-content\/uploads\/2022\/09\/peinture-chambre-768x512.jpg 768w, https:\/\/secondsouffle.co\/wp-content\/uploads\/2022\/09\/peinture-chambre-300x200.jpg 300w, https:\/\/secondsouffle.co\/wp-content\/uploads\/2022\/09\/peinture-chambre-1024x683.jpg 1024w, https:\/\/secondsouffle.co\/wp-content\/uploads\/2022\/09\/peinture-chambre-1536x1024.jpg 1536w, https:\/\/secondsouffle.co\/wp-content\/uploads\/2022\/09\/peinture-chambre-2048x1365.jpg 2048w\" sizes=\"(max-width: 768px) 100vw, 768px\" \/><\/div><\/a>\n\t\t\t\t<div class=\"elementor-post__badge\">Architecture et am\u00e9nagement d&#039;int\u00e9rieur<\/div>\n\t\t\t\t<div class=\"elementor-post__text\">\n\t\t\t\t<h3 class=\"elementor-post__title\">\n\t\t\t<a href=\"https:\/\/secondsouffle.co\/index.php\/2022\/09\/07\/10-couleurs-de-peinture-a-utiliser-pour-bien-dormir-dans-sa-chambre\/\" target=&quot;_blank&quot;>\n\t\t\t\t10 couleurs de peinture \u00e0 utiliser pour bien dormir dans sa chambre\t\t\t<\/a>\n\t\t<\/h3>\n\t\t\t\t<div class=\"elementor-post__excerpt\">\n\t\t\t<p>La qualit\u00e9 de la literie ne suffit pas toujours pour garantir un bon sommeil. La d\u00e9coration de la pi\u00e8ce, en particulier de la peinture choisie, a son r\u00f4le \u00e0 jouer dans votre facilit\u00e9 \u00e0 tomber dans les bras de Morph\u00e9e. Certaines couleurs ont plus de facilit\u00e9 \u00e0 inviter \u00e0 la d\u00e9tente et au sommeil. Voici pour vous une s\u00e9lection de 10 couleurs de peinture \u00e0 utiliser pour dormir \u00e0 poings ferm\u00e9s.<\/p>\n\t\t<\/div>\n\t\t\n\t\t<a class=\"elementor-post__read-more\" href=\"https:\/\/secondsouffle.co\/index.php\/2022\/09\/07\/10-couleurs-de-peinture-a-utiliser-pour-bien-dormir-dans-sa-chambre\/\" aria-label=\"En savoir plus sur 10 couleurs de peinture \u00e0 utiliser pour bien dormir dans sa chambre\" tabindex=\"-1\" target=\"_blank\">\n\t\t\tLire plus \u00bb\t\t<\/a>\n\n\t\t\t\t<\/div>\n\t\t\t\t<div class=\"elementor-post__meta-data\">\n\t\t\t\t\t<span class=\"elementor-post-author\">\n\t\t\tCamille Caire\t\t<\/span>\n\t\t\t\t<span class=\"elementor-post-date\">\n\t\t\t7 septembre 2022\t\t<\/span>\n\t\t\t\t<\/div>\n\t\t\t\t\t<\/div>\n\t\t<\/article>\n\t\t\t\t<article class=\"elementor-post elementor-grid-item post-16221 post type-post status-publish format-standard has-post-thumbnail hentry category-architecture-et-amenagement-interieur\" role=\"listitem\">\n\t\t\t<div class=\"elementor-post__card\">\n\t\t\t\t<a class=\"elementor-post__thumbnail__link\" href=\"https:\/\/secondsouffle.co\/index.php\/2022\/03\/30\/les-5-criteres-de-choix-des-garde-corps-en-bois\/\" tabindex=\"-1\" target=\"_blank\"><div class=\"elementor-post__thumbnail\"><img decoding=\"async\" width=\"768\" height=\"514\" src=\"https:\/\/secondsouffle.co\/wp-content\/uploads\/2022\/03\/garde-corps-bois-1-768x514.jpg\" class=\"attachment-medium_large size-medium_large wp-image-16227\" alt=\"\" srcset=\"https:\/\/secondsouffle.co\/wp-content\/uploads\/2022\/03\/garde-corps-bois-1-768x514.jpg 768w, https:\/\/secondsouffle.co\/wp-content\/uploads\/2022\/03\/garde-corps-bois-1-300x201.jpg 300w, https:\/\/secondsouffle.co\/wp-content\/uploads\/2022\/03\/garde-corps-bois-1-1024x685.jpg 1024w, https:\/\/secondsouffle.co\/wp-content\/uploads\/2022\/03\/garde-corps-bois-1-1536x1028.jpg 1536w, https:\/\/secondsouffle.co\/wp-content\/uploads\/2022\/03\/garde-corps-bois-1.jpg 1600w\" sizes=\"(max-width: 768px) 100vw, 768px\" \/><\/div><\/a>\n\t\t\t\t<div class=\"elementor-post__badge\">Architecture et am\u00e9nagement d&#039;int\u00e9rieur<\/div>\n\t\t\t\t<div class=\"elementor-post__text\">\n\t\t\t\t<h3 class=\"elementor-post__title\">\n\t\t\t<a href=\"https:\/\/secondsouffle.co\/index.php\/2022\/03\/30\/les-5-criteres-de-choix-des-garde-corps-en-bois\/\" target=&quot;_blank&quot;>\n\t\t\t\tLes 5 crit\u00e8res de choix des garde-corps en bois\t\t\t<\/a>\n\t\t<\/h3>\n\t\t\t\t<div class=\"elementor-post__excerpt\">\n\t\t\t<p>Les garde-corps ont des fonctions de s\u00e9curit\u00e9 mais peuvent \u00e9galement apporter du cachet et am\u00e9liorer la finition des espaces. Ils permettent de s\u00e9curiser un escalier, une mezzanine, une piscine ou une terrasse en formant une barri\u00e8re de s\u00e9curit\u00e9. En fonction de leur style, ils donnent aussi du charme \u00e0 votre espace int\u00e9rieur ou ext\u00e9rieur. En effet, le garde-corps peut \u00eatre fabriqu\u00e9 avec diff\u00e9rents mat\u00e9riaux. Parmi les plus pl\u00e9biscit\u00e9s, il y a le bois.<\/p>\n\t\t<\/div>\n\t\t\n\t\t<a class=\"elementor-post__read-more\" href=\"https:\/\/secondsouffle.co\/index.php\/2022\/03\/30\/les-5-criteres-de-choix-des-garde-corps-en-bois\/\" aria-label=\"En savoir plus sur Les 5 crit\u00e8res de choix des garde-corps en bois\" tabindex=\"-1\" target=\"_blank\">\n\t\t\tLire plus \u00bb\t\t<\/a>\n\n\t\t\t\t<\/div>\n\t\t\t\t<div class=\"elementor-post__meta-data\">\n\t\t\t\t\t<span class=\"elementor-post-author\">\n\t\t\tCamille Caire\t\t<\/span>\n\t\t\t\t<span class=\"elementor-post-date\">\n\t\t\t30 mars 2022\t\t<\/span>\n\t\t\t\t<\/div>\n\t\t\t\t\t<\/div>\n\t\t<\/article>\n\t\t\t\t<article class=\"elementor-post elementor-grid-item post-15992 post type-post status-publish format-standard has-post-thumbnail hentry category-architecture-et-amenagement-interieur\" role=\"listitem\">\n\t\t\t<div class=\"elementor-post__card\">\n\t\t\t\t<a class=\"elementor-post__thumbnail__link\" href=\"https:\/\/secondsouffle.co\/index.php\/2022\/02\/16\/architecte-architecte-dinterieur-ou-decorateur-quel-est-leur-role\/\" tabindex=\"-1\" target=\"_blank\"><div class=\"elementor-post__thumbnail\"><img loading=\"lazy\" decoding=\"async\" width=\"768\" height=\"1152\" src=\"https:\/\/secondsouffle.co\/wp-content\/uploads\/2022\/02\/Architecte-architecte-dinterieur-ou-decorateur-768x1152.jpg\" class=\"attachment-medium_large size-medium_large wp-image-15993\" alt=\"\" srcset=\"https:\/\/secondsouffle.co\/wp-content\/uploads\/2022\/02\/Architecte-architecte-dinterieur-ou-decorateur-768x1152.jpg 768w, https:\/\/secondsouffle.co\/wp-content\/uploads\/2022\/02\/Architecte-architecte-dinterieur-ou-decorateur-200x300.jpg 200w, https:\/\/secondsouffle.co\/wp-content\/uploads\/2022\/02\/Architecte-architecte-dinterieur-ou-decorateur-683x1024.jpg 683w, https:\/\/secondsouffle.co\/wp-content\/uploads\/2022\/02\/Architecte-architecte-dinterieur-ou-decorateur-1024x1536.jpg 1024w, https:\/\/secondsouffle.co\/wp-content\/uploads\/2022\/02\/Architecte-architecte-dinterieur-ou-decorateur-1365x2048.jpg 1365w\" sizes=\"(max-width: 768px) 100vw, 768px\" \/><\/div><\/a>\n\t\t\t\t<div class=\"elementor-post__badge\">Architecture et am\u00e9nagement d&#039;int\u00e9rieur<\/div>\n\t\t\t\t<div class=\"elementor-post__text\">\n\t\t\t\t<h3 class=\"elementor-post__title\">\n\t\t\t<a href=\"https:\/\/secondsouffle.co\/index.php\/2022\/02\/16\/architecte-architecte-dinterieur-ou-decorateur-quel-est-leur-role\/\" target=&quot;_blank&quot;>\n\t\t\t\tArchitecte, architecte d&rsquo;int\u00e9rieur ou d\u00e9corateur : quel est leur r\u00f4le ?\t\t\t<\/a>\n\t\t<\/h3>\n\t\t\t\t<div class=\"elementor-post__excerpt\">\n\t\t\t<p>Avez-vous l\u2019intention d\u2019effectuer la r\u00e9novation ou l&rsquo;am\u00e9nagement de votre demeure ? Si tel est le cas, il existe un grand nombre de professionnels capables de vous assister dans ces t\u00e2ches. Principalement, il y a 3 cat\u00e9gories d&rsquo;experts que vous pouvez appeler. Il y a l&rsquo;architecte, l&rsquo;architecte d&rsquo;int\u00e9rieur et le d\u00e9corateur encore appel\u00e9 le designer. Comment s\u00e9lectionner celui qui convient le mieux \u00e0 la prestation dont vous souhaitez b\u00e9n\u00e9ficier ? Il convient pour cela d&rsquo;identifier leur r\u00f4le pour ne pas vous retrouver la t\u00eate sous l&rsquo;eau !<\/p>\n\t\t<\/div>\n\t\t\n\t\t<a class=\"elementor-post__read-more\" href=\"https:\/\/secondsouffle.co\/index.php\/2022\/02\/16\/architecte-architecte-dinterieur-ou-decorateur-quel-est-leur-role\/\" aria-label=\"En savoir plus sur Architecte, architecte d&rsquo;int\u00e9rieur ou d\u00e9corateur : quel est leur r\u00f4le ?\" tabindex=\"-1\" target=\"_blank\">\n\t\t\tLire plus \u00bb\t\t<\/a>\n\n\t\t\t\t<\/div>\n\t\t\t\t<div class=\"elementor-post__meta-data\">\n\t\t\t\t\t<span class=\"elementor-post-author\">\n\t\t\tCamille Caire\t\t<\/span>\n\t\t\t\t<span class=\"elementor-post-date\">\n\t\t\t16 f\u00e9vrier 2022\t\t<\/span>\n\t\t\t\t<\/div>\n\t\t\t\t\t<\/div>\n\t\t<\/article>\n\t\t\t\t<article class=\"elementor-post elementor-grid-item post-15984 post type-post status-publish format-standard has-post-thumbnail hentry category-architecture-et-amenagement-interieur\" role=\"listitem\">\n\t\t\t<div class=\"elementor-post__card\">\n\t\t\t\t<a class=\"elementor-post__thumbnail__link\" href=\"https:\/\/secondsouffle.co\/index.php\/2022\/02\/15\/connaissez-vous-la-difference-entre-larchitecte-dplg-de-ou-de-hmonp\/\" tabindex=\"-1\" target=\"_blank\"><div class=\"elementor-post__thumbnail\"><img loading=\"lazy\" decoding=\"async\" width=\"768\" height=\"576\" src=\"https:\/\/secondsouffle.co\/wp-content\/uploads\/2022\/02\/architecte-dplg-768x576.jpg\" class=\"attachment-medium_large size-medium_large wp-image-15985\" alt=\"\" srcset=\"https:\/\/secondsouffle.co\/wp-content\/uploads\/2022\/02\/architecte-dplg-768x576.jpg 768w, https:\/\/secondsouffle.co\/wp-content\/uploads\/2022\/02\/architecte-dplg-300x225.jpg 300w, https:\/\/secondsouffle.co\/wp-content\/uploads\/2022\/02\/architecte-dplg-1024x768.jpg 1024w, https:\/\/secondsouffle.co\/wp-content\/uploads\/2022\/02\/architecte-dplg-1536x1152.jpg 1536w, https:\/\/secondsouffle.co\/wp-content\/uploads\/2022\/02\/architecte-dplg-2048x1536.jpg 2048w\" sizes=\"(max-width: 768px) 100vw, 768px\" \/><\/div><\/a>\n\t\t\t\t<div class=\"elementor-post__badge\">Architecture et am\u00e9nagement d&#039;int\u00e9rieur<\/div>\n\t\t\t\t<div class=\"elementor-post__text\">\n\t\t\t\t<h3 class=\"elementor-post__title\">\n\t\t\t<a href=\"https:\/\/secondsouffle.co\/index.php\/2022\/02\/15\/connaissez-vous-la-difference-entre-larchitecte-dplg-de-ou-de-hmonp\/\" target=&quot;_blank&quot;>\n\t\t\t\tConnaissez-vous la diff\u00e9rence entre l&rsquo;architecte DPLG, DE ou DE-HMONP ?\t\t\t<\/a>\n\t\t<\/h3>\n\t\t\t\t<div class=\"elementor-post__excerpt\">\n\t\t\t<p>Sur le plan juridique, vous pouvez retrouver un nombre important d\u2019appellations utilis\u00e9es pour d\u00e9signer les architectes. Il existe entre autres les architectes DPLG, DE et DE-HMONP. Chaque titre est li\u00e9 au cursus du professionnel et \u00e0 plusieurs autres consid\u00e9rations. D\u00e9couvrez quelques pr\u00e9cisions ci-dessous pour faire clairement la diff\u00e9rence entre ces trois diff\u00e9rents architectes.<\/p>\n\t\t<\/div>\n\t\t\n\t\t<a class=\"elementor-post__read-more\" href=\"https:\/\/secondsouffle.co\/index.php\/2022\/02\/15\/connaissez-vous-la-difference-entre-larchitecte-dplg-de-ou-de-hmonp\/\" aria-label=\"En savoir plus sur Connaissez-vous la diff\u00e9rence entre l&rsquo;architecte DPLG, DE ou DE-HMONP ?\" tabindex=\"-1\" target=\"_blank\">\n\t\t\tLire plus \u00bb\t\t<\/a>\n\n\t\t\t\t<\/div>\n\t\t\t\t<div class=\"elementor-post__meta-data\">\n\t\t\t\t\t<span class=\"elementor-post-author\">\n\t\t\tCamille Caire\t\t<\/span>\n\t\t\t\t<span class=\"elementor-post-date\">\n\t\t\t15 f\u00e9vrier 2022\t\t<\/span>\n\t\t\t\t<\/div>\n\t\t\t\t\t<\/div>\n\t\t<\/article>\n\t\t\t\t<article class=\"elementor-post elementor-grid-item post-15849 post type-post status-publish format-standard has-post-thumbnail hentry category-architecture-et-amenagement-interieur\" role=\"listitem\">\n\t\t\t<div class=\"elementor-post__card\">\n\t\t\t\t<a class=\"elementor-post__thumbnail__link\" href=\"https:\/\/secondsouffle.co\/index.php\/2022\/01\/18\/amenager-linterieur-de-votre-restaurant-ou-bar-grace-a-un-architecte-dinterieur\/\" tabindex=\"-1\" target=\"_blank\"><div class=\"elementor-post__thumbnail\"><img loading=\"lazy\" decoding=\"async\" width=\"768\" height=\"512\" src=\"https:\/\/secondsouffle.co\/wp-content\/uploads\/2022\/01\/amenager-restaurant-architecte-interieur-768x512.jpg\" class=\"attachment-medium_large size-medium_large wp-image-15850\" alt=\"\" srcset=\"https:\/\/secondsouffle.co\/wp-content\/uploads\/2022\/01\/amenager-restaurant-architecte-interieur-768x512.jpg 768w, https:\/\/secondsouffle.co\/wp-content\/uploads\/2022\/01\/amenager-restaurant-architecte-interieur-300x200.jpg 300w, https:\/\/secondsouffle.co\/wp-content\/uploads\/2022\/01\/amenager-restaurant-architecte-interieur-1024x683.jpg 1024w, https:\/\/secondsouffle.co\/wp-content\/uploads\/2022\/01\/amenager-restaurant-architecte-interieur-1536x1024.jpg 1536w, https:\/\/secondsouffle.co\/wp-content\/uploads\/2022\/01\/amenager-restaurant-architecte-interieur-2048x1365.jpg 2048w\" sizes=\"(max-width: 768px) 100vw, 768px\" \/><\/div><\/a>\n\t\t\t\t<div class=\"elementor-post__badge\">Architecture et am\u00e9nagement d&#039;int\u00e9rieur<\/div>\n\t\t\t\t<div class=\"elementor-post__text\">\n\t\t\t\t<h3 class=\"elementor-post__title\">\n\t\t\t<a href=\"https:\/\/secondsouffle.co\/index.php\/2022\/01\/18\/amenager-linterieur-de-votre-restaurant-ou-bar-grace-a-un-architecte-dinterieur\/\" target=&quot;_blank&quot;>\n\t\t\t\tAm\u00e9nager l&rsquo;int\u00e9rieur de votre restaurant ou bar gr\u00e2ce \u00e0 un architecte d&rsquo;int\u00e9rieur\t\t\t<\/a>\n\t\t<\/h3>\n\t\t\t\t<div class=\"elementor-post__excerpt\">\n\t\t\t<p>Il existe de nombreux motifs incitant les dirigeants de restaurant ou de bar \u00e0 recourir aux services d\u2019un architecte d\u2019int\u00e9rieur. \u00c0 la fois ex\u00e9cutant et conseiller, cet expert peut intervenir \u00e0 tout moment, quelle que soit l\u2019ampleur du projet \u00e0 r\u00e9aliser. Ce professionnel mettra \u00e0 profit ses comp\u00e9tences ainsi que son savoir-faire en vue de la mise en \u0153uvre des travaux. Afin d\u2019appr\u00e9hender les raisons et les atouts pour lesquels, vous devez solliciter un architecte de restaurant et bar, il convient d\u2019aborder les t\u00e2ches auxquelles ce sp\u00e9cialiste peut r\u00e9pondre.<\/p>\n\t\t<\/div>\n\t\t\n\t\t<a class=\"elementor-post__read-more\" href=\"https:\/\/secondsouffle.co\/index.php\/2022\/01\/18\/amenager-linterieur-de-votre-restaurant-ou-bar-grace-a-un-architecte-dinterieur\/\" aria-label=\"En savoir plus sur Am\u00e9nager l&rsquo;int\u00e9rieur de votre restaurant ou bar gr\u00e2ce \u00e0 un architecte d&rsquo;int\u00e9rieur\" tabindex=\"-1\" target=\"_blank\">\n\t\t\tLire plus \u00bb\t\t<\/a>\n\n\t\t\t\t<\/div>\n\t\t\t\t<div class=\"elementor-post__meta-data\">\n\t\t\t\t\t<span class=\"elementor-post-author\">\n\t\t\tCamille Caire\t\t<\/span>\n\t\t\t\t<span class=\"elementor-post-date\">\n\t\t\t18 janvier 2022\t\t<\/span>\n\t\t\t\t<\/div>\n\t\t\t\t\t<\/div>\n\t\t<\/article>\n\t\t\t\t<article class=\"elementor-post elementor-grid-item post-15818 post type-post status-publish format-standard has-post-thumbnail hentry category-architecture-et-amenagement-interieur\" role=\"listitem\">\n\t\t\t<div class=\"elementor-post__card\">\n\t\t\t\t<a class=\"elementor-post__thumbnail__link\" href=\"https:\/\/secondsouffle.co\/index.php\/2022\/01\/17\/quest-ce-quun-decorateur-dinterieur\/\" tabindex=\"-1\" target=\"_blank\"><div class=\"elementor-post__thumbnail\"><img loading=\"lazy\" decoding=\"async\" width=\"768\" height=\"513\" src=\"https:\/\/secondsouffle.co\/wp-content\/uploads\/2022\/01\/decorateur-interieur-768x513.jpg\" class=\"attachment-medium_large size-medium_large wp-image-15819\" alt=\"\" srcset=\"https:\/\/secondsouffle.co\/wp-content\/uploads\/2022\/01\/decorateur-interieur-768x513.jpg 768w, https:\/\/secondsouffle.co\/wp-content\/uploads\/2022\/01\/decorateur-interieur-300x200.jpg 300w, https:\/\/secondsouffle.co\/wp-content\/uploads\/2022\/01\/decorateur-interieur-1024x683.jpg 1024w, https:\/\/secondsouffle.co\/wp-content\/uploads\/2022\/01\/decorateur-interieur-1536x1025.jpg 1536w, https:\/\/secondsouffle.co\/wp-content\/uploads\/2022\/01\/decorateur-interieur-2048x1367.jpg 2048w\" sizes=\"(max-width: 768px) 100vw, 768px\" \/><\/div><\/a>\n\t\t\t\t<div class=\"elementor-post__badge\">Architecture et am\u00e9nagement d&#039;int\u00e9rieur<\/div>\n\t\t\t\t<div class=\"elementor-post__text\">\n\t\t\t\t<h3 class=\"elementor-post__title\">\n\t\t\t<a href=\"https:\/\/secondsouffle.co\/index.php\/2022\/01\/17\/quest-ce-quun-decorateur-dinterieur\/\" target=&quot;_blank&quot;>\n\t\t\t\tQu&rsquo;est-ce qu&rsquo;un d\u00e9corateur d&rsquo;int\u00e9rieur ?\t\t\t<\/a>\n\t\t<\/h3>\n\t\t\t\t<div class=\"elementor-post__excerpt\">\n\t\t\t<p>Le d\u00e9corateur d\u2019int\u00e9rieur est un professionnel dont vous pouvez avoir besoin \u00e0 plusieurs occasions. Il est essentiellement form\u00e9 pour optimiser et harmoniser les espaces d\u2019une pi\u00e8ce et peut \u00eatre confondu \u00e0 un architecte d&rsquo;int\u00e9rieur. Comme pour tout m\u00e9tier s\u00e9rieux, il faut suivre un certain nombre de formations pour devenir un d\u00e9corateur d\u2019int\u00e9rieur. Ce travail a plusieurs sp\u00e9cificit\u00e9s. D\u00e9couvrez plus d\u2019informations concernant les aptitudes, les dipl\u00f4mes, les d\u00e9bouch\u00e9s de ce m\u00e9tier.<\/p>\n\t\t<\/div>\n\t\t\n\t\t<a class=\"elementor-post__read-more\" href=\"https:\/\/secondsouffle.co\/index.php\/2022\/01\/17\/quest-ce-quun-decorateur-dinterieur\/\" aria-label=\"En savoir plus sur Qu&rsquo;est-ce qu&rsquo;un d\u00e9corateur d&rsquo;int\u00e9rieur ?\" tabindex=\"-1\" target=\"_blank\">\n\t\t\tLire plus \u00bb\t\t<\/a>\n\n\t\t\t\t<\/div>\n\t\t\t\t<div class=\"elementor-post__meta-data\">\n\t\t\t\t\t<span class=\"elementor-post-author\">\n\t\t\tCamille Caire\t\t<\/span>\n\t\t\t\t<span class=\"elementor-post-date\">\n\t\t\t17 janvier 2022\t\t<\/span>\n\t\t\t\t<\/div>\n\t\t\t\t\t<\/div>\n\t\t<\/article>\n\t\t\t\t<article class=\"elementor-post elementor-grid-item post-15658 post type-post status-publish format-standard has-post-thumbnail hentry category-architecture-et-amenagement-interieur\" role=\"listitem\">\n\t\t\t<div class=\"elementor-post__card\">\n\t\t\t\t<a class=\"elementor-post__thumbnail__link\" href=\"https:\/\/secondsouffle.co\/index.php\/2021\/12\/20\/comment-bien-choisir-votre-verriere-dinterieur\/\" tabindex=\"-1\" target=\"_blank\"><div class=\"elementor-post__thumbnail\"><img loading=\"lazy\" decoding=\"async\" width=\"768\" height=\"512\" src=\"https:\/\/secondsouffle.co\/wp-content\/uploads\/2021\/12\/verriere-interieur-paris.-768x512.jpg\" class=\"attachment-medium_large size-medium_large wp-image-15668\" alt=\"\" srcset=\"https:\/\/secondsouffle.co\/wp-content\/uploads\/2021\/12\/verriere-interieur-paris.-768x512.jpg 768w, https:\/\/secondsouffle.co\/wp-content\/uploads\/2021\/12\/verriere-interieur-paris.-300x200.jpg 300w, https:\/\/secondsouffle.co\/wp-content\/uploads\/2021\/12\/verriere-interieur-paris.-1024x683.jpg 1024w, https:\/\/secondsouffle.co\/wp-content\/uploads\/2021\/12\/verriere-interieur-paris.-1536x1024.jpg 1536w, https:\/\/secondsouffle.co\/wp-content\/uploads\/2021\/12\/verriere-interieur-paris.-2048x1366.jpg 2048w\" sizes=\"(max-width: 768px) 100vw, 768px\" \/><\/div><\/a>\n\t\t\t\t<div class=\"elementor-post__badge\">Architecture et am\u00e9nagement d&#039;int\u00e9rieur<\/div>\n\t\t\t\t<div class=\"elementor-post__text\">\n\t\t\t\t<h3 class=\"elementor-post__title\">\n\t\t\t<a href=\"https:\/\/secondsouffle.co\/index.php\/2021\/12\/20\/comment-bien-choisir-votre-verriere-dinterieur\/\" target=&quot;_blank&quot;>\n\t\t\t\tComment bien choisir votre verri\u00e8re d&rsquo;int\u00e9rieur ?\t\t\t<\/a>\n\t\t<\/h3>\n\t\t\t\t<div class=\"elementor-post__excerpt\">\n\t\t\t<p>La verri\u00e8re est un accessoire tr\u00e8s pris\u00e9 dans le domaine de la d\u00e9coration int\u00e9rieure. Que ce soit du style loft ou style atelier d\u2019artiste, cet \u00e9l\u00e9ment apporte une touche originale \u00e0 votre pi\u00e8ce tout en optimisant le rendu visuel. En outre, la verri\u00e8re int\u00e9rieure permet de cloisonner ou s\u00e9parer les espaces sans perdre en convivialit\u00e9. Cependant, face \u00e0 la multiplicit\u00e9 des mod\u00e8les et marques sur le march\u00e9, le choix de la meilleure verri\u00e8re int\u00e9rieure peut devenir une t\u00e2che difficile.<\/p>\n\t\t<\/div>\n\t\t\n\t\t<a class=\"elementor-post__read-more\" href=\"https:\/\/secondsouffle.co\/index.php\/2021\/12\/20\/comment-bien-choisir-votre-verriere-dinterieur\/\" aria-label=\"En savoir plus sur Comment bien choisir votre verri\u00e8re d&rsquo;int\u00e9rieur ?\" tabindex=\"-1\" target=\"_blank\">\n\t\t\tLire plus \u00bb\t\t<\/a>\n\n\t\t\t\t<\/div>\n\t\t\t\t<div class=\"elementor-post__meta-data\">\n\t\t\t\t\t<span class=\"elementor-post-author\">\n\t\t\tCamille Caire\t\t<\/span>\n\t\t\t\t<span class=\"elementor-post-date\">\n\t\t\t20 d\u00e9cembre 2021\t\t<\/span>\n\t\t\t\t<\/div>\n\t\t\t\t\t<\/div>\n\t\t<\/article>\n\t\t\t\t<article class=\"elementor-post elementor-grid-item post-14952 post type-post status-publish format-standard has-post-thumbnail hentry category-architecture-et-amenagement-interieur\" role=\"listitem\">\n\t\t\t<div class=\"elementor-post__card\">\n\t\t\t\t<a class=\"elementor-post__thumbnail__link\" href=\"https:\/\/secondsouffle.co\/index.php\/2021\/09\/22\/connaissez-vous-les-differents-styles-architecturaux-de-paris\/\" tabindex=\"-1\" target=\"_blank\"><div class=\"elementor-post__thumbnail\"><img loading=\"lazy\" decoding=\"async\" width=\"768\" height=\"512\" src=\"https:\/\/secondsouffle.co\/wp-content\/uploads\/2021\/09\/apartments-in-paris--768x512.jpg\" class=\"attachment-medium_large size-medium_large wp-image-15080\" alt=\"Apartments in Paris.\" srcset=\"https:\/\/secondsouffle.co\/wp-content\/uploads\/2021\/09\/apartments-in-paris--768x512.jpg 768w, https:\/\/secondsouffle.co\/wp-content\/uploads\/2021\/09\/apartments-in-paris--300x200.jpg 300w, https:\/\/secondsouffle.co\/wp-content\/uploads\/2021\/09\/apartments-in-paris--1024x682.jpg 1024w, https:\/\/secondsouffle.co\/wp-content\/uploads\/2021\/09\/apartments-in-paris--1536x1024.jpg 1536w, https:\/\/secondsouffle.co\/wp-content\/uploads\/2021\/09\/apartments-in-paris-.jpg 2000w\" sizes=\"(max-width: 768px) 100vw, 768px\" \/><\/div><\/a>\n\t\t\t\t<div class=\"elementor-post__badge\">Architecture et am\u00e9nagement d&#039;int\u00e9rieur<\/div>\n\t\t\t\t<div class=\"elementor-post__text\">\n\t\t\t\t<h3 class=\"elementor-post__title\">\n\t\t\t<a href=\"https:\/\/secondsouffle.co\/index.php\/2021\/09\/22\/connaissez-vous-les-differents-styles-architecturaux-de-paris\/\" target=&quot;_blank&quot;>\n\t\t\t\tConnaissez-vous les diff\u00e9rents styles architecturaux de Paris ?\t\t\t<\/a>\n\t\t<\/h3>\n\t\t\t\t<div class=\"elementor-post__excerpt\">\n\t\t\t<p>Le placopl\u00e2tre ou placo est un mat\u00e9riau omnipr\u00e9sent dans le domaine de la construction. Il se pr\u00e9sente sous la forme de plaques de pl\u00e2tre utilis\u00e9es pour cr\u00e9er des cloisons, finir des murs ou des plafonds. Particuli\u00e8rement utilis\u00e9 dans l&rsquo;agencement des pi\u00e8ces d&rsquo;une habitation, le placopl\u00e2tre est \u00e0 la fois \u00e9cologique et \u00e9conomique. En effet, le placo est un mat\u00e9riau ne d\u00e9gageant aucune substance toxique et peu co\u00fbteux \u00e0 l&rsquo;achat.<\/p>\n\t\t<\/div>\n\t\t\n\t\t<a class=\"elementor-post__read-more\" href=\"https:\/\/secondsouffle.co\/index.php\/2021\/09\/22\/connaissez-vous-les-differents-styles-architecturaux-de-paris\/\" aria-label=\"En savoir plus sur Connaissez-vous les diff\u00e9rents styles architecturaux de Paris ?\" tabindex=\"-1\" target=\"_blank\">\n\t\t\tLire plus \u00bb\t\t<\/a>\n\n\t\t\t\t<\/div>\n\t\t\t\t<div class=\"elementor-post__meta-data\">\n\t\t\t\t\t<span class=\"elementor-post-author\">\n\t\t\tCamille Caire\t\t<\/span>\n\t\t\t\t<span class=\"elementor-post-date\">\n\t\t\t22 septembre 2021\t\t<\/span>\n\t\t\t\t<\/div>\n\t\t\t\t\t<\/div>\n\t\t<\/article>\n\t\t\t\t<article class=\"elementor-post elementor-grid-item post-14428 post type-post status-publish format-standard has-post-thumbnail hentry category-architecture-et-amenagement-interieur\" role=\"listitem\">\n\t\t\t<div class=\"elementor-post__card\">\n\t\t\t\t<a class=\"elementor-post__thumbnail__link\" href=\"https:\/\/secondsouffle.co\/index.php\/2021\/08\/24\/pourquoi-faire-fabriquer-un-meuble-sur-mesure\/\" tabindex=\"-1\" target=\"_blank\"><div class=\"elementor-post__thumbnail\"><img loading=\"lazy\" decoding=\"async\" width=\"768\" height=\"512\" src=\"https:\/\/secondsouffle.co\/wp-content\/uploads\/2021\/08\/closet-cabinets-assembly-768x512.jpg\" class=\"attachment-medium_large size-medium_large wp-image-14431\" alt=\"Closet Cabinets Assembly\" srcset=\"https:\/\/secondsouffle.co\/wp-content\/uploads\/2021\/08\/closet-cabinets-assembly-768x512.jpg 768w, https:\/\/secondsouffle.co\/wp-content\/uploads\/2021\/08\/closet-cabinets-assembly-300x200.jpg 300w, https:\/\/secondsouffle.co\/wp-content\/uploads\/2021\/08\/closet-cabinets-assembly-1024x682.jpg 1024w, https:\/\/secondsouffle.co\/wp-content\/uploads\/2021\/08\/closet-cabinets-assembly-1536x1024.jpg 1536w, https:\/\/secondsouffle.co\/wp-content\/uploads\/2021\/08\/closet-cabinets-assembly.jpg 2000w\" sizes=\"(max-width: 768px) 100vw, 768px\" \/><\/div><\/a>\n\t\t\t\t<div class=\"elementor-post__badge\">Architecture et am\u00e9nagement d&#039;int\u00e9rieur<\/div>\n\t\t\t\t<div class=\"elementor-post__text\">\n\t\t\t\t<h3 class=\"elementor-post__title\">\n\t\t\t<a href=\"https:\/\/secondsouffle.co\/index.php\/2021\/08\/24\/pourquoi-faire-fabriquer-un-meuble-sur-mesure\/\" target=&quot;_blank&quot;>\n\t\t\t\tPourquoi faire fabriquer un meuble sur-mesure ?\t\t\t<\/a>\n\t\t<\/h3>\n\t\t\t\t<div class=\"elementor-post__excerpt\">\n\t\t\t<p>Vous \u00eates \u00e0 la recherche d&rsquo;un mobilier pour votre logement ? \u00c0 d\u00e9faut de faire un achat dans une boutique sp\u00e9cialis\u00e9e, vous pouvez aussi proc\u00e9der \u00e0 une conception faite maison. C&rsquo;est un choix \u00e9conomiquement avantageux qui vous permet d&rsquo;avoir vos meubles sur-mesure. Si vous avez de la passion pour le bricolage, le DIY est particuli\u00e8rement fait pour vous. Autrement, vous pouvez aussi faire fabriquer vos meubles sur-mesure. Voici ce que vous avez \u00e0 y gagner.<\/p>\n\t\t<\/div>\n\t\t\n\t\t<a class=\"elementor-post__read-more\" href=\"https:\/\/secondsouffle.co\/index.php\/2021\/08\/24\/pourquoi-faire-fabriquer-un-meuble-sur-mesure\/\" aria-label=\"En savoir plus sur Pourquoi faire fabriquer un meuble sur-mesure ?\" tabindex=\"-1\" target=\"_blank\">\n\t\t\tLire plus \u00bb\t\t<\/a>\n\n\t\t\t\t<\/div>\n\t\t\t\t<div class=\"elementor-post__meta-data\">\n\t\t\t\t\t<span class=\"elementor-post-author\">\n\t\t\tCamille Caire\t\t<\/span>\n\t\t\t\t<span class=\"elementor-post-date\">\n\t\t\t24 ao\u00fbt 2021\t\t<\/span>\n\t\t\t\t<\/div>\n\t\t\t\t\t<\/div>\n\t\t<\/article>\n\t\t\t\t<article class=\"elementor-post elementor-grid-item post-13939 post type-post status-publish format-standard has-post-thumbnail hentry category-architecture-et-amenagement-interieur\" role=\"listitem\">\n\t\t\t<div class=\"elementor-post__card\">\n\t\t\t\t<a class=\"elementor-post__thumbnail__link\" href=\"https:\/\/secondsouffle.co\/index.php\/2021\/07\/16\/escalier-comment-bien-le-choisir\/\" tabindex=\"-1\" target=\"_blank\"><div class=\"elementor-post__thumbnail\"><img loading=\"lazy\" decoding=\"async\" width=\"768\" height=\"512\" src=\"https:\/\/secondsouffle.co\/wp-content\/uploads\/2021\/07\/escalier-comment-bien-le-choisir-768x512.jpg\" class=\"attachment-medium_large size-medium_large wp-image-13940\" alt=\"\" srcset=\"https:\/\/secondsouffle.co\/wp-content\/uploads\/2021\/07\/escalier-comment-bien-le-choisir-768x512.jpg 768w, https:\/\/secondsouffle.co\/wp-content\/uploads\/2021\/07\/escalier-comment-bien-le-choisir-300x200.jpg 300w, https:\/\/secondsouffle.co\/wp-content\/uploads\/2021\/07\/escalier-comment-bien-le-choisir-1024x683.jpg 1024w, https:\/\/secondsouffle.co\/wp-content\/uploads\/2021\/07\/escalier-comment-bien-le-choisir-1536x1024.jpg 1536w, https:\/\/secondsouffle.co\/wp-content\/uploads\/2021\/07\/escalier-comment-bien-le-choisir-2048x1365.jpg 2048w\" sizes=\"(max-width: 768px) 100vw, 768px\" \/><\/div><\/a>\n\t\t\t\t<div class=\"elementor-post__badge\">Architecture et am\u00e9nagement d&#039;int\u00e9rieur<\/div>\n\t\t\t\t<div class=\"elementor-post__text\">\n\t\t\t\t<h3 class=\"elementor-post__title\">\n\t\t\t<a href=\"https:\/\/secondsouffle.co\/index.php\/2021\/07\/16\/escalier-comment-bien-le-choisir\/\" target=&quot;_blank&quot;>\n\t\t\t\tEscalier : comment bien le choisir ?\t\t\t<\/a>\n\t\t<\/h3>\n\t\t\t\t<div class=\"elementor-post__excerpt\">\n\t\t\t<p>Qu&rsquo;il soit fixe ou mobile, l&rsquo;escalier est un ensemble de marches \u00e9chelonn\u00e9es qui permet de monter ou de descendre d&rsquo;un \u00e9tage \u00e0 un autre. Il joue aussi un r\u00f4le d\u00e9coratif non n\u00e9gligeable. Le choix du mod\u00e8le et des caract\u00e9ristiques de ce dernier ne doit en aucun cas se faire de fa\u00e7on hasardeuse. Voici quelques crit\u00e8res de choix qui vous seront utiles en ce sens.<\/p>\n\t\t<\/div>\n\t\t\n\t\t<a class=\"elementor-post__read-more\" href=\"https:\/\/secondsouffle.co\/index.php\/2021\/07\/16\/escalier-comment-bien-le-choisir\/\" aria-label=\"En savoir plus sur Escalier : comment bien le choisir ?\" tabindex=\"-1\" target=\"_blank\">\n\t\t\tLire plus \u00bb\t\t<\/a>\n\n\t\t\t\t<\/div>\n\t\t\t\t<div class=\"elementor-post__meta-data\">\n\t\t\t\t\t<span class=\"elementor-post-author\">\n\t\t\tCamille Caire\t\t<\/span>\n\t\t\t\t<span class=\"elementor-post-date\">\n\t\t\t16 juillet 2021\t\t<\/span>\n\t\t\t\t<\/div>\n\t\t\t\t\t<\/div>\n\t\t<\/article>\n\t\t\t\t<article class=\"elementor-post elementor-grid-item post-13130 post type-post status-publish format-standard has-post-thumbnail hentry category-architecture-et-amenagement-interieur category-deco-et-tendance\" role=\"listitem\">\n\t\t\t<div class=\"elementor-post__card\">\n\t\t\t\t<a class=\"elementor-post__thumbnail__link\" href=\"https:\/\/secondsouffle.co\/index.php\/2021\/07\/05\/evier-de-cuisine-quelle-matiere-choisir\/\" tabindex=\"-1\" target=\"_blank\"><div class=\"elementor-post__thumbnail\"><img loading=\"lazy\" decoding=\"async\" width=\"768\" height=\"1152\" src=\"https:\/\/secondsouffle.co\/wp-content\/uploads\/2021\/07\/evier-cuisine-quelle-matiere-choisir-768x1152.jpg\" class=\"attachment-medium_large size-medium_large wp-image-13131\" alt=\"\" srcset=\"https:\/\/secondsouffle.co\/wp-content\/uploads\/2021\/07\/evier-cuisine-quelle-matiere-choisir-768x1152.jpg 768w, https:\/\/secondsouffle.co\/wp-content\/uploads\/2021\/07\/evier-cuisine-quelle-matiere-choisir-200x300.jpg 200w, https:\/\/secondsouffle.co\/wp-content\/uploads\/2021\/07\/evier-cuisine-quelle-matiere-choisir-683x1024.jpg 683w, https:\/\/secondsouffle.co\/wp-content\/uploads\/2021\/07\/evier-cuisine-quelle-matiere-choisir-1024x1536.jpg 1024w, https:\/\/secondsouffle.co\/wp-content\/uploads\/2021\/07\/evier-cuisine-quelle-matiere-choisir-1365x2048.jpg 1365w\" sizes=\"(max-width: 768px) 100vw, 768px\" \/><\/div><\/a>\n\t\t\t\t<div class=\"elementor-post__badge\">Architecture et am\u00e9nagement d&#039;int\u00e9rieur<\/div>\n\t\t\t\t<div class=\"elementor-post__text\">\n\t\t\t\t<h3 class=\"elementor-post__title\">\n\t\t\t<a href=\"https:\/\/secondsouffle.co\/index.php\/2021\/07\/05\/evier-de-cuisine-quelle-matiere-choisir\/\" target=&quot;_blank&quot;>\n\t\t\t\tEvier de cuisine : quelle mati\u00e8re choisir ?\t\t\t<\/a>\n\t\t<\/h3>\n\t\t\t\t<div class=\"elementor-post__excerpt\">\n\t\t\t<p>Autrefois consid\u00e9r\u00e9 comme un simple \u00e9l\u00e9ment pratique de la cuisine, l\u2019\u00e9vier est aujourd\u2019hui un \u00e9l\u00e9ment d\u00e9coratif. Gr\u00e2ce \u00e0 ses diverses caract\u00e9ristiques, il devient un \u00e9quipement \u00e0 part enti\u00e8re de la cuisine. Entre la c\u00e9ramique, le granit, l\u2019inox ou le verre, le choix est vaste. D\u00e9couvrez ici la mati\u00e8re que vous pouvez choisir pour votre \u00e9vier de cuisine.<\/p>\n\t\t<\/div>\n\t\t\n\t\t<a class=\"elementor-post__read-more\" href=\"https:\/\/secondsouffle.co\/index.php\/2021\/07\/05\/evier-de-cuisine-quelle-matiere-choisir\/\" aria-label=\"En savoir plus sur Evier de cuisine : quelle mati\u00e8re choisir ?\" tabindex=\"-1\" target=\"_blank\">\n\t\t\tLire plus \u00bb\t\t<\/a>\n\n\t\t\t\t<\/div>\n\t\t\t\t<div class=\"elementor-post__meta-data\">\n\t\t\t\t\t<span class=\"elementor-post-author\">\n\t\t\tCamille Caire\t\t<\/span>\n\t\t\t\t<span class=\"elementor-post-date\">\n\t\t\t5 juillet 2021\t\t<\/span>\n\t\t\t\t<\/div>\n\t\t\t\t\t<\/div>\n\t\t<\/article>\n\t\t\t\t<article class=\"elementor-post elementor-grid-item post-12664 post type-post status-publish format-standard has-post-thumbnail hentry category-architecture-et-amenagement-interieur\" role=\"listitem\">\n\t\t\t<div class=\"elementor-post__card\">\n\t\t\t\t<a class=\"elementor-post__thumbnail__link\" href=\"https:\/\/secondsouffle.co\/index.php\/2021\/05\/18\/quelles-sont-les-missions-dun-architecte-dinterieur\/\" tabindex=\"-1\" target=\"_blank\"><div class=\"elementor-post__thumbnail\"><img loading=\"lazy\" decoding=\"async\" width=\"768\" height=\"512\" src=\"https:\/\/secondsouffle.co\/wp-content\/uploads\/2021\/05\/architecte-interieur-missions-768x512.jpg\" class=\"attachment-medium_large size-medium_large wp-image-12667\" alt=\"Les missions d&#039;un architecte d&#039;int\u00e9rieur\" srcset=\"https:\/\/secondsouffle.co\/wp-content\/uploads\/2021\/05\/architecte-interieur-missions-768x512.jpg 768w, https:\/\/secondsouffle.co\/wp-content\/uploads\/2021\/05\/architecte-interieur-missions-300x200.jpg 300w, https:\/\/secondsouffle.co\/wp-content\/uploads\/2021\/05\/architecte-interieur-missions-1024x683.jpg 1024w, https:\/\/secondsouffle.co\/wp-content\/uploads\/2021\/05\/architecte-interieur-missions-1536x1024.jpg 1536w, https:\/\/secondsouffle.co\/wp-content\/uploads\/2021\/05\/architecte-interieur-missions-2048x1365.jpg 2048w\" sizes=\"(max-width: 768px) 100vw, 768px\" \/><\/div><\/a>\n\t\t\t\t<div class=\"elementor-post__badge\">Architecture et am\u00e9nagement d&#039;int\u00e9rieur<\/div>\n\t\t\t\t<div class=\"elementor-post__text\">\n\t\t\t\t<h3 class=\"elementor-post__title\">\n\t\t\t<a href=\"https:\/\/secondsouffle.co\/index.php\/2021\/05\/18\/quelles-sont-les-missions-dun-architecte-dinterieur\/\" target=&quot;_blank&quot;>\n\t\t\t\tQuelles sont les missions d&rsquo;un architecte d&rsquo;int\u00e9rieur ?\t\t\t<\/a>\n\t\t<\/h3>\n\t\t\t\t<div class=\"elementor-post__excerpt\">\n\t\t\t<p>V\u00e9ritable expert de l\u2019am\u00e9nagement et de l\u2019optimisation des espaces, l\u2019architecte d\u2019int\u00e9rieur sera votre meilleur ami pour mener \u00e0 bien votre projet d\u2019int\u00e9rieur. Dans cet article, nous vous aidons \u00e0 comprendre les missions et les \u00e9tapes cl\u00e9s d\u2019une collaboration avec un architecte d\u2019int\u00e9rieur. D\u00e9couvrez \u00e9galement, les qualit\u00e9s requises \u00e0 reconna\u00eetre chez lui.<\/p>\n\t\t<\/div>\n\t\t\n\t\t<a class=\"elementor-post__read-more\" href=\"https:\/\/secondsouffle.co\/index.php\/2021\/05\/18\/quelles-sont-les-missions-dun-architecte-dinterieur\/\" aria-label=\"En savoir plus sur Quelles sont les missions d&rsquo;un architecte d&rsquo;int\u00e9rieur ?\" tabindex=\"-1\" target=\"_blank\">\n\t\t\tLire plus \u00bb\t\t<\/a>\n\n\t\t\t\t<\/div>\n\t\t\t\t<div class=\"elementor-post__meta-data\">\n\t\t\t\t\t<span class=\"elementor-post-author\">\n\t\t\tCamille Caire\t\t<\/span>\n\t\t\t\t<span class=\"elementor-post-date\">\n\t\t\t18 mai 2021\t\t<\/span>\n\t\t\t\t<\/div>\n\t\t\t\t\t<\/div>\n\t\t<\/article>\n\t\t\t\t<article class=\"elementor-post elementor-grid-item post-9824 post type-post status-publish format-standard has-post-thumbnail hentry category-architecture-et-amenagement-interieur\" role=\"listitem\">\n\t\t\t<div class=\"elementor-post__card\">\n\t\t\t\t<a class=\"elementor-post__thumbnail__link\" href=\"https:\/\/secondsouffle.co\/index.php\/2021\/01\/20\/prises-et-interrupteurs-ou-les-placer-dans-une-chambre\/\" tabindex=\"-1\" target=\"_blank\"><div class=\"elementor-post__thumbnail\"><img loading=\"lazy\" decoding=\"async\" width=\"768\" height=\"678\" src=\"https:\/\/secondsouffle.co\/wp-content\/uploads\/2021\/01\/Prises-et-interrupteurs-ou-les-placer-dans-une-chambre-768x678.jpg\" class=\"attachment-medium_large size-medium_large wp-image-9825\" alt=\"\" srcset=\"https:\/\/secondsouffle.co\/wp-content\/uploads\/2021\/01\/Prises-et-interrupteurs-ou-les-placer-dans-une-chambre-768x678.jpg 768w, https:\/\/secondsouffle.co\/wp-content\/uploads\/2021\/01\/Prises-et-interrupteurs-ou-les-placer-dans-une-chambre-300x265.jpg 300w, https:\/\/secondsouffle.co\/wp-content\/uploads\/2021\/01\/Prises-et-interrupteurs-ou-les-placer-dans-une-chambre-1024x904.jpg 1024w, https:\/\/secondsouffle.co\/wp-content\/uploads\/2021\/01\/Prises-et-interrupteurs-ou-les-placer-dans-une-chambre-1536x1355.jpg 1536w, https:\/\/secondsouffle.co\/wp-content\/uploads\/2021\/01\/Prises-et-interrupteurs-ou-les-placer-dans-une-chambre-2048x1807.jpg 2048w\" sizes=\"(max-width: 768px) 100vw, 768px\" \/><\/div><\/a>\n\t\t\t\t<div class=\"elementor-post__badge\">Architecture et am\u00e9nagement d&#039;int\u00e9rieur<\/div>\n\t\t\t\t<div class=\"elementor-post__text\">\n\t\t\t\t<h3 class=\"elementor-post__title\">\n\t\t\t<a href=\"https:\/\/secondsouffle.co\/index.php\/2021\/01\/20\/prises-et-interrupteurs-ou-les-placer-dans-une-chambre\/\" target=&quot;_blank&quot;>\n\t\t\t\tPrises et interrupteurs : o\u00f9 les placer dans une chambre ?\t\t\t<\/a>\n\t\t<\/h3>\n\t\t\t\t<div class=\"elementor-post__excerpt\">\n\t\t\t<p>Chez Second Souffle, avant le d\u00e9marrage des travaux, nous vous demandons pour chaque pi\u00e8ce de votre logement, de penser au plan \u00e9lectrique pour que vous ayez un usage confortable au quotidien. Anticiper vos besoins, c\u2019est permettre de passer un maximum de c\u00e2bles dans les murs pour ne pas laisser les fils apparents mais aussi de ne pas perdre du temps durant le chantier (ce qui pourrait d\u00e9caler la livraison du projet). <\/p>\n\t\t<\/div>\n\t\t\n\t\t<a class=\"elementor-post__read-more\" href=\"https:\/\/secondsouffle.co\/index.php\/2021\/01\/20\/prises-et-interrupteurs-ou-les-placer-dans-une-chambre\/\" aria-label=\"En savoir plus sur Prises et interrupteurs : o\u00f9 les placer dans une chambre ?\" tabindex=\"-1\" target=\"_blank\">\n\t\t\tLire plus \u00bb\t\t<\/a>\n\n\t\t\t\t<\/div>\n\t\t\t\t<div class=\"elementor-post__meta-data\">\n\t\t\t\t\t<span class=\"elementor-post-author\">\n\t\t\tCamille Caire\t\t<\/span>\n\t\t\t\t<span class=\"elementor-post-date\">\n\t\t\t20 janvier 2021\t\t<\/span>\n\t\t\t\t<\/div>\n\t\t\t\t\t<\/div>\n\t\t<\/article>\n\t\t\t\t<article class=\"elementor-post elementor-grid-item post-9244 post type-post status-publish format-standard has-post-thumbnail hentry category-architecture-et-amenagement-interieur\" role=\"listitem\">\n\t\t\t<div class=\"elementor-post__card\">\n\t\t\t\t<a class=\"elementor-post__thumbnail__link\" href=\"https:\/\/secondsouffle.co\/index.php\/2020\/12\/07\/10-conseils-pour-bien-ranger-son-dressing-et-en-finir-avec-la-pagaille\/\" tabindex=\"-1\" target=\"_blank\"><div class=\"elementor-post__thumbnail\"><img loading=\"lazy\" decoding=\"async\" width=\"768\" height=\"576\" src=\"https:\/\/secondsouffle.co\/wp-content\/uploads\/2020\/12\/10-conseils-pour-un-dressing-bien-range-768x576.jpg\" class=\"attachment-medium_large size-medium_large wp-image-9245\" alt=\"\" srcset=\"https:\/\/secondsouffle.co\/wp-content\/uploads\/2020\/12\/10-conseils-pour-un-dressing-bien-range-768x576.jpg 768w, https:\/\/secondsouffle.co\/wp-content\/uploads\/2020\/12\/10-conseils-pour-un-dressing-bien-range-300x225.jpg 300w, https:\/\/secondsouffle.co\/wp-content\/uploads\/2020\/12\/10-conseils-pour-un-dressing-bien-range-1024x768.jpg 1024w, https:\/\/secondsouffle.co\/wp-content\/uploads\/2020\/12\/10-conseils-pour-un-dressing-bien-range-1536x1152.jpg 1536w, https:\/\/secondsouffle.co\/wp-content\/uploads\/2020\/12\/10-conseils-pour-un-dressing-bien-range-2048x1536.jpg 2048w\" sizes=\"(max-width: 768px) 100vw, 768px\" \/><\/div><\/a>\n\t\t\t\t<div class=\"elementor-post__badge\">Architecture et am\u00e9nagement d&#039;int\u00e9rieur<\/div>\n\t\t\t\t<div class=\"elementor-post__text\">\n\t\t\t\t<h3 class=\"elementor-post__title\">\n\t\t\t<a href=\"https:\/\/secondsouffle.co\/index.php\/2020\/12\/07\/10-conseils-pour-bien-ranger-son-dressing-et-en-finir-avec-la-pagaille\/\" target=&quot;_blank&quot;>\n\t\t\t\t10 conseils pour bien ranger son dressing (et en finir avec la pagaille !)\t\t\t<\/a>\n\t\t<\/h3>\n\t\t\t\t<div class=\"elementor-post__excerpt\">\n\t\t\t<p>Vous avez trop de v\u00eatements ou bien pas assez de places pour les ranger ? Vos v\u00eatements d\u00e9bordent tellement que vous ne pouvez plus fermer les portes ? Souvent avec un peu d\u2019organisation et d\u2019optimisation, vous arriverez \u00e0 y voir plus clair et \u00e0 rendre votre dressing plus fonctionnel gr\u00e2ce au tri, \u00e0 la disposition des v\u00eatements et \u00e0 de petits d\u00e9tails. Dans cet article, on vous donne 10 conseils sur le rangement m\u00e9thodique qui facilitera le choix de vos v\u00eatements au quotidien. Vous aussi vous avez le droit \u00e0 un dressing structur\u00e9 qui fait r\u00eaver !<\/p>\n\t\t<\/div>\n\t\t\n\t\t<a class=\"elementor-post__read-more\" href=\"https:\/\/secondsouffle.co\/index.php\/2020\/12\/07\/10-conseils-pour-bien-ranger-son-dressing-et-en-finir-avec-la-pagaille\/\" aria-label=\"En savoir plus sur 10 conseils pour bien ranger son dressing (et en finir avec la pagaille !)\" tabindex=\"-1\" target=\"_blank\">\n\t\t\tLire plus \u00bb\t\t<\/a>\n\n\t\t\t\t<\/div>\n\t\t\t\t<div class=\"elementor-post__meta-data\">\n\t\t\t\t\t<span class=\"elementor-post-author\">\n\t\t\tCamille Caire\t\t<\/span>\n\t\t\t\t<span class=\"elementor-post-date\">\n\t\t\t7 d\u00e9cembre 2020\t\t<\/span>\n\t\t\t\t<\/div>\n\t\t\t\t\t<\/div>\n\t\t<\/article>\n\t\t\t\t<\/div>\n\t\t\n\t\t\t\t<div class=\"e-load-more-anchor\" data-page=\"1\" data-max-page=\"3\" data-next-page=\"https:\/\/secondsouffle.co\/index.php\/wp-json\/wp\/v2\/pages\/11546\/page\/2\/\"><\/div>\n\t\t\t\t<nav class=\"elementor-pagination\" aria-label=\"Pagination\">\n\t\t\t<span class=\"page-numbers prev\">&laquo; Pr\u00e9c\u00e9dent<\/span>\n<span aria-current=\"page\" class=\"page-numbers current\"><span class=\"elementor-screen-only\">Page<\/span>1<\/span>\n<a class=\"page-numbers\" href=\"https:\/\/secondsouffle.co\/index.php\/wp-json\/wp\/v2\/pages\/11546\/page\/2\/\"><span class=\"elementor-screen-only\">Page<\/span>2<\/a>\n<a class=\"page-numbers\" href=\"https:\/\/secondsouffle.co\/index.php\/wp-json\/wp\/v2\/pages\/11546\/page\/3\/\"><span class=\"elementor-screen-only\">Page<\/span>3<\/a>\n<a class=\"page-numbers next\" href=\"https:\/\/secondsouffle.co\/index.php\/wp-json\/wp\/v2\/pages\/11546\/page\/2\/\">Suivant &raquo;<\/a>\t\t<\/nav>\n\t\t\t\t\t\t<\/div>\n\t\t\t\t<\/div>\n\t\t\t\t\t<\/div>\n\t\t<\/div>\n\t\t\t\t\t<\/div>\n\t\t<\/section>\n\t\t\t\t<\/div>\n\t\t","protected":false},"excerpt":{"rendered":"<p>Pour am\u00e9nager une pi\u00e8ce ou votre logement entier, d\u00e9couvrez tous nos conseils pratiques et id\u00e9es !<\/p>\n","protected":false},"author":1,"featured_media":9019,"parent":0,"menu_order":0,"comment_status":"closed","ping_status":"closed","template":"","meta":{"_monsterinsights_skip_tracking":false,"_monsterinsights_sitenote_active":false,"_monsterinsights_sitenote_note":"","_monsterinsights_sitenote_category":0,"footnotes":""},"class_list":["post-11546","page","type-page","status-publish","has-post-thumbnail","hentry"],"aioseo_notices":[],"amp_enabled":true,"_links":{"self":[{"href":"https:\/\/secondsouffle.co\/index.php\/wp-json\/wp\/v2\/pages\/11546","targetHints":{"allow":["GET"]}}],"collection":[{"href":"https:\/\/secondsouffle.co\/index.php\/wp-json\/wp\/v2\/pages"}],"about":[{"href":"https:\/\/secondsouffle.co\/index.php\/wp-json\/wp\/v2\/types\/page"}],"author":[{"embeddable":true,"href":"https:\/\/secondsouffle.co\/index.php\/wp-json\/wp\/v2\/users\/1"}],"replies":[{"embeddable":true,"href":"https:\/\/secondsouffle.co\/index.php\/wp-json\/wp\/v2\/comments?post=11546"}],"version-history":[{"count":0,"href":"https:\/\/secondsouffle.co\/index.php\/wp-json\/wp\/v2\/pages\/11546\/revisions"}],"wp:featuredmedia":[{"embeddable":true,"href":"https:\/\/secondsouffle.co\/index.php\/wp-json\/wp\/v2\/media\/9019"}],"wp:attachment":[{"href":"https:\/\/secondsouffle.co\/index.php\/wp-json\/wp\/v2\/media?parent=11546"}],"curies":[{"name":"wp","href":"https:\/\/api.w.org\/{rel}","templated":true}]}}