{"id":1688,"date":"2020-03-31T10:14:18","date_gmt":"2020-03-31T08:14:18","guid":{"rendered":"http:\/\/secondsouffle.co\/?page_id=1688"},"modified":"2021-09-21T16:12:41","modified_gmt":"2021-09-21T14:12:41","slug":"surelevation-paris","status":"publish","type":"page","link":"https:\/\/secondsouffle.co\/index.php\/surelevation-paris\/","title":{"rendered":"Sur\u00e9l\u00e9vation Paris"},"content":{"rendered":"\t\t<div data-elementor-type=\"wp-page\" data-elementor-id=\"1688\" class=\"elementor elementor-1688\" data-elementor-settings=\"{&quot;ha_cmc_init_switcher&quot;:&quot;no&quot;}\" data-elementor-post-type=\"page\">\n\t\t\t\t\t\t<section class=\"elementor-section elementor-top-section elementor-element elementor-element-32f3e006 elementor-section-content-middle elementor-section-boxed elementor-section-height-default elementor-section-height-default\" data-id=\"32f3e006\" data-element_type=\"section\" data-e-type=\"section\" data-settings=\"{&quot;background_background&quot;:&quot;gradient&quot;,&quot;_ha_eqh_enable&quot;:false}\">\n\t\t\t\t\t\t<div class=\"elementor-container elementor-column-gap-no\">\n\t\t\t\t\t<div class=\"elementor-column elementor-col-100 elementor-top-column elementor-element elementor-element-7dc5c274\" data-id=\"7dc5c274\" data-element_type=\"column\" data-e-type=\"column\">\n\t\t\t<div class=\"elementor-widget-wrap elementor-element-populated\">\n\t\t\t\t\t\t<div class=\"elementor-element elementor-element-7921eae elementor-widget elementor-widget-heading\" data-id=\"7921eae\" data-element_type=\"widget\" data-e-type=\"widget\" data-widget_type=\"heading.default\">\n\t\t\t\t<div class=\"elementor-widget-container\">\n\t\t\t\t\t<h1 class=\"elementor-heading-title elementor-size-default\">La sur\u00e9l\u00e9vation \u00e0 Paris<\/h1>\t\t\t\t<\/div>\n\t\t\t\t<\/div>\n\t\t\t\t<div class=\"elementor-element elementor-element-8069246 elementor-widget elementor-widget-text-editor\" data-id=\"8069246\" data-element_type=\"widget\" data-e-type=\"widget\" data-widget_type=\"text-editor.default\">\n\t\t\t\t<div class=\"elementor-widget-container\">\n\t\t\t\t\t\t\t\t\t<p>Rendre votre exp\u00e9rience des travaux accessible et paisible avec Second Souffle<\/p>\t\t\t\t\t\t\t\t<\/div>\n\t\t\t\t<\/div>\n\t\t\t\t\t<\/div>\n\t\t<\/div>\n\t\t\t\t\t<\/div>\n\t\t<\/section>\n\t\t\t\t<section class=\"elementor-section elementor-top-section elementor-element elementor-element-8e2af8e elementor-section-boxed elementor-section-height-default elementor-section-height-default\" data-id=\"8e2af8e\" data-element_type=\"section\" data-e-type=\"section\" data-settings=\"{&quot;_ha_eqh_enable&quot;:false}\">\n\t\t\t\t\t\t<div class=\"elementor-container elementor-column-gap-default\">\n\t\t\t\t\t<div class=\"elementor-column elementor-col-100 elementor-top-column elementor-element elementor-element-08049b0\" data-id=\"08049b0\" data-element_type=\"column\" data-e-type=\"column\">\n\t\t\t<div class=\"elementor-widget-wrap elementor-element-populated\">\n\t\t\t\t\t\t<div class=\"elementor-element elementor-element-d3e0716 elementor-widget elementor-widget-theme-post-featured-image elementor-widget-image\" data-id=\"d3e0716\" data-element_type=\"widget\" data-e-type=\"widget\" data-widget_type=\"theme-post-featured-image.default\">\n\t\t\t\t<div class=\"elementor-widget-container\">\n\t\t\t\t\t\t\t\t\t\t\t\t<figure class=\"wp-caption\">\n\t\t\t\t\t\t\t\t\t\t<img decoding=\"async\" src=\"https:\/\/secondsouffle.co\/wp-content\/uploads\/elementor\/thumbs\/sur\u00e9l\u00e9vation-paris-p7pfk4x8d7ie2qhcyelqgq2op1bngy5m8wakoe8wvk.jpg\" title=\"sur\u00e9l\u00e9vation paris\" alt=\"sur\u00e9l\u00e9vation paris\" loading=\"lazy\" \/>\t\t\t\t\t\t\t\t\t\t\t<figcaption class=\"widget-image-caption wp-caption-text\">Source : Pinterest<\/figcaption>\n\t\t\t\t\t\t\t\t\t\t<\/figure>\n\t\t\t\t\t\t\t\t\t<\/div>\n\t\t\t\t<\/div>\n\t\t\t\t<div class=\"elementor-element elementor-element-2b10ca5 elementor-widget elementor-widget-text-editor\" data-id=\"2b10ca5\" data-element_type=\"widget\" data-e-type=\"widget\" data-widget_type=\"text-editor.default\">\n\t\t\t\t<div class=\"elementor-widget-container\">\n\t\t\t\t\t\t\t\t\t<p>La n\u00e9cessit\u00e9 de sur\u00e9lever un immeuble dans les grandes agglom\u00e9rations tombe sous le sens. Cependant, celle-ci peut, dans les faits, <strong><span style=\"color: #333333;\">s\u2019av\u00e9rer complexe \u00e0 mettre oeuvre<\/span><\/strong>, notamment lorsqu\u2019on est seul \u00e0 porter ce projet.\u00a0<\/p>\t\t\t\t\t\t\t\t<\/div>\n\t\t\t\t<\/div>\n\t\t\t\t<div class=\"elementor-element elementor-element-adb6ecd elementor-widget elementor-widget-spacer\" data-id=\"adb6ecd\" data-element_type=\"widget\" data-e-type=\"widget\" data-widget_type=\"spacer.default\">\n\t\t\t\t<div class=\"elementor-widget-container\">\n\t\t\t\t\t\t\t<div class=\"elementor-spacer\">\n\t\t\t<div class=\"elementor-spacer-inner\"><\/div>\n\t\t<\/div>\n\t\t\t\t\t\t<\/div>\n\t\t\t\t<\/div>\n\t\t\t\t<div class=\"elementor-element elementor-element-1a1c5be elementor-widget elementor-widget-heading\" data-id=\"1a1c5be\" data-element_type=\"widget\" data-e-type=\"widget\" data-widget_type=\"heading.default\">\n\t\t\t\t<div class=\"elementor-widget-container\">\n\t\t\t\t\t<h2 class=\"elementor-heading-title elementor-size-default\">La sur\u00e9l\u00e9vation \u00e0 Paris <\/h2>\t\t\t\t<\/div>\n\t\t\t\t<\/div>\n\t\t\t\t<div class=\"elementor-element elementor-element-f203b0f elementor-widget elementor-widget-text-editor\" data-id=\"f203b0f\" data-element_type=\"widget\" data-e-type=\"widget\" data-widget_type=\"text-editor.default\">\n\t\t\t\t<div class=\"elementor-widget-container\">\n\t\t\t\t\t\t\t\t\t<p>Paris est une des <strong><span style=\"color: #333333;\">capitales les moins hautes<\/span><\/strong> en terme de b\u00e2timents. En effet, dans des quartiers, la hauteur est plafonn\u00e9e \u00e0 25 ou 37 m\u00e8tres selon la localisation. Un plafonnement qui fait suite \u00e0 la multiplication des sur\u00e9l\u00e9vations \u00e0 partir de 1880, encourag\u00e9e par l\u2019arriv\u00e9e de l\u2019ascenseur. N\u00e9anmoins, il a fallu freiner cette solution de facilit\u00e9 car la population a grandi de mani\u00e8re beaucoup trop importante pour continuer \u00e0 utiliser ce genre de technique. La population est effectivement pass\u00e9e de <strong><span style=\"color: #333333;\">1,6 million d&rsquo;habitants en 1860 \u00e0 2,9 millions en 1914,<\/span> <\/strong>entra\u00eenant donc la sur\u00e9l\u00e9vation <strong><span style=\"color: #333333;\">de 10% des immeubles.<\/span><\/strong> La sur\u00e9l\u00e9vation d\u2019immeubles a ensuite connu un ralentissement \u00e0 partir des ann\u00e9es 1960-1970, avec le durcissement de la l\u00e9gislation et l\u2019apparition des copropri\u00e9t\u00e9s.\u00a0<\/p>\t\t\t\t\t\t\t\t<\/div>\n\t\t\t\t<\/div>\n\t\t\t\t<div class=\"elementor-element elementor-element-634ee83 elementor-widget elementor-widget-spacer\" data-id=\"634ee83\" data-element_type=\"widget\" data-e-type=\"widget\" data-widget_type=\"spacer.default\">\n\t\t\t\t<div class=\"elementor-widget-container\">\n\t\t\t\t\t\t\t<div class=\"elementor-spacer\">\n\t\t\t<div class=\"elementor-spacer-inner\"><\/div>\n\t\t<\/div>\n\t\t\t\t\t\t<\/div>\n\t\t\t\t<\/div>\n\t\t\t\t<div class=\"elementor-element elementor-element-3562e7f elementor-widget elementor-widget-heading\" data-id=\"3562e7f\" data-element_type=\"widget\" data-e-type=\"widget\" data-widget_type=\"heading.default\">\n\t\t\t\t<div class=\"elementor-widget-container\">\n\t\t\t\t\t<h3 class=\"elementor-heading-title elementor-size-default\">Une l\u00e9gislation plus favorable depuis la loi ALUR<\/h3>\t\t\t\t<\/div>\n\t\t\t\t<\/div>\n\t\t\t\t<div class=\"elementor-element elementor-element-82b1d27 elementor-widget elementor-widget-text-editor\" data-id=\"82b1d27\" data-element_type=\"widget\" data-e-type=\"widget\" data-widget_type=\"text-editor.default\">\n\t\t\t\t<div class=\"elementor-widget-container\">\n\t\t\t\t\t\t\t\t\t<p>Gr\u00e2ce \u00e0 l\u2019entr\u00e9e en vigueur de <strong><span style=\"color: #333333;\"><span style=\"text-decoration: underline;\"><span style=\"color: #da2445; text-decoration: underline;\"><a style=\"color: #da2445; text-decoration: underline;\" href=\"https:\/\/www.legifrance.gouv.fr\/affichTexte.do?cidTexte=JORFTEXT000028772256&amp;categorieLien=id\" target=\"_blank\" rel=\"noopener\">la loi ALUR<\/a><\/span><\/span> et du nouveau <span style=\"text-decoration: underline; color: #da2445;\"><a style=\"color: #da2445; text-decoration: underline;\" href=\"https:\/\/www.paris.fr\/pages\/le-plan-local-d-urbanisme-plu-2329\" target=\"_blank\" rel=\"noopener\">Plan Local d\u2019Urbanisme<\/a><\/span> de Paris<\/span><\/strong>, la sur\u00e9l\u00e9vation conna\u00eet un nouvel essor d\u00e8s 2014. En effet, ces mesures ont contribu\u00e9 \u00e0 assouplir la r\u00e9glementation en mati\u00e8re de sur\u00e9l\u00e9vation :\u00a0<\/p><ul><li><strong><span style=\"color: #333333;\">La suppression du <a href=\"https:\/\/www.journaldelagence.com\/1118553-urbanisme-cos-pos-plu-les-nouvelles-regles-du-jeu\" target=\"_blank\" rel=\"noopener\"><span style=\"text-decoration: underline; color: #da2445;\">COS<\/span><\/a><\/span><\/strong> (Coefficient d\u2019Occupation des Sols) a annul\u00e9 la limite de densit\u00e9 des parcelles au profit de r\u00e8gles moins contraignantes (li\u00e9es \u00e0 la volum\u00e9trie et au paysage).\u00a0<\/li><\/ul><ul><li><strong><span style=\"color: #333333;\">La hauteur maximale des immeubles<\/span><\/strong> peut maintenant s\u2019aligner sur la hauteur des b\u00e2timents voisins.\u00a0<\/li><\/ul><ul><li>Il ne faut d\u00e9sormais que<strong><span style=\"color: #333333;\"> \u2154 des voix des copropri\u00e9taires<\/span><\/strong> pour valider l\u2019autorisation de sur\u00e9lever (au lieu de l\u2019unanimit\u00e9)<\/li><li>Les copropri\u00e9taires du dernier \u00e9tage <strong><span style=\"color: #333333;\">ne disposent plus d\u2019un droit de veto sur la sur\u00e9l\u00e9vation<\/span><\/strong>, mais disposent d\u2019un droit de priorit\u00e9 s\u2019ils souhaitent acheter un ou plusieurs des nouveaux lots cr\u00e9\u00e9s.<\/li><\/ul>\t\t\t\t\t\t\t\t<\/div>\n\t\t\t\t<\/div>\n\t\t\t\t<div class=\"elementor-element elementor-element-95f5a3d elementor-widget elementor-widget-spacer\" data-id=\"95f5a3d\" data-element_type=\"widget\" data-e-type=\"widget\" data-widget_type=\"spacer.default\">\n\t\t\t\t<div class=\"elementor-widget-container\">\n\t\t\t\t\t\t\t<div class=\"elementor-spacer\">\n\t\t\t<div class=\"elementor-spacer-inner\"><\/div>\n\t\t<\/div>\n\t\t\t\t\t\t<\/div>\n\t\t\t\t<\/div>\n\t\t\t\t<div class=\"elementor-element elementor-element-13379eb elementor-widget elementor-widget-heading\" data-id=\"13379eb\" data-element_type=\"widget\" data-e-type=\"widget\" data-widget_type=\"heading.default\">\n\t\t\t\t<div class=\"elementor-widget-container\">\n\t\t\t\t\t<h3 class=\"elementor-heading-title elementor-size-default\">Paris, ville propice \u00e0 la sur\u00e9l\u00e9vation<\/h3>\t\t\t\t<\/div>\n\t\t\t\t<\/div>\n\t\t\t\t<div class=\"elementor-element elementor-element-7924bc7 elementor-widget elementor-widget-text-editor\" data-id=\"7924bc7\" data-element_type=\"widget\" data-e-type=\"widget\" data-widget_type=\"text-editor.default\">\n\t\t\t\t<div class=\"elementor-widget-container\">\n\t\t\t\t\t\t\t\t\t<p>Paris est la ville la plus dens\u00e9ment peupl\u00e9e d\u2019Europe. Elle compte en effet pr\u00e8s de 21 000 habitants \/ km\u00b2. Dans le but de <strong><span style=\"color: #333333;\">favoriser la r\u00e9novation \u00e9nerg\u00e9tique des immeubles parisiens<\/span><\/strong>, la mairie de Paris encourage l\u2019exploitation des toits de la ville pour construire de nouveaux logements.\u00a0<\/p><p>A terme, la ville aspire \u00e0 cr\u00e9er <strong><span style=\"color: #333333;\">40 000 logements familiaux<\/span><\/strong> au cours des prochaines ann\u00e9es.<\/p>\t\t\t\t\t\t\t\t<\/div>\n\t\t\t\t<\/div>\n\t\t\t\t<div class=\"elementor-element elementor-element-39b2762 elementor-widget elementor-widget-spacer\" data-id=\"39b2762\" data-element_type=\"widget\" data-e-type=\"widget\" data-widget_type=\"spacer.default\">\n\t\t\t\t<div class=\"elementor-widget-container\">\n\t\t\t\t\t\t\t<div class=\"elementor-spacer\">\n\t\t\t<div class=\"elementor-spacer-inner\"><\/div>\n\t\t<\/div>\n\t\t\t\t\t\t<\/div>\n\t\t\t\t<\/div>\n\t\t\t\t<div class=\"elementor-element elementor-element-2aea202 elementor-widget elementor-widget-heading\" data-id=\"2aea202\" data-element_type=\"widget\" data-e-type=\"widget\" data-widget_type=\"heading.default\">\n\t\t\t\t<div class=\"elementor-widget-container\">\n\t\t\t\t\t<h2 class=\"elementor-heading-title elementor-size-default\">Les types de sur\u00e9l\u00e9vation \u00e0 paris<\/h2>\t\t\t\t<\/div>\n\t\t\t\t<\/div>\n\t\t\t\t\t<\/div>\n\t\t<\/div>\n\t\t\t\t\t<\/div>\n\t\t<\/section>\n\t\t\t\t<section class=\"elementor-section elementor-top-section elementor-element elementor-element-3a176c3 elementor-section-boxed elementor-section-height-default elementor-section-height-default\" data-id=\"3a176c3\" data-element_type=\"section\" data-e-type=\"section\" data-settings=\"{&quot;_ha_eqh_enable&quot;:false}\">\n\t\t\t\t\t\t<div class=\"elementor-container elementor-column-gap-default\">\n\t\t\t\t\t<div class=\"elementor-column elementor-col-33 elementor-top-column elementor-element elementor-element-047d35f\" data-id=\"047d35f\" data-element_type=\"column\" data-e-type=\"column\">\n\t\t\t<div class=\"elementor-widget-wrap elementor-element-populated\">\n\t\t\t\t\t\t<div class=\"elementor-element elementor-element-0076dc7 elementor-widget elementor-widget-image\" data-id=\"0076dc7\" data-element_type=\"widget\" data-e-type=\"widget\" data-widget_type=\"image.default\">\n\t\t\t\t<div class=\"elementor-widget-container\">\n\t\t\t\t\t\t\t\t\t\t\t\t<figure class=\"wp-caption\">\n\t\t\t\t\t\t\t\t\t\t<img decoding=\"async\" src=\"https:\/\/secondsouffle.co\/wp-content\/uploads\/elementor\/thumbs\/rehausse-d-un-garage-en-zinc-ondpwvvmp8rj3j15nw1uv7xf9awac1bmxjiyddybi0.jpg\" title=\"rehausse-d-un-garage-en-zinc\" alt=\"rehausse-d-un-garage-en-zinc\" loading=\"lazy\" \/>\t\t\t\t\t\t\t\t\t\t\t<figcaption class=\"widget-image-caption wp-caption-text\">Source : Pinterest<\/figcaption>\n\t\t\t\t\t\t\t\t\t\t<\/figure>\n\t\t\t\t\t\t\t\t\t<\/div>\n\t\t\t\t<\/div>\n\t\t\t\t<div class=\"elementor-element elementor-element-0706f3a elementor-widget elementor-widget-heading\" data-id=\"0706f3a\" data-element_type=\"widget\" data-e-type=\"widget\" data-widget_type=\"heading.default\">\n\t\t\t\t<div class=\"elementor-widget-container\">\n\t\t\t\t\t<h3 class=\"elementor-heading-title elementor-size-default\">La sur\u00e9l\u00e9vation l\u00e9g\u00e8re : modification de la pente de toit <\/h3>\t\t\t\t<\/div>\n\t\t\t\t<\/div>\n\t\t\t\t<div class=\"elementor-element elementor-element-e0fe09c elementor-widget elementor-widget-text-editor\" data-id=\"e0fe09c\" data-element_type=\"widget\" data-e-type=\"widget\" data-widget_type=\"text-editor.default\">\n\t\t\t\t<div class=\"elementor-widget-container\">\n\t\t\t\t\t\t\t\t\t<p>La modification de la pente de toit permet <strong><span style=\"color: #333333;\">d\u2019augmenter l\u2019inclinaison de la toiture pour gagner de la hauteur sous plafond ou d\u2019augmenter la surface exploitable des combles<\/span><\/strong>. De plus, elle peut \u00eatre accompagn\u00e9e ou non de la rehausse des murs de la fa\u00e7ade et permet potentiellement de r\u00e9utiliser des mat\u00e9riaux d\u2019origine comme les tuiles.<\/p>\t\t\t\t\t\t\t\t<\/div>\n\t\t\t\t<\/div>\n\t\t\t\t\t<\/div>\n\t\t<\/div>\n\t\t\t\t<div class=\"elementor-column elementor-col-33 elementor-top-column elementor-element elementor-element-ca516e5\" data-id=\"ca516e5\" data-element_type=\"column\" data-e-type=\"column\">\n\t\t\t<div class=\"elementor-widget-wrap elementor-element-populated\">\n\t\t\t\t\t\t<div class=\"elementor-element elementor-element-726ac8b elementor-widget elementor-widget-image\" data-id=\"726ac8b\" data-element_type=\"widget\" data-e-type=\"widget\" data-widget_type=\"image.default\">\n\t\t\t\t<div class=\"elementor-widget-container\">\n\t\t\t\t\t\t\t\t\t\t\t\t<figure class=\"wp-caption\">\n\t\t\t\t\t\t\t\t\t\t<img decoding=\"async\" src=\"https:\/\/secondsouffle.co\/wp-content\/uploads\/elementor\/thumbs\/vue-de-l-exterieur-une-petite-terrasse-trop\u00e9zienne-combles-plantes-vertes-coin-nature-d\u00e9tente-en-plein-air-p7pfjn1xcy9pwu6iz8smnbz12r1dchn9wle54dxq60.jpg\" title=\"vue-de-l-exterieur-une-petite-terrasse-trop\u00e9zienne-combles-plantes-vertes-coin-nature-d\u00e9tente-en-plein-air\" alt=\"vue-de-l-exterieur-une-petite-terrasse-trop\u00e9zienne-combles-plantes-vertes-coin-nature-d\u00e9tente-en-plein-air\" loading=\"lazy\" \/>\t\t\t\t\t\t\t\t\t\t\t<figcaption class=\"widget-image-caption wp-caption-text\">Source : Pinterest<\/figcaption>\n\t\t\t\t\t\t\t\t\t\t<\/figure>\n\t\t\t\t\t\t\t\t\t<\/div>\n\t\t\t\t<\/div>\n\t\t\t\t<div class=\"elementor-element elementor-element-e4efe46 elementor-widget elementor-widget-heading\" data-id=\"e4efe46\" data-element_type=\"widget\" data-e-type=\"widget\" data-widget_type=\"heading.default\">\n\t\t\t\t<div class=\"elementor-widget-container\">\n\t\t\t\t\t<h3 class=\"elementor-heading-title elementor-size-default\">La sur\u00e9l\u00e9vation partielle : r\u00e9hausser une partie de la toiture<\/h3>\t\t\t\t<\/div>\n\t\t\t\t<\/div>\n\t\t\t\t<div class=\"elementor-element elementor-element-0011ab7 elementor-widget elementor-widget-text-editor\" data-id=\"0011ab7\" data-element_type=\"widget\" data-e-type=\"widget\" data-widget_type=\"text-editor.default\">\n\t\t\t\t<div class=\"elementor-widget-container\">\n\t\t\t\t\t\t\t\t\t<p>Le but de cette sur\u00e9l\u00e9vation est <strong><span style=\"color: #333333;\">de gagner en lumi\u00e8re, confort et qualit\u00e9s spatiales.<\/span><\/strong> Ce projet permet des installations comme une terrasse trop\u00e9zienne, un toit-terrasse, l\u2019ajout d\u2019une pi\u00e8ce suppl\u00e9mentaire pour un penthouse, ou la cr\u00e9ation d\u2019une double hauteur d\u2019une pi\u00e8ce de vie.<\/p>\t\t\t\t\t\t\t\t<\/div>\n\t\t\t\t<\/div>\n\t\t\t\t\t<\/div>\n\t\t<\/div>\n\t\t\t\t<div class=\"elementor-column elementor-col-33 elementor-top-column elementor-element elementor-element-db67fb5\" data-id=\"db67fb5\" data-element_type=\"column\" data-e-type=\"column\">\n\t\t\t<div class=\"elementor-widget-wrap elementor-element-populated\">\n\t\t\t\t\t\t<div class=\"elementor-element elementor-element-517bd91 elementor-widget elementor-widget-image\" data-id=\"517bd91\" data-element_type=\"widget\" data-e-type=\"widget\" data-widget_type=\"image.default\">\n\t\t\t\t<div class=\"elementor-widget-container\">\n\t\t\t\t\t\t\t\t\t\t\t\t<figure class=\"wp-caption\">\n\t\t\t\t\t\t\t\t\t\t<img decoding=\"async\" src=\"https:\/\/secondsouffle.co\/wp-content\/uploads\/elementor\/thumbs\/sur\u00e9l\u00e9vation-p7pfjhew7y1zz6epw6cv8de9ift62b0vvth88q637c.jpg\" title=\"sur\u00e9l\u00e9vation\" alt=\"sur\u00e9l\u00e9vation\" loading=\"lazy\" \/>\t\t\t\t\t\t\t\t\t\t\t<figcaption class=\"widget-image-caption wp-caption-text\">Source : Pinterest<\/figcaption>\n\t\t\t\t\t\t\t\t\t\t<\/figure>\n\t\t\t\t\t\t\t\t\t<\/div>\n\t\t\t\t<\/div>\n\t\t\t\t<div class=\"elementor-element elementor-element-1cf9fb1 elementor-widget elementor-widget-heading\" data-id=\"1cf9fb1\" data-element_type=\"widget\" data-e-type=\"widget\" data-widget_type=\"heading.default\">\n\t\t\t\t<div class=\"elementor-widget-container\">\n\t\t\t\t\t<h3 class=\"elementor-heading-title elementor-size-default\">La sur\u00e9l\u00e9vation compl\u00e8te : ajout d'un ou plusieurs \u00e9tages<\/h3>\t\t\t\t<\/div>\n\t\t\t\t<\/div>\n\t\t\t\t<div class=\"elementor-element elementor-element-b67f0e7 elementor-widget elementor-widget-text-editor\" data-id=\"b67f0e7\" data-element_type=\"widget\" data-e-type=\"widget\" data-widget_type=\"text-editor.default\">\n\t\t\t\t<div class=\"elementor-widget-container\">\n\t\t\t\t\t\t\t\t\t<p>Ce projet n\u00e9cessite de d\u00e9poser la toiture existante pour en installer une nouvelle plus haut, sur la totalit\u00e9 de la surface de l\u2019immeuble. Qu\u2019elle soit plate ou non, cette sur\u00e9l\u00e9vation permet <strong><span style=\"color: #333333;\">de gagner en surface habitable, voire de cr\u00e9er un ou plusieurs logements.<\/span><\/strong><\/p>\t\t\t\t\t\t\t\t<\/div>\n\t\t\t\t<\/div>\n\t\t\t\t\t<\/div>\n\t\t<\/div>\n\t\t\t\t\t<\/div>\n\t\t<\/section>\n\t\t\t\t<section class=\"elementor-section elementor-top-section elementor-element elementor-element-bb6210a elementor-section-boxed elementor-section-height-default elementor-section-height-default\" data-id=\"bb6210a\" data-element_type=\"section\" data-e-type=\"section\" data-settings=\"{&quot;_ha_eqh_enable&quot;:false}\">\n\t\t\t\t\t\t<div class=\"elementor-container elementor-column-gap-default\">\n\t\t\t\t\t<div class=\"elementor-column elementor-col-100 elementor-top-column elementor-element elementor-element-9eee1ed\" data-id=\"9eee1ed\" data-element_type=\"column\" data-e-type=\"column\">\n\t\t\t<div class=\"elementor-widget-wrap elementor-element-populated\">\n\t\t\t\t\t\t<div class=\"elementor-element elementor-element-b3aed5f elementor-widget elementor-widget-heading\" data-id=\"b3aed5f\" data-element_type=\"widget\" data-e-type=\"widget\" data-widget_type=\"heading.default\">\n\t\t\t\t<div class=\"elementor-widget-container\">\n\t\t\t\t\t<h2 class=\"elementor-heading-title elementor-size-default\">La faisabilit\u00e9 d'une sur\u00e9l\u00e9vation \u00e0 paris<\/h2>\t\t\t\t<\/div>\n\t\t\t\t<\/div>\n\t\t\t\t<div class=\"elementor-element elementor-element-969a396 elementor-widget elementor-widget-text-editor\" data-id=\"969a396\" data-element_type=\"widget\" data-e-type=\"widget\" data-widget_type=\"text-editor.default\">\n\t\t\t\t<div class=\"elementor-widget-container\">\n\t\t\t\t\t\t\t\t\t<p>\u00c9tape primordiale dans votre projet de sur\u00e9l\u00e9vation, la faisabilit\u00e9 va d\u00e9terminer <strong><span style=\"color: #333333;\">si les travaux peuvent \u00eatre r\u00e9alis\u00e9s d\u2019un point de vue architectural, technique et urbanistique.<\/span><\/strong><\/p><ul><li><strong><span style=\"color: #333333;\">Faisabilit\u00e9 architecturale :<\/span><\/strong> c\u2019est \u00e0 l\u2019architecte de concevoir le projet de\u00a0sur\u00e9l\u00e9vation. Il va s\u2019appuyer sur le volume constructible maximal autoris\u00e9. Cependant, si l\u2019immeuble se situe dans une zone inscrite au titre des monuments historiques, un <span style=\"text-decoration: underline;\"><strong><span style=\"color: #da2445;\"><a style=\"color: #da2445; text-decoration: underline;\" href=\"https:\/\/www.anabf.org\/\" target=\"_blank\" rel=\"noopener\">Architecte des B\u00e2timents de France<\/a><\/span><\/strong><\/span> doit \u00eatre consult\u00e9 pour valider l\u2019aspect ext\u00e9rieur de la future sur\u00e9l\u00e9vation.<\/li><\/ul><ul><li><strong><span style=\"color: #333333;\">Faisabilit\u00e9 technique :<\/span><\/strong> il faut faire appel \u00e0 un bureau d\u2019\u00e9tude technique qui va v\u00e9rifier si la nature du sol, les fondations et la structure de l\u2019immeuble sont capables de supporter l\u2019ajout d\u2019un ou plusieurs \u00e9tages suppl\u00e9mentaires.\u00a0<\/li><\/ul><ul><li><strong><span style=\"color: #333333;\">Faisabilit\u00e9 urbanistique :<\/span><\/strong> il faut consulter le <span style=\"text-decoration: underline;\"><strong><span style=\"color: #da2445; text-decoration: underline;\"><a style=\"color: #da2445; text-decoration: underline;\" href=\"https:\/\/www.paris.fr\/pages\/le-plan-local-d-urbanisme-plu-2329\" target=\"_blank\" rel=\"noopener\">Plan Local d\u2019Urbanisme<\/a><\/span><\/strong><\/span> (PLU) de Paris pour v\u00e9rifier que le projet est r\u00e9alisable au niveau des gabarits constructibles, et de s\u2019assurer aupr\u00e8s de l\u2019Inspection G\u00e9n\u00e9rale des Carri\u00e8res que l\u2019immeuble ne se situe pas au-dessus d\u2019une ancienne carri\u00e8re.\u00a0<\/li><\/ul>\t\t\t\t\t\t\t\t<\/div>\n\t\t\t\t<\/div>\n\t\t\t\t<div class=\"elementor-element elementor-element-5e15300 elementor-widget elementor-widget-image\" data-id=\"5e15300\" data-element_type=\"widget\" data-e-type=\"widget\" data-widget_type=\"image.default\">\n\t\t\t\t<div class=\"elementor-widget-container\">\n\t\t\t\t\t\t\t\t\t\t\t\t<figure class=\"wp-caption\">\n\t\t\t\t\t\t\t\t\t\t<img fetchpriority=\"high\" decoding=\"async\" width=\"800\" height=\"450\" src=\"https:\/\/secondsouffle.co\/wp-content\/uploads\/2020\/03\/Sur\u00e9l\u00e9vation-paris-3.jpg\" class=\"attachment-large size-large wp-image-1712\" alt=\"\" srcset=\"https:\/\/secondsouffle.co\/wp-content\/uploads\/2020\/03\/Sur\u00e9l\u00e9vation-paris-3.jpg 805w, https:\/\/secondsouffle.co\/wp-content\/uploads\/2020\/03\/Sur\u00e9l\u00e9vation-paris-3-300x169.jpg 300w, https:\/\/secondsouffle.co\/wp-content\/uploads\/2020\/03\/Sur\u00e9l\u00e9vation-paris-3-768x432.jpg 768w\" sizes=\"(max-width: 800px) 100vw, 800px\" \/>\t\t\t\t\t\t\t\t\t\t\t<figcaption class=\"widget-image-caption wp-caption-text\">Source : Pinterest<\/figcaption>\n\t\t\t\t\t\t\t\t\t\t<\/figure>\n\t\t\t\t\t\t\t\t\t<\/div>\n\t\t\t\t<\/div>\n\t\t\t\t\t<\/div>\n\t\t<\/div>\n\t\t\t\t\t<\/div>\n\t\t<\/section>\n\t\t\t\t<section class=\"elementor-section elementor-top-section elementor-element elementor-element-a705216 elementor-section-boxed elementor-section-height-default elementor-section-height-default\" data-id=\"a705216\" data-element_type=\"section\" data-e-type=\"section\" data-settings=\"{&quot;_ha_eqh_enable&quot;:false}\">\n\t\t\t\t\t\t<div class=\"elementor-container elementor-column-gap-default\">\n\t\t\t\t\t<div class=\"elementor-column elementor-col-100 elementor-top-column elementor-element elementor-element-03ec153\" data-id=\"03ec153\" data-element_type=\"column\" data-e-type=\"column\">\n\t\t\t<div class=\"elementor-widget-wrap elementor-element-populated\">\n\t\t\t\t\t\t<div class=\"elementor-element elementor-element-7ab4009 elementor-widget elementor-widget-heading\" data-id=\"7ab4009\" data-element_type=\"widget\" data-e-type=\"widget\" data-widget_type=\"heading.default\">\n\t\t\t\t<div class=\"elementor-widget-container\">\n\t\t\t\t\t<h2 class=\"elementor-heading-title elementor-size-default\">Qui peut-\u00eatre \u00e0 l'initiative d'un projet de sur\u00e9l\u00e9vation ? <\/h2>\t\t\t\t<\/div>\n\t\t\t\t<\/div>\n\t\t\t\t<div class=\"elementor-element elementor-element-05d0974 elementor-widget elementor-widget-text-editor\" data-id=\"05d0974\" data-element_type=\"widget\" data-e-type=\"widget\" data-widget_type=\"text-editor.default\">\n\t\t\t\t<div class=\"elementor-widget-container\">\n\t\t\t\t\t\t\t\t\t<ul><li><strong><span style=\"color: #333333;\">Le propri\u00e9taire d\u2019un appartement pour r\u00e9aliser un investissement :<\/span> <\/strong>si l\u2019immeuble est \u00e9ligible \u00e0 la sur\u00e9l\u00e9vation, un propri\u00e9taire peut entreprendre de r\u00e9aliser un placement immobilier et cr\u00e9er de la surface habitable qu\u2019il louera ou vendra. Par l&rsquo;investissement de ses fonds propres, il offre l&rsquo;opportunit\u00e9 \u00e0 la copropri\u00e9t\u00e9 de valoriser son droit \u00e0 construire. De plus, le propri\u00e9taire du dernier \u00e9tage peut motiver sa d\u00e9marche par l\u2019agrandissement de son logement.\u00a0<\/li><li><strong><span style=\"color: #333333;\">La copropri\u00e9t\u00e9 pour financer des travaux et diminuer les charges :<\/span><\/strong> la copropri\u00e9t\u00e9 peut d\u00e9cider de s\u2019occuper lui-m\u00eame des travaux de sur\u00e9l\u00e9vation et de leur financement, ou de confier cette mission \u00e0 un tiers.\u00a0<\/li><li><strong><span style=\"color: #333333;\">Le propri\u00e9taire de l\u2019immeuble pour cr\u00e9er des appartements \u00e0 vendre ou louer :<\/span> <\/strong>il peut s\u2019occuper directement de la ma\u00eetrise d\u2019ouvrage et du financement du projet. En effet, si le b\u00e2timent appartient \u00e0 un propri\u00e9taire unique, celui-ci n\u2019a donc pas besoin de soumettre son projet de sur\u00e9l\u00e9vation aux votes de l\u2019assembl\u00e9e g\u00e9n\u00e9rale.<\/li><\/ul>\t\t\t\t\t\t\t\t<\/div>\n\t\t\t\t<\/div>\n\t\t\t\t<div class=\"elementor-element elementor-element-4441629 elementor-widget elementor-widget-spacer\" data-id=\"4441629\" data-element_type=\"widget\" data-e-type=\"widget\" data-widget_type=\"spacer.default\">\n\t\t\t\t<div class=\"elementor-widget-container\">\n\t\t\t\t\t\t\t<div class=\"elementor-spacer\">\n\t\t\t<div class=\"elementor-spacer-inner\"><\/div>\n\t\t<\/div>\n\t\t\t\t\t\t<\/div>\n\t\t\t\t<\/div>\n\t\t\t\t<div class=\"elementor-element elementor-element-bc181d6 elementor-widget elementor-widget-heading\" data-id=\"bc181d6\" data-element_type=\"widget\" data-e-type=\"widget\" data-widget_type=\"heading.default\">\n\t\t\t\t<div class=\"elementor-widget-container\">\n\t\t\t\t\t<h2 class=\"elementor-heading-title elementor-size-default\">Quel prix au m\u00b2 pour une sur\u00e9l\u00e9vation \u00e0 Paris ?<\/h2>\t\t\t\t<\/div>\n\t\t\t\t<\/div>\n\t\t\t\t<div class=\"elementor-element elementor-element-e49c381 elementor-widget elementor-widget-text-editor\" data-id=\"e49c381\" data-element_type=\"widget\" data-e-type=\"widget\" data-widget_type=\"text-editor.default\">\n\t\t\t\t<div class=\"elementor-widget-container\">\n\t\t\t\t\t\t\t\t\t<p>Comptez entre <strong><span style=\"color: #333333;\">3 000 et 6 000\u20ac TTC \/ m\u00b2<\/span><\/strong> de surface cr\u00e9\u00e9e pour une sur\u00e9l\u00e9vation d\u2019immeuble \u00e0 Paris ou en r\u00e9gion parisienne. Ce prix englobe <span style=\"text-decoration: underline;\"><span style=\"color: #ca3d45; text-decoration: underline;\"><a style=\"color: #ca3d45; text-decoration: underline;\" href=\"https:\/\/secondsouffle.co\/index.php\/jai-besoin-de-conception-et-de-travaux\/\" target=\"_blank\" rel=\"noopener\"><strong>l\u2019accompagnement complet du projet par un architecte + la r\u00e9alisation des travaux<\/strong><\/a><\/span><\/span><span style=\"color: #ca3d45;\"><strong>.\u00a0<\/strong><\/span><\/p>\t\t\t\t\t\t\t\t<\/div>\n\t\t\t\t<\/div>\n\t\t\t\t<div class=\"elementor-element elementor-element-5517972 elementor-blockquote--skin-border elementor-widget elementor-widget-blockquote\" data-id=\"5517972\" data-element_type=\"widget\" data-e-type=\"widget\" data-widget_type=\"blockquote.default\">\n\t\t\t\t<div class=\"elementor-widget-container\">\n\t\t\t\t\t\t\t<blockquote class=\"elementor-blockquote\">\n\t\t\t<p class=\"elementor-blockquote__content\">\n\t\t\t\tLa saviez-vous ? Le prix du foncier actuel est de plus de 10 000\u20ac \/ m\u00b2. Effectuer une sur\u00e9l\u00e9vation \u00e0 Paris repr\u00e9sente alors un tr\u00e8s bon investissement, avec la perspective d\u2019une plus-value en cas de revente.\t\t\t<\/p>\n\t\t\t\t\t<\/blockquote>\n\t\t\t\t\t\t<\/div>\n\t\t\t\t<\/div>\n\t\t\t\t\t<\/div>\n\t\t<\/div>\n\t\t\t\t\t<\/div>\n\t\t<\/section>\n\t\t\t\t<section class=\"elementor-section elementor-top-section elementor-element elementor-element-77c3107 elementor-section-boxed elementor-section-height-default elementor-section-height-default\" data-id=\"77c3107\" data-element_type=\"section\" data-e-type=\"section\" data-settings=\"{&quot;_ha_eqh_enable&quot;:false}\">\n\t\t\t\t\t\t<div class=\"elementor-container elementor-column-gap-default\">\n\t\t\t\t\t<div class=\"elementor-column elementor-col-100 elementor-top-column elementor-element elementor-element-f16b1c1\" data-id=\"f16b1c1\" data-element_type=\"column\" data-e-type=\"column\">\n\t\t\t<div class=\"elementor-widget-wrap elementor-element-populated\">\n\t\t\t\t\t\t<div class=\"elementor-element elementor-element-4055d03 elementor-widget elementor-widget-heading\" data-id=\"4055d03\" data-element_type=\"widget\" data-e-type=\"widget\" data-widget_type=\"heading.default\">\n\t\t\t\t<div class=\"elementor-widget-container\">\n\t\t\t\t\t<h2 class=\"elementor-heading-title elementor-size-default\">La conduite d'un projet de sur\u00e9l\u00e9vation ?<\/h2>\t\t\t\t<\/div>\n\t\t\t\t<\/div>\n\t\t\t\t<div class=\"elementor-element elementor-element-4919ec2 elementor-widget elementor-widget-text-editor\" data-id=\"4919ec2\" data-element_type=\"widget\" data-e-type=\"widget\" data-widget_type=\"text-editor.default\">\n\t\t\t\t<div class=\"elementor-widget-container\">\n\t\t\t\t\t\t\t\t\t<p>Second Souffle est en mesure de vous <strong><span style=\"color: #333333;\">accompagner \u00e0 partir du d\u00e9but de votre projet jusqu\u2019\u00e0 la r\u00e9alisation de celui-ci.<\/span> <\/strong>Nous intervenons dans chacune des \u00e9tapes ci-dessous :\u00a0<\/p>\t\t\t\t\t\t\t\t<\/div>\n\t\t\t\t<\/div>\n\t\t\t\t<div class=\"elementor-element elementor-element-5cfe2f4 elementor-widget elementor-widget-heading\" data-id=\"5cfe2f4\" data-element_type=\"widget\" data-e-type=\"widget\" data-widget_type=\"heading.default\">\n\t\t\t\t<div class=\"elementor-widget-container\">\n\t\t\t\t\t<h3 class=\"elementor-heading-title elementor-size-default\">Faisabilit\u00e9 r\u00e9glementaire et urbanistique<\/h3>\t\t\t\t<\/div>\n\t\t\t\t<\/div>\n\t\t\t\t<div class=\"elementor-element elementor-element-b7c2266 elementor-widget elementor-widget-text-editor\" data-id=\"b7c2266\" data-element_type=\"widget\" data-e-type=\"widget\" data-widget_type=\"text-editor.default\">\n\t\t\t\t<div class=\"elementor-widget-container\">\n\t\t\t\t\t\t\t\t\t<p>Dans le cadre d\u2019une sur\u00e9l\u00e9vation, c\u2019est avant tout <strong><span style=\"color: #333333;\">la hauteur maximale des constructions qui nous int\u00e9resse<\/span><\/strong>, car elle peut rendre un projet impossible. Tout projet non conforme au PLU ne peut tout simplement pas \u00eatre r\u00e9alis\u00e9. Consulter l\u2019acte notari\u00e9 d\u2019achat de votre parcelle vous permet \u00e9galement de d\u00e9terminer les \u00e9ventuelles limites de construction de votre projet.<\/p>\t\t\t\t\t\t\t\t<\/div>\n\t\t\t\t<\/div>\n\t\t\t\t<div class=\"elementor-element elementor-element-ea73b6c elementor-widget elementor-widget-spacer\" data-id=\"ea73b6c\" data-element_type=\"widget\" data-e-type=\"widget\" data-widget_type=\"spacer.default\">\n\t\t\t\t<div class=\"elementor-widget-container\">\n\t\t\t\t\t\t\t<div class=\"elementor-spacer\">\n\t\t\t<div class=\"elementor-spacer-inner\"><\/div>\n\t\t<\/div>\n\t\t\t\t\t\t<\/div>\n\t\t\t\t<\/div>\n\t\t\t\t<div class=\"elementor-element elementor-element-abe7a5b elementor-widget elementor-widget-heading\" data-id=\"abe7a5b\" data-element_type=\"widget\" data-e-type=\"widget\" data-widget_type=\"heading.default\">\n\t\t\t\t<div class=\"elementor-widget-container\">\n\t\t\t\t\t<h3 class=\"elementor-heading-title elementor-size-default\">Faisabilit\u00e9 architecturale<\/h3>\t\t\t\t<\/div>\n\t\t\t\t<\/div>\n\t\t\t\t<div class=\"elementor-element elementor-element-7eed62a elementor-widget elementor-widget-text-editor\" data-id=\"7eed62a\" data-element_type=\"widget\" data-e-type=\"widget\" data-widget_type=\"text-editor.default\">\n\t\t\t\t<div class=\"elementor-widget-container\">\n\t\t\t\t\t\t\t\t\t<p>Une faisabilit\u00e9 architecturale permet de <strong><span style=\"color: #333333;\">v\u00e9rifier que les fondations de la maison peuvent supporter une extension et \u00e0 d\u00e9terminer le poids maximum support\u00e9.<\/span><\/strong> Une \u00e9tude de faisabilit\u00e9 peut \u00eatre r\u00e9alis\u00e9e par un architecte, par un ing\u00e9nieur ou par un bureau d\u2019\u00e9tudes techniques. Second Souffle est en mesure de vous aider avec ses partenaires pour cette \u00e9tape.<\/p>\t\t\t\t\t\t\t\t<\/div>\n\t\t\t\t<\/div>\n\t\t\t\t<div class=\"elementor-element elementor-element-aed8002 elementor-widget elementor-widget-spacer\" data-id=\"aed8002\" data-element_type=\"widget\" data-e-type=\"widget\" data-widget_type=\"spacer.default\">\n\t\t\t\t<div class=\"elementor-widget-container\">\n\t\t\t\t\t\t\t<div class=\"elementor-spacer\">\n\t\t\t<div class=\"elementor-spacer-inner\"><\/div>\n\t\t<\/div>\n\t\t\t\t\t\t<\/div>\n\t\t\t\t<\/div>\n\t\t\t\t<div class=\"elementor-element elementor-element-6e217f5 elementor-widget elementor-widget-heading\" data-id=\"6e217f5\" data-element_type=\"widget\" data-e-type=\"widget\" data-widget_type=\"heading.default\">\n\t\t\t\t<div class=\"elementor-widget-container\">\n\t\t\t\t\t<h3 class=\"elementor-heading-title elementor-size-default\">Chiffrer les travaux et \u00e9dition du devis pr\u00e9cis<\/h3>\t\t\t\t<\/div>\n\t\t\t\t<\/div>\n\t\t\t\t<div class=\"elementor-element elementor-element-65c8028 elementor-widget elementor-widget-text-editor\" data-id=\"65c8028\" data-element_type=\"widget\" data-e-type=\"widget\" data-widget_type=\"text-editor.default\">\n\t\t\t\t<div class=\"elementor-widget-container\">\n\t\t\t\t\t\t\t\t\t<p>\u00c9tape importante qui vous permettra d\u2019affiner <strong><span style=\"color: #333333;\">l<\/span><span style=\"color: #333333;\">e calcul de la surface cr\u00e9\u00e9e, le co\u00fbt des travaux et donc la rentabilit\u00e9 du projet.\u00a0<\/span><\/strong><\/p>\t\t\t\t\t\t\t\t<\/div>\n\t\t\t\t<\/div>\n\t\t\t\t<div class=\"elementor-element elementor-element-e206771 elementor-widget elementor-widget-spacer\" data-id=\"e206771\" data-element_type=\"widget\" data-e-type=\"widget\" data-widget_type=\"spacer.default\">\n\t\t\t\t<div class=\"elementor-widget-container\">\n\t\t\t\t\t\t\t<div class=\"elementor-spacer\">\n\t\t\t<div class=\"elementor-spacer-inner\"><\/div>\n\t\t<\/div>\n\t\t\t\t\t\t<\/div>\n\t\t\t\t<\/div>\n\t\t\t\t<div class=\"elementor-element elementor-element-e38abf2 elementor-widget elementor-widget-heading\" data-id=\"e38abf2\" data-element_type=\"widget\" data-e-type=\"widget\" data-widget_type=\"heading.default\">\n\t\t\t\t<div class=\"elementor-widget-container\">\n\t\t\t\t\t<h3 class=\"elementor-heading-title elementor-size-default\">Consulter les organismes d\u00e9cideurs<\/h3>\t\t\t\t<\/div>\n\t\t\t\t<\/div>\n\t\t\t\t<div class=\"elementor-element elementor-element-d2c2072 elementor-widget elementor-widget-text-editor\" data-id=\"d2c2072\" data-element_type=\"widget\" data-e-type=\"widget\" data-widget_type=\"text-editor.default\">\n\t\t\t\t<div class=\"elementor-widget-container\">\n\t\t\t\t\t\t\t\t\t<p>Il faut obtenir les <strong><span style=\"color: #333333;\">autorisations de l\u2019<span style=\"text-decoration: underline;\"><span style=\"color: #da2445; text-decoration: underline;\"><a style=\"color: #da2445; text-decoration: underline;\" href=\"https:\/\/www.anabf.org\/\" target=\"_blank\" rel=\"noopener\">Architecte des B\u00e2timents de France<\/a><\/span><\/span>, des services d\u2019urbanisme et de l\u2019Institut G\u00e9n\u00e9ral des Carri\u00e8res.<\/span><\/strong> Il convient de soumettre le projet en amont pour obtenir des recommandations.<\/p>\t\t\t\t\t\t\t\t<\/div>\n\t\t\t\t<\/div>\n\t\t\t\t<div class=\"elementor-element elementor-element-078d9a7 elementor-widget elementor-widget-spacer\" data-id=\"078d9a7\" data-element_type=\"widget\" data-e-type=\"widget\" data-widget_type=\"spacer.default\">\n\t\t\t\t<div class=\"elementor-widget-container\">\n\t\t\t\t\t\t\t<div class=\"elementor-spacer\">\n\t\t\t<div class=\"elementor-spacer-inner\"><\/div>\n\t\t<\/div>\n\t\t\t\t\t\t<\/div>\n\t\t\t\t<\/div>\n\t\t\t\t<div class=\"elementor-element elementor-element-c702087 elementor-widget elementor-widget-heading\" data-id=\"c702087\" data-element_type=\"widget\" data-e-type=\"widget\" data-widget_type=\"heading.default\">\n\t\t\t\t<div class=\"elementor-widget-container\">\n\t\t\t\t\t<h3 class=\"elementor-heading-title elementor-size-default\">Soumettre le projet \u00e0 la copropri\u00e9t\u00e9<\/h3>\t\t\t\t<\/div>\n\t\t\t\t<\/div>\n\t\t\t\t<div class=\"elementor-element elementor-element-bbce9ab elementor-widget elementor-widget-text-editor\" data-id=\"bbce9ab\" data-element_type=\"widget\" data-e-type=\"widget\" data-widget_type=\"text-editor.default\">\n\t\t\t\t<div class=\"elementor-widget-container\">\n\t\t\t\t\t\t\t\t\t<p>Au moment de l\u2019assembl\u00e9e g\u00e9n\u00e9rale, il est primordial d\u2019<strong><span style=\"color: #333333;\">anticiper les r\u00e9ticences de chacun et de chercher l\u2019int\u00e9r\u00eat de tous.<\/span><\/strong> La loi Alur simplifie cette \u00e9tape en r\u00e9duisant notamment le nombre de voix n\u00e9cessaires.<\/p>\t\t\t\t\t\t\t\t<\/div>\n\t\t\t\t<\/div>\n\t\t\t\t<div class=\"elementor-element elementor-element-e944410 elementor-widget elementor-widget-spacer\" data-id=\"e944410\" data-element_type=\"widget\" data-e-type=\"widget\" data-widget_type=\"spacer.default\">\n\t\t\t\t<div class=\"elementor-widget-container\">\n\t\t\t\t\t\t\t<div class=\"elementor-spacer\">\n\t\t\t<div class=\"elementor-spacer-inner\"><\/div>\n\t\t<\/div>\n\t\t\t\t\t\t<\/div>\n\t\t\t\t<\/div>\n\t\t\t\t<div class=\"elementor-element elementor-element-c883949 elementor-widget elementor-widget-heading\" data-id=\"c883949\" data-element_type=\"widget\" data-e-type=\"widget\" data-widget_type=\"heading.default\">\n\t\t\t\t<div class=\"elementor-widget-container\">\n\t\t\t\t\t<h3 class=\"elementor-heading-title elementor-size-default\">D\u00e9p\u00f4t du Permis de Construire<\/h3>\t\t\t\t<\/div>\n\t\t\t\t<\/div>\n\t\t\t\t<div class=\"elementor-element elementor-element-1f178de elementor-widget elementor-widget-text-editor\" data-id=\"1f178de\" data-element_type=\"widget\" data-e-type=\"widget\" data-widget_type=\"text-editor.default\">\n\t\t\t\t<div class=\"elementor-widget-container\">\n\t\t\t\t\t\t\t\t\t<p>Le dossier doit comporter <strong><span style=\"color: #333333;\">un cerfa, des notices explicatives du projet et des pi\u00e8ces graphiques.<\/span><\/strong> Suite au d\u00e9p\u00f4t, le d\u00e9lai d\u2019instruction est de 3 mois et le delais de recours des tiers est de 2 mois en moyenne. Le permis de construire est ensuite valable pendant 3 ans.<\/p>\t\t\t\t\t\t\t\t<\/div>\n\t\t\t\t<\/div>\n\t\t\t\t<div class=\"elementor-element elementor-element-b32b729 elementor-widget elementor-widget-spacer\" data-id=\"b32b729\" data-element_type=\"widget\" data-e-type=\"widget\" data-widget_type=\"spacer.default\">\n\t\t\t\t<div class=\"elementor-widget-container\">\n\t\t\t\t\t\t\t<div class=\"elementor-spacer\">\n\t\t\t<div class=\"elementor-spacer-inner\"><\/div>\n\t\t<\/div>\n\t\t\t\t\t\t<\/div>\n\t\t\t\t<\/div>\n\t\t\t\t<div class=\"elementor-element elementor-element-41b049f elementor-widget elementor-widget-heading\" data-id=\"41b049f\" data-element_type=\"widget\" data-e-type=\"widget\" data-widget_type=\"heading.default\">\n\t\t\t\t<div class=\"elementor-widget-container\">\n\t\t\t\t\t<h3 class=\"elementor-heading-title elementor-size-default\">D\u00e9but du chantier<\/h3>\t\t\t\t<\/div>\n\t\t\t\t<\/div>\n\t\t\t\t<div class=\"elementor-element elementor-element-ae68317 elementor-widget elementor-widget-text-editor\" data-id=\"ae68317\" data-element_type=\"widget\" data-e-type=\"widget\" data-widget_type=\"text-editor.default\">\n\t\t\t\t<div class=\"elementor-widget-container\">\n\t\t\t\t\t\t\t\t\t<p>Le chantier d\u00e9marre. La phase de gros-oeuvre (structure) dure entre<strong><span style=\"color: #333333;\"> 1 et 3 mois.<\/span><\/strong> Il faut compter ensuite <strong><span style=\"color: #333333;\">2 \u00e0 3 mois<\/span><\/strong> pour terminer le projet. Au terme du chantier, on prononcera sa livraison par le biais de son PV de r\u00e9ception qui d\u00e9clenchera<strong><span style=\"color: #333333;\"> diff\u00e9rentes assurances qui garantissent les ouvrages jusqu&rsquo;\u00e0 10 ans.<\/span><\/strong><\/p>\t\t\t\t\t\t\t\t<\/div>\n\t\t\t\t<\/div>\n\t\t\t\t<div class=\"elementor-element elementor-element-c62afd0 elementor-widget elementor-widget-image\" data-id=\"c62afd0\" data-element_type=\"widget\" data-e-type=\"widget\" data-widget_type=\"image.default\">\n\t\t\t\t<div class=\"elementor-widget-container\">\n\t\t\t\t\t\t\t\t\t\t\t\t<figure class=\"wp-caption\">\n\t\t\t\t\t\t\t\t\t\t<img decoding=\"async\" width=\"564\" height=\"383\" src=\"https:\/\/secondsouffle.co\/wp-content\/uploads\/2020\/03\/sur\u00e9l\u00e9vation-paris-2.jpeg\" class=\"attachment-large size-large wp-image-1714\" alt=\"\" srcset=\"https:\/\/secondsouffle.co\/wp-content\/uploads\/2020\/03\/sur\u00e9l\u00e9vation-paris-2.jpeg 564w, https:\/\/secondsouffle.co\/wp-content\/uploads\/2020\/03\/sur\u00e9l\u00e9vation-paris-2-300x204.jpeg 300w\" sizes=\"(max-width: 564px) 100vw, 564px\" \/>\t\t\t\t\t\t\t\t\t\t\t<figcaption class=\"widget-image-caption wp-caption-text\">Source : Pinterest<\/figcaption>\n\t\t\t\t\t\t\t\t\t\t<\/figure>\n\t\t\t\t\t\t\t\t\t<\/div>\n\t\t\t\t<\/div>\n\t\t\t\t\t<\/div>\n\t\t<\/div>\n\t\t\t\t\t<\/div>\n\t\t<\/section>\n\t\t\t\t<section class=\"elementor-section elementor-top-section elementor-element elementor-element-710a775 elementor-section-boxed elementor-section-height-default elementor-section-height-default\" data-id=\"710a775\" data-element_type=\"section\" data-e-type=\"section\" data-settings=\"{&quot;_ha_eqh_enable&quot;:false}\">\n\t\t\t\t\t\t<div class=\"elementor-container elementor-column-gap-default\">\n\t\t\t\t\t<div class=\"elementor-column elementor-col-100 elementor-top-column elementor-element elementor-element-0f27e8e\" data-id=\"0f27e8e\" data-element_type=\"column\" data-e-type=\"column\">\n\t\t\t<div class=\"elementor-widget-wrap elementor-element-populated\">\n\t\t\t\t\t\t<div class=\"elementor-element elementor-element-cc8c427 elementor-widget elementor-widget-heading\" data-id=\"cc8c427\" data-element_type=\"widget\" data-e-type=\"widget\" data-widget_type=\"heading.default\">\n\t\t\t\t<div class=\"elementor-widget-container\">\n\t\t\t\t\t<h2 class=\"elementor-heading-title elementor-size-default\">Les avantages pour la copropri\u00e9t\u00e9 de sur\u00e9lever un immeuble<\/h2>\t\t\t\t<\/div>\n\t\t\t\t<\/div>\n\t\t\t\t<div class=\"elementor-element elementor-element-9b154fc elementor-widget elementor-widget-text-editor\" data-id=\"9b154fc\" data-element_type=\"widget\" data-e-type=\"widget\" data-widget_type=\"text-editor.default\">\n\t\t\t\t<div class=\"elementor-widget-container\">\n\t\t\t\t\t\t\t\t\t<ul><li><strong><span style=\"color: #333333;\">Baisse des charges de copropri\u00e9t\u00e9 :<\/span> <\/strong>elles diminuent car la construction de nouveaux appartements permet de r\u00e9partir les charges entre davantage de propri\u00e9taires. De plus, gr\u00e2ce \u00e0 la construction d\u2019un \u00e9tage suppl\u00e9mentaire bien isol\u00e9, les d\u00e9penses \u00e9nerg\u00e9tiques de l\u2019ensemble de l\u2019immeuble diminueront.<\/li><li><strong><span style=\"color: #333333;\">Valoriser l\u2019immeuble :<\/span> <\/strong>la sur\u00e9l\u00e9vation va permettre d\u2019am\u00e9liorer l\u2019aspect ext\u00e9rieur et le confort global de l\u2019immeuble tout en contribuant \u00e0 la valorisation de l\u2019ensemble de la copropri\u00e9t\u00e9.\u00a0<\/li><\/ul><ul><li><strong><span style=\"color: #333333;\">De nouveaux revenus lors de la vente des nouveaux appartements :<\/span><\/strong> gr\u00e2ce \u00e0 la sur\u00e9l\u00e9vation, le syndic de copropri\u00e9t\u00e9 va pouvoir mettre en vente des logements et g\u00e9n\u00e9rer des revenus. Ces revenus peuvent \u00eatre partiellement ou totalement r\u00e9partis entre les copropri\u00e9taires ou affect\u00e9s \u00e0 la r\u00e9novation de l\u2019immeuble.<\/li><\/ul>\t\t\t\t\t\t\t\t<\/div>\n\t\t\t\t<\/div>\n\t\t\t\t<div class=\"elementor-element elementor-element-5003e12 elementor-widget elementor-widget-spacer\" data-id=\"5003e12\" data-element_type=\"widget\" data-e-type=\"widget\" data-widget_type=\"spacer.default\">\n\t\t\t\t<div class=\"elementor-widget-container\">\n\t\t\t\t\t\t\t<div class=\"elementor-spacer\">\n\t\t\t<div class=\"elementor-spacer-inner\"><\/div>\n\t\t<\/div>\n\t\t\t\t\t\t<\/div>\n\t\t\t\t<\/div>\n\t\t\t\t\t<\/div>\n\t\t<\/div>\n\t\t\t\t\t<\/div>\n\t\t<\/section>\n\t\t\t\t<\/div>\n\t\t","protected":false},"excerpt":{"rendered":"<p>La sur\u00e9l\u00e9vation \u00e0 Paris Rendre votre exp\u00e9rience des travaux accessible et paisible avec Second Souffle La n\u00e9cessit\u00e9 de sur\u00e9lever un immeuble dans les grandes agglom\u00e9rations tombe sous le sens. Cependant, celle-ci peut, dans les faits, s\u2019av\u00e9rer complexe \u00e0 mettre oeuvre, notamment lorsqu\u2019on est seul \u00e0 porter ce projet.\u00a0 La sur\u00e9l\u00e9vation \u00e0 Paris Paris est une [&hellip;]<\/p>\n","protected":false},"author":1,"featured_media":1699,"parent":0,"menu_order":0,"comment_status":"closed","ping_status":"closed","template":"elementor_header_footer","meta":{"_monsterinsights_skip_tracking":false,"_monsterinsights_sitenote_active":false,"_monsterinsights_sitenote_note":"","_monsterinsights_sitenote_category":0,"footnotes":""},"class_list":["post-1688","page","type-page","status-publish","has-post-thumbnail","hentry"],"aioseo_notices":[],"amp_enabled":false,"_links":{"self":[{"href":"https:\/\/secondsouffle.co\/index.php\/wp-json\/wp\/v2\/pages\/1688","targetHints":{"allow":["GET"]}}],"collection":[{"href":"https:\/\/secondsouffle.co\/index.php\/wp-json\/wp\/v2\/pages"}],"about":[{"href":"https:\/\/secondsouffle.co\/index.php\/wp-json\/wp\/v2\/types\/page"}],"author":[{"embeddable":true,"href":"https:\/\/secondsouffle.co\/index.php\/wp-json\/wp\/v2\/users\/1"}],"replies":[{"embeddable":true,"href":"https:\/\/secondsouffle.co\/index.php\/wp-json\/wp\/v2\/comments?post=1688"}],"version-history":[{"count":0,"href":"https:\/\/secondsouffle.co\/index.php\/wp-json\/wp\/v2\/pages\/1688\/revisions"}],"wp:featuredmedia":[{"embeddable":true,"href":"https:\/\/secondsouffle.co\/index.php\/wp-json\/wp\/v2\/media\/1699"}],"wp:attachment":[{"href":"https:\/\/secondsouffle.co\/index.php\/wp-json\/wp\/v2\/media?parent=1688"}],"curies":[{"name":"wp","href":"https:\/\/api.w.org\/{rel}","templated":true}]}}